{"id":31352,"date":"2026-08-07T17:59:22","date_gmt":"2026-08-07T15:59:22","guid":{"rendered":"https:\/\/povnomad.com\/gizlilik-politikasi\/"},"modified":"2026-08-07T17:59:22","modified_gmt":"2026-08-07T15:59:22","slug":"gizlilik-politikasi","status":"publish","type":"page","link":"https:\/\/povnomad.com\/tr\/gizlilik-politikasi\/","title":{"rendered":"Gizlilik Politikas\u0131"},"content":{"rendered":"\n<h2 class=\"wp-block-heading\"><strong>1. Veri korumas\u0131na genel bak\u0131\u015f<\/strong><\/h2>\n\n\n\n<p class=\"wp-block-paragraph\"><\/p>\n\n\n\n<h2 class=\"wp-block-heading\">Genel bilgiler<br><\/h2>\n\n\n\n<p class=\"wp-block-paragraph\">A\u015fa\u011f\u0131daki bilgiler, bu web sitesini ziyaret etti\u011finizde ki\u015fisel verilerinize ne oldu\u011funa dair basit bir genel bak\u0131\u015f sunar. Ki\u015fisel veriler, kimli\u011finizin belirlenmesini sa\u011flayan t\u00fcm verilerdir. Veri koruma konusunda ayr\u0131nt\u0131l\u0131 bilgileri, bu metnin alt\u0131nda yer alan gizlilik politikam\u0131zda bulabilirsiniz.<\/p>\n\n\n\n<p class=\"wp-block-paragraph\"><\/p>\n\n\n\n<h2 class=\"wp-block-heading\">Bu web sitesinde veri toplanmas\u0131<br><\/h2>\n\n\n\n<p class=\"wp-block-paragraph\"><strong>Bu web sitesindeki veri toplamadan kim sorumludur?<\/strong><\/p>\n\n\n\n<p class=\"wp-block-paragraph\">Bu web sitesindeki veri i\u015fleme, web sitesi i\u015fletmecisi taraf\u0131ndan ger\u00e7ekle\u015ftirilir. \u0130\u015fletmecinin ileti\u015fim bilgilerini bu gizlilik politikas\u0131ndaki \u201eVeri sorumlusuna ili\u015fkin bilgi&#8221; b\u00f6l\u00fcm\u00fcnde bulabilirsiniz.<\/p>\n\n\n\n<p class=\"wp-block-paragraph\"><strong>Verilerinizi nas\u0131l topluyoruz?<\/strong><\/p>\n\n\n\n<p class=\"wp-block-paragraph\">Verileriniz bir yandan bunlar\u0131 bize bildirmeniz yoluyla toplan\u0131r. Bu, \u00f6rne\u011fin bir ileti\u015fim formuna girdi\u011finiz veriler olabilir.<\/p>\n\n\n\n<p class=\"wp-block-paragraph\">Di\u011fer veriler, web sitesini ziyaretiniz s\u0131ras\u0131nda otomatik olarak veya a\u00e7\u0131k r\u0131zan\u0131z \u00fczerine BT sistemlerimiz taraf\u0131ndan toplan\u0131r. Bunlar \u00f6zellikle teknik verilerdir (\u00f6rn. internet taray\u0131c\u0131s\u0131, i\u015fletim sistemi veya sayfan\u0131n g\u00f6r\u00fcnt\u00fclenme saati). Bu verilerin toplanmas\u0131, bu web sitesine girdi\u011finiz anda otomatik olarak ger\u00e7ekle\u015fir.<\/p>\n\n\n\n<p class=\"wp-block-paragraph\"><strong>Verilerinizi ne ama\u00e7la kullan\u0131yoruz?<\/strong><\/p>\n\n\n\n<p class=\"wp-block-paragraph\">Verilerin bir k\u0131sm\u0131, web sitesinin hatas\u0131z sunulmas\u0131n\u0131 sa\u011flamak amac\u0131yla toplan\u0131r. Di\u011fer veriler, kullan\u0131c\u0131 davran\u0131\u015f\u0131n\u0131z\u0131n analizi i\u00e7in kullan\u0131labilir. Web sitesi \u00fczerinden s\u00f6zle\u015fme kurulabiliyor veya s\u00f6zle\u015fme g\u00f6r\u00fc\u015fmeleri ba\u015flat\u0131labiliyorsa, iletilen veriler s\u00f6zle\u015fme teklifleri, sipari\u015fler veya di\u011fer sipari\u015f talepleri i\u00e7in de i\u015flenir.<\/p>\n\n\n\n<p class=\"wp-block-paragraph\"><strong>Verilerinizle ilgili hangi haklara sahipsiniz?<\/strong><\/p>\n\n\n\n<p class=\"wp-block-paragraph\">Saklanan ki\u015fisel verilerinizin kayna\u011f\u0131, al\u0131c\u0131lar\u0131 ve amac\u0131 hakk\u0131nda her zaman \u00fccretsiz olarak bilgi<\/p>\n\n\n\n<p class=\"wp-block-paragraph\">alma hakk\u0131na sahipsiniz. Ayr\u0131ca bu verilerin d\u00fczeltilmesini veya silinmesini talep etme hakk\u0131n\u0131z vard\u0131r. Veri i\u015flemeye a\u00e7\u0131k r\u0131za verdiyseniz, bu r\u0131zay\u0131 gelece\u011fe etkili olacak \u015fekilde her zaman geri alabilirsiniz. Bunun d\u0131\u015f\u0131nda, belirli ko\u015fullar alt\u0131nda ki\u015fisel verilerinizin i\u015flenmesinin k\u0131s\u0131tlanmas\u0131n\u0131 talep etme hakk\u0131na sahipsiniz. Ayr\u0131ca yetkili denetim makam\u0131na \u015fik\u00e2yette bulunma hakk\u0131n\u0131z bulunmaktad\u0131r.<\/p>\n\n\n\n<p class=\"wp-block-paragraph\">Bu konuda ve veri koruma ile ilgili di\u011fer sorular\u0131n\u0131z i\u00e7in her zaman bize ba\u015fvurabilirsiniz.<\/p>\n\n\n\n<p class=\"wp-block-paragraph\"><strong>Analiz ara\u00e7lar\u0131 ve \u00fc\u00e7\u00fcnc\u00fc taraf ara\u00e7lar\u0131<\/strong><\/p>\n\n\n\n<p class=\"wp-block-paragraph\">Bu web sitesini ziyaretiniz s\u0131ras\u0131nda gezinme davran\u0131\u015f\u0131n\u0131z istatistiksel olarak de\u011ferlendirilebilir. Bu, \u00f6zellikle s\u00f6zde analiz programlar\u0131 ile ger\u00e7ekle\u015fir.<\/p>\n\n\n\n<p class=\"wp-block-paragraph\">Bu analiz programlar\u0131na ili\u015fkin ayr\u0131nt\u0131l\u0131 bilgileri a\u015fa\u011f\u0131daki gizlilik politikas\u0131nda bulabilirsiniz.<\/p>\n\n\n\n<p class=\"wp-block-paragraph\"><strong>2. Bar\u0131nd\u0131rma (Hosting)<\/strong><\/p>\n\n\n\n<p class=\"wp-block-paragraph\">Web sitemizin i\u00e7eriklerini a\u015fa\u011f\u0131daki sa\u011flay\u0131c\u0131da bar\u0131nd\u0131r\u0131yoruz:<\/p>\n\n\n\n<p class=\"wp-block-paragraph\"><strong>Harici bar\u0131nd\u0131rma<\/strong><\/p>\n\n\n\n<p class=\"wp-block-paragraph\">Bu web sitesi harici olarak bar\u0131nd\u0131r\u0131lmaktad\u0131r. Bu web sitesinde toplanan ki\u015fisel veriler, bar\u0131nd\u0131rma sa\u011flay\u0131c\u0131s\u0131n\u0131n\/sa\u011flay\u0131c\u0131lar\u0131n\u0131n sunucular\u0131nda saklan\u0131r. Bunlar \u00f6zellikle IP adresleri, ileti\u015fim talepleri, meta ve ileti\u015fim verileri, s\u00f6zle\u015fme verileri, ileti\u015fim bilgileri, isimler, web sitesi eri\u015fimleri ve bir web sitesi \u00fczerinden olu\u015fturulan di\u011fer veriler olabilir.<\/p>\n\n\n\n<p class=\"wp-block-paragraph\">Harici bar\u0131nd\u0131rma, potansiyel ve mevcut m\u00fc\u015fterilerimize kar\u015f\u0131 s\u00f6zle\u015fmenin ifas\u0131 amac\u0131yla (GDPR md. 6\/1-b) ve profesyonel bir sa\u011flay\u0131c\u0131 arac\u0131l\u0131\u011f\u0131yla \u00e7evrim i\u00e7i hizmetimizin g\u00fcvenli, h\u0131zl\u0131 ve verimli bi\u00e7imde sunulmas\u0131na y\u00f6nelik menfaatimiz do\u011frultusunda (GDPR md. 6\/1-f) ger\u00e7ekle\u015ftirilir. \u0130lgili bir a\u00e7\u0131k r\u0131za al\u0131nm\u0131\u015fsa, i\u015fleme yaln\u0131zca GDPR md. 6\/1-a ve TDDDG md. 25\/1 uyar\u0131nca ger\u00e7ekle\u015ftirilir; bu, a\u00e7\u0131k r\u0131zan\u0131n TDDDG anlam\u0131nda \u00e7erezlerin saklanmas\u0131n\u0131 veya kullan\u0131c\u0131n\u0131n u\u00e7 cihaz\u0131ndaki bilgilere eri\u015fimi (\u00f6rn. cihaz parmak izi) kapsad\u0131\u011f\u0131 \u00f6l\u00e7\u00fcde ge\u00e7erlidir. A\u00e7\u0131k r\u0131za her zaman geri al\u0131nabilir.<\/p>\n\n\n\n<p class=\"wp-block-paragraph\">Bar\u0131nd\u0131rma sa\u011flay\u0131c\u0131m\u0131z\/sa\u011flay\u0131c\u0131lar\u0131m\u0131z verilerinizi yaln\u0131zca edim y\u00fck\u00fcml\u00fcl\u00fcklerinin yerine getirilmesi i\u00e7in gerekli oldu\u011fu \u00f6l\u00e7\u00fcde i\u015fleyecek ve bu verilerle ilgili talimatlar\u0131m\u0131za uyacakt\u0131r.<\/p>\n\n\n\n<p class=\"wp-block-paragraph\">A\u015fa\u011f\u0131daki bar\u0131nd\u0131rma sa\u011flay\u0131c\u0131s\u0131n\u0131\/sa\u011flay\u0131c\u0131lar\u0131n\u0131 kullan\u0131yoruz:<\/p>\n\n\n\n<p class=\"wp-block-paragraph\">HOSTINGER operations, UAB<\/p>\n\n\n\n<p class=\"wp-block-paragraph\">\u0160vitrigailos str. 34, Vilnius 03230 Lithuania<\/p>\n\n\n\n<p class=\"wp-block-paragraph\"><strong>Veri i\u015fleyen s\u0131fat\u0131yla i\u015fleme<\/strong><\/p>\n\n\n\n<p class=\"wp-block-paragraph\">Yukar\u0131da belirtilen hizmetin kullan\u0131m\u0131 i\u00e7in bir veri i\u015fleme s\u00f6zle\u015fmesi (AVV) akdettik. Bu, veri koruma hukuku uyar\u0131nca zorunlu olan ve ilgili taraf\u0131n web sitesi ziyaret\u00e7ilerimizin ki\u015fisel verilerini yaln\u0131zca talimatlar\u0131m\u0131z do\u011frultusunda ve GDPR&#8217;ye uygun olarak i\u015flemesini g\u00fcvence alt\u0131na alan bir s\u00f6zle\u015fmedir.<\/p>\n\n\n\n<p class=\"wp-block-paragraph\"><strong>3. Genel bilgiler ve zorunlu a\u00e7\u0131klamalar<\/strong><\/p>\n\n\n\n<p class=\"wp-block-paragraph\"><strong>Veri koruma<\/strong><\/p>\n\n\n\n<p class=\"wp-block-paragraph\">Bu sayfalar\u0131n i\u015fletmecileri, ki\u015fisel verilerinizin korunmas\u0131n\u0131 \u00e7ok ciddiye almaktad\u0131r. Ki\u015fisel verilerinizi gizli tutar ve yasal veri koruma d\u00fczenlemelerine ve bu gizlilik politikas\u0131na uygun olarak i\u015fleriz.<\/p>\n\n\n\n<p class=\"wp-block-paragraph\">Bu web sitesini kulland\u0131\u011f\u0131n\u0131zda \u00e7e\u015fitli ki\u015fisel veriler toplan\u0131r.<\/p>\n\n\n\n<p class=\"wp-block-paragraph\">Ki\u015fisel veriler, kimli\u011finizin belirlenmesini sa\u011flayan verilerdir. \u0130\u015fbu gizlilik politikas\u0131, hangi verileri toplad\u0131\u011f\u0131m\u0131z\u0131 ve bunlar\u0131 ne i\u00e7in kulland\u0131\u011f\u0131m\u0131z\u0131 a\u00e7\u0131klar. Ayr\u0131ca bunun nas\u0131l ve hangi ama\u00e7la ger\u00e7ekle\u015fti\u011fini de a\u00e7\u0131klar.<\/p>\n\n\n\n<p class=\"wp-block-paragraph\">\u0130nternet \u00fczerinden veri aktar\u0131m\u0131n\u0131n (\u00f6rn. e-posta ile ileti\u015fimde) g\u00fcvenlik a\u00e7\u0131klar\u0131 i\u00e7erebilece\u011fini belirtmek isteriz. Verilerin \u00fc\u00e7\u00fcnc\u00fc ki\u015filerin eri\u015fimine kar\u015f\u0131 eksiksiz bi\u00e7imde korunmas\u0131 m\u00fcmk\u00fcn de\u011fildir.<\/p>\n\n\n\n<p class=\"wp-block-paragraph\"><strong>Veri sorumlusuna ili\u015fkin bilgi<\/strong><\/p>\n\n\n\n<p class=\"wp-block-paragraph\">Bu web sitesindeki veri i\u015flemeden sorumlu veri sorumlusu:<\/p>\n\n\n\n<p class=\"wp-block-paragraph\">Daniel Fraidych<\/p>\n\n\n\n<p class=\"wp-block-paragraph\">Rudolf-Wilhelm-Str. 76<\/p>\n\n\n\n<p class=\"wp-block-paragraph\">66131 Saarbr\u00fccken<\/p>\n\n\n\n<p class=\"wp-block-paragraph\">Telefon: +49160 5741177<\/p>\n\n\n\n<p class=\"wp-block-paragraph\">E-posta: service@povnomad.com<\/p>\n\n\n\n<p class=\"wp-block-paragraph\">Veri sorumlusu, ki\u015fisel verilerin (\u00f6rn. isim, e-posta adresi vb.) i\u015flenmesinin ama\u00e7lar\u0131n\u0131 ve ara\u00e7lar\u0131n\u0131 tek ba\u015f\u0131na veya ba\u015fkalar\u0131yla birlikte belirleyen ger\u00e7ek veya t\u00fczel ki\u015fidir.<\/p>\n\n\n\n<p class=\"wp-block-paragraph\"><strong>Saklama s\u00fcresi<\/strong><\/p>\n\n\n\n<p class=\"wp-block-paragraph\">Bu gizlilik politikas\u0131 i\u00e7inde daha \u00f6zel bir saklama s\u00fcresi belirtilmedi\u011fi s\u00fcrece, ki\u015fisel verileriniz veri i\u015fleme amac\u0131 ortadan kalkana kadar bizde kal\u0131r. Hakl\u0131 bir silme talebinde bulunman\u0131z veya veri i\u015flemeye ili\u015fkin a\u00e7\u0131k r\u0131zan\u0131z\u0131 geri alman\u0131z h\u00e2linde, ki\u015fisel verilerinizin saklanmas\u0131 i\u00e7in hukuken kabul edilebilir ba\u015fka bir gerek\u00e7emiz yoksa (\u00f6rn. vergi hukuku veya ticaret hukuku kaynakl\u0131 saklama s\u00fcreleri) verileriniz silinir; son durumda silme, bu gerek\u00e7elerin ortadan kalkmas\u0131n\u0131n ard\u0131ndan ger\u00e7ekle\u015fir.<\/p>\n\n\n\n<p class=\"wp-block-paragraph\"><strong>Bu web sitesindeki veri i\u015flemenin hukuki dayanaklar\u0131na ili\u015fkin genel<\/strong><\/p>\n\n\n\n<p class=\"wp-block-paragraph\"><strong>bilgiler<\/strong><\/p>\n\n\n\n<p class=\"wp-block-paragraph\">Veri i\u015flemeye a\u00e7\u0131k r\u0131za verdiyseniz, ki\u015fisel verilerinizi GDPR md. 6\/1-a uyar\u0131nca, GDPR md. 9\/1 kapsam\u0131ndaki \u00f6zel nitelikli veri kategorileri i\u015fleniyorsa GDPR md. 9\/2-a uyar\u0131nca i\u015fleriz. Ki\u015fisel verilerin \u00fc\u00e7\u00fcnc\u00fc \u00fclkelere aktar\u0131lmas\u0131na a\u00e7\u0131k\u00e7a r\u0131za g\u00f6sterilmesi h\u00e2linde, veri i\u015fleme ayr\u0131ca GDPR md. 49\/1-a uyar\u0131nca ger\u00e7ekle\u015fir. \u00c7erezlerin saklanmas\u0131na veya u\u00e7 cihaz\u0131n\u0131zdaki bilgilere eri\u015fime (\u00f6rn. cihaz parmak izi yoluyla) r\u0131za g\u00f6sterdiyseniz, veri i\u015fleme ek olarak TDDDG md. 25\/1 uyar\u0131nca ger\u00e7ekle\u015fir. A\u00e7\u0131k r\u0131za her zaman geri al\u0131nabilir. Verileriniz s\u00f6zle\u015fmenin ifas\u0131 veya s\u00f6zle\u015fme \u00f6ncesi tedbirlerin uygulanmas\u0131 i\u00e7in gerekliyse, verilerinizi GDPR md. 6\/1-b uyar\u0131nca i\u015fleriz. Ayr\u0131ca, verileriniz hukuki bir y\u00fck\u00fcml\u00fcl\u00fc\u011f\u00fcn yerine getirilmesi i\u00e7in gerekliyse bunlar\u0131 GDPR md. 6\/1-c uyar\u0131nca i\u015fleriz.<\/p>\n\n\n\n<p class=\"wp-block-paragraph\">Veri i\u015fleme ayr\u0131ca GDPR md. 6\/1-f uyar\u0131nca me\u015fru menfaatimize dayanarak da ger\u00e7ekle\u015febilir. Her bir somut olayda ge\u00e7erli olan hukuki dayanaklar hakk\u0131nda bu gizlilik politikas\u0131n\u0131n a\u015fa\u011f\u0131daki b\u00f6l\u00fcmlerinde bilgi verilmektedir.<\/p>\n\n\n\n<p class=\"wp-block-paragraph\"><strong>Ki\u015fisel verilerin al\u0131c\u0131lar\u0131<\/strong><\/p>\n\n\n\n<p class=\"wp-block-paragraph\">Ticari faaliyetimiz kapsam\u0131nda \u00e7e\u015fitli harici taraflarla i\u015f birli\u011fi yap\u0131yoruz. Bu kapsamda k\u0131smen ki\u015fisel verilerin bu harici taraflara aktar\u0131lmas\u0131 da gerekmektedir. Ki\u015fisel verileri harici taraflara yaln\u0131zca bir s\u00f6zle\u015fmenin ifas\u0131 kapsam\u0131nda gerekliyse, buna hukuken zorunlu oldu\u011fumuzda (\u00f6rn. verilerin vergi dairelerine iletilmesi), aktar\u0131m konusunda GDPR md. 6\/1-f uyar\u0131nca me\u015fru bir menfaatimiz bulundu\u011funda veya ba\u015fka bir hukuki dayanak veri aktar\u0131m\u0131na izin verdi\u011finde aktar\u0131r\u0131z. Veri<\/p>\n\n\n\n<p class=\"wp-block-paragraph\">i\u015fleyenlerin kullan\u0131lmas\u0131 h\u00e2linde, m\u00fc\u015fterilerimizin ki\u015fisel verilerini yaln\u0131zca ge\u00e7erli bir veri i\u015fleme s\u00f6zle\u015fmesine dayanarak aktar\u0131r\u0131z. Ortak i\u015fleme s\u00f6z konusu oldu\u011funda, ortak i\u015flemeye ili\u015fkin bir s\u00f6zle\u015fme akdedilir.<\/p>\n\n\n\n<p class=\"wp-block-paragraph\"><strong>Veri i\u015flemeye ili\u015fkin a\u00e7\u0131k r\u0131zan\u0131z\u0131n geri al\u0131nmas\u0131<\/strong><\/p>\n\n\n\n<p class=\"wp-block-paragraph\">Bir\u00e7ok veri i\u015fleme s\u00fcreci yaln\u0131zca a\u00e7\u0131k r\u0131zan\u0131zla m\u00fcmk\u00fcnd\u00fcr. Daha \u00f6nce verdi\u011finiz bir a\u00e7\u0131k r\u0131zay\u0131 her zaman geri alabilirsiniz. Geri almaya kadar ger\u00e7ekle\u015fen veri i\u015flemenin hukuka uygunlu\u011fu, geri almadan etkilenmez.<\/p>\n\n\n\n<p class=\"wp-block-paragraph\"><strong>\u00d6zel durumlarda veri toplanmas\u0131na ve do\u011frudan pazarlamaya itiraz hakk\u0131 (GDPR md. 21)<\/strong><\/p>\n\n\n\n<p class=\"wp-block-paragraph\">VER\u0130 \u0130\u015eLEME GDPR MD. 6\/1-E VEYA F UYARINCA<\/p>\n\n\n\n<p class=\"wp-block-paragraph\">GER\u00c7EKLE\u015e\u0130YORSA, \u00d6ZEL DURUMUNUZDAN KAYNAKLANAN NEDENLERLE, K\u0130\u015e\u0130SEL<\/p>\n\n\n\n<p class=\"wp-block-paragraph\">VER\u0130LER\u0130N\u0130Z\u0130N \u0130\u015eLENMES\u0130NE HER ZAMAN \u0130T\u0130RAZ ETME<\/p>\n\n\n\n<p class=\"wp-block-paragraph\">HAKKINA SAH\u0130PS\u0130N\u0130Z; BU, S\u00d6Z KONUSU H\u00dcK\u00dcMLERE DAYANAN<\/p>\n\n\n\n<p class=\"wp-block-paragraph\">PROF\u0130LLEME \u0130\u00c7\u0130N DE GE\u00c7ERL\u0130D\u0130R. B\u0130R \u0130\u015eLEMEN\u0130N DAYANDI\u011eI \u0130LG\u0130L\u0130 HUKUK\u0130 DAYANA\u011eI,<\/p>\n\n\n\n<p class=\"wp-block-paragraph\">BU G\u0130ZL\u0130L\u0130K POL\u0130T\u0130KASINDAN \u00d6\u011eRENEB\u0130L\u0130RS\u0130N\u0130Z. \u0130T\u0130RAZ ETMEN\u0130Z H\u00c2L\u0130NDE,<\/p>\n\n\n\n<p class=\"wp-block-paragraph\">\u0130LG\u0130L\u0130 K\u0130\u015e\u0130SEL VER\u0130LER\u0130N\u0130Z\u0130 ARTIK \u0130\u015eLEMEYECE\u011e\u0130Z; ANCAK<\/p>\n\n\n\n<p class=\"wp-block-paragraph\">MENFAATLER\u0130N\u0130ZDEN, HAKLARINIZDAN VE \u00d6ZG\u00dcRL\u00dcKLER\u0130N\u0130ZDEN \u00dcST\u00dcN GELEN ZORUNLU VE KORUNMAYA DE\u011eER<\/p>\n\n\n\n<p class=\"wp-block-paragraph\">NEDENLER ORTAYA KOYAB\u0130L\u0130RSEK VEYA \u0130\u015eLEME HUKUK\u0130 TALEPLER\u0130N \u0130LER\u0130 S\u00dcR\u00dcLMES\u0130NE, KULLANILMASINA YA DA SAVUNULMASINA H\u0130ZMET ED\u0130YORSA DURUM FARKLIDIR (GDPR MD. 21\/1 UYARINCA \u0130T\u0130RAZ).<\/p>\n\n\n\n<p class=\"wp-block-paragraph\">K\u0130\u015e\u0130SEL VER\u0130LER\u0130N\u0130Z DO\u011eRUDAN PAZARLAMA AMACIYLA \u0130\u015eLEN\u0130YORSA,<\/p>\n\n\n\n<p class=\"wp-block-paragraph\">BU T\u00dcR REKLAM AMACIYLA S\u0130ZE \u0130L\u0130\u015eK\u0130N K\u0130\u015e\u0130SEL VER\u0130LER\u0130N \u0130\u015eLENMES\u0130NE<\/p>\n\n\n\n<p class=\"wp-block-paragraph\">HER ZAMAN \u0130T\u0130RAZ ETME HAKKINA<\/p>\n\n\n\n<p class=\"wp-block-paragraph\">SAH\u0130PS\u0130N\u0130Z; BU, S\u00d6Z KONUSU DO\u011eRUDAN PAZARLAMAYLA BA\u011eLANTILI OLDU\u011eU \u00d6L\u00c7\u00dcDE<\/p>\n\n\n\n<p class=\"wp-block-paragraph\">PROF\u0130LLEME \u0130\u00c7\u0130N DE GE\u00c7ERL\u0130D\u0130R. \u0130T\u0130RAZ ETMEN\u0130Z H\u00c2L\u0130NDE, K\u0130\u015e\u0130SEL VER\u0130LER\u0130N\u0130Z<\/p>\n\n\n\n<p class=\"wp-block-paragraph\">BUNDAN SONRA ARTIK DO\u011eRUDAN PAZARLAMA AMACIYLA KULLANILMAYACAKTIR (GDPR MD. 21\/2 UYARINCA \u0130T\u0130RAZ).<\/p>\n\n\n\n<p class=\"wp-block-paragraph\"><strong>Yetkili denetim makam\u0131na \u015fik\u00e2yet hakk\u0131<\/strong><\/p>\n\n\n\n<p class=\"wp-block-paragraph\">GDPR&#8217;ye ayk\u0131r\u0131l\u0131k h\u00e2llerinde ilgili ki\u015filerin bir denetim makam\u0131na, \u00f6zellikle mutat meskeninin,<\/p>\n\n\n\n<p class=\"wp-block-paragraph\">i\u015f yerinin veya iddia edilen ihlalin ger\u00e7ekle\u015fti\u011fi yerin bulundu\u011fu \u00fcye devlette \u015fik\u00e2yette bulunma hakk\u0131 vard\u0131r. \u015eik\u00e2yet hakk\u0131, di\u011fer idari veya yarg\u0131sal ba\u015fvuru yollar\u0131na halel getirmez.<\/p>\n\n\n\n<p class=\"wp-block-paragraph\"><strong>Veri ta\u015f\u0131nabilirli\u011fi hakk\u0131<\/strong><\/p>\n\n\n\n<p class=\"wp-block-paragraph\">A\u00e7\u0131k r\u0131zan\u0131za dayanarak veya bir s\u00f6zle\u015fmenin ifas\u0131 kapsam\u0131nda otomatik olarak i\u015fledi\u011fimiz verilerin size ya da bir \u00fc\u00e7\u00fcnc\u00fc ki\u015fiye yayg\u0131n, makine taraf\u0131ndan okunabilir bir formatta teslim edilmesini talep etme hakk\u0131na sahipsiniz. Verilerin do\u011frudan ba\u015fka bir veri sorumlusuna aktar\u0131lmas\u0131n\u0131 talep etmeniz h\u00e2linde, bu yaln\u0131zca teknik olarak m\u00fcmk\u00fcn oldu\u011fu \u00f6l\u00e7\u00fcde ger\u00e7ekle\u015ftirilir.<\/p>\n\n\n\n<p class=\"wp-block-paragraph\"><strong>Bilgi edinme, d\u00fczeltme ve silme<\/strong><\/p>\n\n\n\n<p class=\"wp-block-paragraph\">Y\u00fcr\u00fcrl\u00fckteki yasal h\u00fck\u00fcmler \u00e7er\u00e7evesinde, saklanan ki\u015fisel verileriniz, bunlar\u0131n kayna\u011f\u0131 ve al\u0131c\u0131lar\u0131 ile veri i\u015flemenin amac\u0131 hakk\u0131nda her zaman \u00fccretsiz olarak<\/p>\n\n\n\n<p class=\"wp-block-paragraph\">bilgi alma ve gerekti\u011finde bu verilerin d\u00fczeltilmesini veya silinmesini talep etme hakk\u0131na sahipsiniz. Bu konuda ve ki\u015fisel veriler ile ilgili di\u011fer sorular\u0131n\u0131z i\u00e7in her zaman bize ba\u015fvurabilirsiniz.<\/p>\n\n\n\n<p class=\"wp-block-paragraph\"><strong>\u0130\u015flemenin k\u0131s\u0131tlanmas\u0131n\u0131 talep hakk\u0131<\/strong><\/p>\n\n\n\n<p class=\"wp-block-paragraph\">Ki\u015fisel verilerinizin i\u015flenmesinin k\u0131s\u0131tlanmas\u0131n\u0131 talep etme hakk\u0131na sahipsiniz. Bunun i\u00e7in her zaman bize ba\u015fvurabilirsiniz. \u0130\u015flemenin k\u0131s\u0131tlanmas\u0131 hakk\u0131 a\u015fa\u011f\u0131daki h\u00e2llerde mevcuttur:<\/p>\n\n\n\n<p class=\"wp-block-paragraph\">Bizde saklanan ki\u015fisel verilerinizin do\u011frulu\u011funa itiraz etmeniz h\u00e2linde, bunu kontrol etmek i\u00e7in genellikle<\/p>\n\n\n\n<p class=\"wp-block-paragraph\">zamana ihtiyac\u0131m\u0131z olur. \u0130nceleme s\u00fcresi boyunca ki\u015fisel verilerinizin i\u015flenmesinin k\u0131s\u0131tlanmas\u0131n\u0131 talep etme hakk\u0131na sahipsiniz.<\/p>\n\n\n\n<p class=\"wp-block-paragraph\">Ki\u015fisel verilerinizin i\u015flenmesi hukuka ayk\u0131r\u0131 olarak ger\u00e7ekle\u015ftiyse\/ger\u00e7ekle\u015fiyorsa, silme yerine veri i\u015flemenin k\u0131s\u0131tlanmas\u0131n\u0131 talep edebilirsiniz.<\/p>\n\n\n\n<p class=\"wp-block-paragraph\">Ki\u015fisel verilerinize art\u0131k ihtiyac\u0131m\u0131z kalmad\u0131ysa, ancak siz bunlara hukuki taleplerin kullan\u0131lmas\u0131,<\/p>\n\n\n\n<p class=\"wp-block-paragraph\">savunulmas\u0131 veya ileri s\u00fcr\u00fclmesi i\u00e7in ihtiya\u00e7 duyuyorsan\u0131z, silme yerine ki\u015fisel verilerinizin i\u015flenmesinin k\u0131s\u0131tlanmas\u0131n\u0131 talep etme hakk\u0131na sahipsiniz.<\/p>\n\n\n\n<p class=\"wp-block-paragraph\">GDPR md. 21\/1 uyar\u0131nca itirazda bulunduysan\u0131z, sizin ve bizim menfaatlerimiz aras\u0131nda bir denge de\u011ferlendirmesi yap\u0131lmas\u0131 gerekir. Hangi taraf\u0131n menfaatinin \u00fcst\u00fcn geldi\u011fi hen\u00fcz belirlenmemi\u015f oldu\u011fu s\u00fcrece, ki\u015fisel verilerinizin i\u015flenmesinin k\u0131s\u0131tlanmas\u0131n\u0131 talep etme hakk\u0131na sahipsiniz.<\/p>\n\n\n\n<p class=\"wp-block-paragraph\">Ki\u015fisel verilerinizin i\u015flenmesini k\u0131s\u0131tlatt\u0131ysan\u0131z, bu veriler \u2013 saklanmalar\u0131 d\u0131\u015f\u0131nda \u2013 yaln\u0131zca a\u00e7\u0131k r\u0131zan\u0131zla ya da hukuki taleplerin ileri s\u00fcr\u00fclmesi, kullan\u0131lmas\u0131 veya savunulmas\u0131 amac\u0131yla veya ba\u015fka bir ger\u00e7ek ya da t\u00fczel ki\u015finin haklar\u0131n\u0131n korunmas\u0131 amac\u0131yla veya Avrupa Birli\u011fi&#8217;nin ya da bir \u00fcye devletin \u00f6nemli bir kamu yarar\u0131 gerek\u00e7esiyle i\u015flenebilir.<\/p>\n\n\n\n<p class=\"wp-block-paragraph\"><strong>SSL veya TLS \u015fifrelemesi<\/strong><\/p>\n\n\n\n<p class=\"wp-block-paragraph\">Bu sayfa, g\u00fcvenlik nedeniyle ve bize sayfa i\u015fletmecisi olarak g\u00f6nderdi\u011finiz sipari\u015fler veya talepler gibi gizli<\/p>\n\n\n\n<p class=\"wp-block-paragraph\">i\u00e7eriklerin aktar\u0131m\u0131n\u0131 korumak amac\u0131yla bir SSL veya TLS<\/p>\n\n\n\n<p class=\"wp-block-paragraph\">\u015fifrelemesi kullan\u0131r. \u015eifreli bir ba\u011flant\u0131y\u0131, taray\u0131c\u0131n\u0131n adres sat\u0131r\u0131n\u0131n<\/p>\n\n\n\n<p class=\"wp-block-paragraph\">\u201e<a href=\"http:\/\/xn--hvg\/\">http:\/\/&#8221;<\/a>&nbsp;adresinden \u201e<a href=\"https:\/\/xn--hvg\/\">https:\/\/&#8221;<\/a>&nbsp;adresine ge\u00e7mesinden ve taray\u0131c\u0131 sat\u0131r\u0131n\u0131zdaki kilit simgesinden anlayabilirsiniz.<\/p>\n\n\n\n<p class=\"wp-block-paragraph\">SSL veya TLS \u015fifrelemesi etkinle\u015ftirildi\u011finde, bize iletti\u011finiz veriler \u00fc\u00e7\u00fcnc\u00fc ki\u015filer taraf\u0131ndan okunamaz.<\/p>\n\n\n\n<p class=\"wp-block-paragraph\"><strong>Reklam e-postalar\u0131na itiraz<\/strong><\/p>\n\n\n\n<p class=\"wp-block-paragraph\">K\u00fcnye y\u00fck\u00fcml\u00fcl\u00fc\u011f\u00fc kapsam\u0131nda yay\u0131mlanan ileti\u015fim bilgilerinin, a\u00e7\u0131k\u00e7a talep edilmemi\u015f reklam ve bilgilendirme materyallerinin g\u00f6nderilmesi amac\u0131yla kullan\u0131lmas\u0131na i\u015fbu belge ile itiraz edilmektedir. Sayfalar\u0131n i\u015fletmecileri, \u00f6rne\u011fin spam e-postalar yoluyla talep edilmemi\u015f reklam bilgilerinin g\u00f6nderilmesi h\u00e2linde yasal yollara ba\u015fvurma hakk\u0131n\u0131 a\u00e7\u0131k\u00e7a sakl\u0131 tutar.<\/p>\n\n\n\n<p class=\"wp-block-paragraph\"><strong>4. Bu web sitesinde veri toplanmas\u0131<\/strong><\/p>\n\n\n\n<p class=\"wp-block-paragraph\"><strong>\u00c7erezler<\/strong><\/p>\n\n\n\n<p class=\"wp-block-paragraph\">\u0130nternet sayfalar\u0131m\u0131z s\u00f6zde \u201e\u00e7erezler&#8221; kullan\u0131r. \u00c7erezler k\u00fc\u00e7\u00fck veri paketleridir ve<\/p>\n\n\n\n<p class=\"wp-block-paragraph\">u\u00e7 cihaz\u0131n\u0131zda herhangi bir zarara yol a\u00e7maz. Bunlar ya bir oturum s\u00fcresince ge\u00e7ici olarak (oturum \u00e7erezleri) ya da kal\u0131c\u0131 olarak (kal\u0131c\u0131 \u00e7erezler) u\u00e7 cihaz\u0131n\u0131zda saklan\u0131r. Oturum \u00e7erezleri, ziyaretinizin sona ermesinin ard\u0131ndan otomatik olarak silinir. Kal\u0131c\u0131 \u00e7erezler, siz bunlar\u0131 kendiniz silene veya web taray\u0131c\u0131n\u0131z taraf\u0131ndan otomatik olarak silinene kadar u\u00e7 cihaz\u0131n\u0131zda sakl\u0131 kal\u0131r.<\/p>\n\n\n\n<p class=\"wp-block-paragraph\">\u00c7erezler bizden (birinci taraf \u00e7erezleri) veya \u00fc\u00e7\u00fcnc\u00fc \u015firketlerden kaynaklanabilir (s\u00f6zde \u00fc\u00e7\u00fcnc\u00fc taraf<\/p>\n\n\n\n<p class=\"wp-block-paragraph\">\u00e7erezleri). \u00dc\u00e7\u00fcnc\u00fc taraf \u00e7erezleri, \u00fc\u00e7\u00fcnc\u00fc \u015firketlerin belirli hizmetlerinin web sayfalar\u0131 i\u00e7inde<\/p>\n\n\n\n<p class=\"wp-block-paragraph\">entegre edilmesini m\u00fcmk\u00fcn k\u0131lar (\u00f6rn. \u00f6deme hizmetlerinin y\u00fcr\u00fct\u00fclmesine y\u00f6nelik \u00e7erezler).<\/p>\n\n\n\n<p class=\"wp-block-paragraph\">\u00c7erezlerin farkl\u0131 i\u015flevleri vard\u0131r. Bir\u00e7ok \u00e7erez teknik olarak zorunludur, \u00e7\u00fcnk\u00fc belirli web sitesi i\u015flevleri bunlar olmadan \u00e7al\u0131\u015fmaz (\u00f6rn. al\u0131\u015fveri\u015f sepeti i\u015flevi veya videolar\u0131n g\u00f6sterilmesi). Di\u011fer \u00e7erezler, kullan\u0131c\u0131 davran\u0131\u015f\u0131n\u0131n de\u011ferlendirilmesi veya reklam ama\u00e7lar\u0131 i\u00e7in kullan\u0131labilir.<\/p>\n\n\n\n<p class=\"wp-block-paragraph\">Elektronik ileti\u015fim s\u00fcrecinin y\u00fcr\u00fct\u00fclmesi, taraf\u0131n\u0131zca talep edilen belirli i\u015flevlerin sa\u011flanmas\u0131 (\u00f6rn. al\u0131\u015fveri\u015f sepeti i\u015flevi i\u00e7in) veya web sitesinin optimize edilmesi (\u00f6rn. web kitlesinin \u00f6l\u00e7\u00fclmesine y\u00f6nelik \u00e7erezler) i\u00e7in<\/p>\n\n\n\n<p class=\"wp-block-paragraph\">gerekli olan \u00e7erezler (zorunlu \u00e7erezler), ba\u015fka bir hukuki dayanak belirtilmedi\u011fi s\u00fcrece GDPR md. 6\/1-f uyar\u0131nca saklan\u0131r. Web sitesi i\u015fletmecisinin, hizmetlerinin teknik olarak hatas\u0131z ve optimize bi\u00e7imde sunulmas\u0131 amac\u0131yla zorunlu \u00e7erezlerin saklanmas\u0131nda me\u015fru bir menfaati vard\u0131r. \u00c7erezlerin ve benzeri tan\u0131ma teknolojilerinin<\/p>\n\n\n\n<p class=\"wp-block-paragraph\">saklanmas\u0131na ili\u015fkin bir a\u00e7\u0131k r\u0131za al\u0131nm\u0131\u015fsa, i\u015fleme yaln\u0131zca bu a\u00e7\u0131k r\u0131zaya dayanarak ger\u00e7ekle\u015ftirilir (GDPR md. 6\/1-a ve TDDDG md. 25\/1); a\u00e7\u0131k r\u0131za her zaman geri al\u0131nabilir.<\/p>\n\n\n\n<p class=\"wp-block-paragraph\">Taray\u0131c\u0131n\u0131z\u0131, \u00e7erezlerin yerle\u015ftirilmesi hakk\u0131nda bilgilendirilece\u011finiz ve<\/p>\n\n\n\n<p class=\"wp-block-paragraph\">\u00e7erezlere yaln\u0131zca tek tek izin verece\u011finiz, \u00e7erezlerin kabul\u00fcn\u00fc belirli durumlar i\u00e7in veya genel olarak devre d\u0131\u015f\u0131 b\u0131rakaca\u011f\u0131n\u0131z<\/p>\n\n\n\n<p class=\"wp-block-paragraph\">ve taray\u0131c\u0131 kapat\u0131ld\u0131\u011f\u0131nda \u00e7erezlerin otomatik olarak silinmesini etkinle\u015ftirece\u011finiz \u015fekilde ayarlayabilirsiniz. \u00c7erezlerin devre d\u0131\u015f\u0131 b\u0131rak\u0131lmas\u0131 h\u00e2linde bu web sitesinin i\u015flevselli\u011fi k\u0131s\u0131tlanabilir.<\/p>\n\n\n\n<p class=\"wp-block-paragraph\">Bu web sitesinde hangi \u00e7erezlerin ve hizmetlerin kullan\u0131ld\u0131\u011f\u0131n\u0131 bu gizlilik politikas\u0131ndan \u00f6\u011frenebilirsiniz.<\/p>\n\n\n\n<p class=\"wp-block-paragraph\">\u00c7erez kullan\u0131m\u0131n\u0131 kabul etmek, reddetmek veya \u00f6zelle\u015ftirmek i\u00e7in Real Cookie Banner kullan\u0131yoruz.<\/p>\n\n\n\n<p class=\"wp-block-paragraph\"><strong>Sunucu g\u00fcnl\u00fck dosyalar\u0131<\/strong><\/p>\n\n\n\n<p class=\"wp-block-paragraph\">Sayfalar\u0131n sa\u011flay\u0131c\u0131s\u0131, taray\u0131c\u0131n\u0131z\u0131n otomatik olarak bize iletti\u011fi bilgileri s\u00f6zde sunucu g\u00fcnl\u00fck dosyalar\u0131nda otomatik olarak toplar ve saklar. Bunlar \u015funlard\u0131r:<\/p>\n\n\n\n<p class=\"wp-block-paragraph\">Taray\u0131c\u0131 t\u00fcr\u00fc ve taray\u0131c\u0131 s\u00fcr\u00fcm\u00fc, kullan\u0131lan i\u015fletim sistemi<\/p>\n\n\n\n<p class=\"wp-block-paragraph\">Y\u00f6nlendiren URL<\/p>\n\n\n\n<p class=\"wp-block-paragraph\">Eri\u015fen bilgisayar\u0131n ana bilgisayar ad\u0131<\/p>\n\n\n\n<p class=\"wp-block-paragraph\">Sunucu sorgusunun saati, IP adresi<\/p>\n\n\n\n<p class=\"wp-block-paragraph\">Bu verilerin ba\u015fka veri kaynaklar\u0131yla birle\u015ftirilmesi yap\u0131lmamaktad\u0131r.<\/p>\n\n\n\n<p class=\"wp-block-paragraph\">Bu verilerin toplanmas\u0131 GDPR md. 6\/1-f uyar\u0131nca ger\u00e7ekle\u015fir. Web sitesi i\u015fletmecisinin, web sitesinin teknik olarak hatas\u0131z g\u00f6sterimi ve optimize edilmesi konusunda me\u015fru bir menfaati vard\u0131r \u2013 bunun i\u00e7in sunucu g\u00fcnl\u00fck dosyalar\u0131n\u0131n toplanmas\u0131 gerekir.<\/p>\n\n\n\n<p class=\"wp-block-paragraph\"><strong>\u0130leti\u015fim formu<\/strong><\/p>\n\n\n\n<p class=\"wp-block-paragraph\">Bize ileti\u015fim formu \u00fczerinden talep iletti\u011finizde, talep formundaki bilgileriniz,<\/p>\n\n\n\n<p class=\"wp-block-paragraph\">orada belirtti\u011finiz ileti\u015fim bilgileri d\u00e2hil olmak \u00fczere, talebin i\u015flenmesi<\/p>\n\n\n\n<p class=\"wp-block-paragraph\">ve devam\u0131nda ortaya \u00e7\u0131kabilecek sorular i\u00e7in bizde saklan\u0131r. Bu verileri a\u00e7\u0131k r\u0131zan\u0131z olmadan aktarmay\u0131z.<\/p>\n\n\n\n<p class=\"wp-block-paragraph\">Bu verilerin i\u015flenmesi, talebiniz bir s\u00f6zle\u015fmenin ifas\u0131yla ba\u011flant\u0131l\u0131ysa veya s\u00f6zle\u015fme \u00f6ncesi tedbirlerin uygulanmas\u0131 i\u00e7in gerekliyse GDPR md. 6\/1-b uyar\u0131nca ger\u00e7ekle\u015fir. Di\u011fer t\u00fcm h\u00e2llerde i\u015fleme, bize y\u00f6neltilen taleplerin etkin bi\u00e7imde<\/p>\n\n\n\n<p class=\"wp-block-paragraph\">i\u015flenmesine y\u00f6nelik me\u015fru menfaatimize (GDPR md. 6\/1-f) veya talep edilmi\u015f olmas\u0131 h\u00e2linde a\u00e7\u0131k r\u0131zan\u0131za (GDPR md. 6\/1-a) dayan\u0131r; a\u00e7\u0131k r\u0131za her zaman geri al\u0131nabilir.<\/p>\n\n\n\n<p class=\"wp-block-paragraph\">\u0130leti\u015fim formuna girdi\u011finiz veriler, bizden silmemizi talep edene, saklamaya ili\u015fkin a\u00e7\u0131k r\u0131zan\u0131z\u0131 geri alana veya veri saklama amac\u0131 ortadan kalkana kadar bizde kal\u0131r<\/p>\n\n\n\n<p class=\"wp-block-paragraph\">(\u00f6rn. talebinizin i\u015flenmesi tamamland\u0131ktan sonra). Emredici yasal h\u00fck\u00fcmler \u2013 \u00f6zellikle saklama s\u00fcreleri \u2013 sakl\u0131d\u0131r.<\/p>\n\n\n\n<p class=\"wp-block-paragraph\"><strong>E-posta, telefon veya faks yoluyla talep<\/strong><\/p>\n\n\n\n<p class=\"wp-block-paragraph\">Bizimle e-posta, telefon veya faks yoluyla ileti\u015fime ge\u00e7ti\u011finizde, talebiniz ve bundan do\u011fan t\u00fcm ki\u015fisel veriler (ad, talep) konunuzun i\u015flenmesi amac\u0131yla bizde saklan\u0131r ve i\u015flenir. Bu verileri a\u00e7\u0131k r\u0131zan\u0131z olmadan aktarmay\u0131z.<\/p>\n\n\n\n<p class=\"wp-block-paragraph\">Bu verilerin i\u015flenmesi, talebiniz bir s\u00f6zle\u015fmenin ifas\u0131yla ba\u011flant\u0131l\u0131ysa veya s\u00f6zle\u015fme \u00f6ncesi tedbirlerin uygulanmas\u0131 i\u00e7in gerekliyse GDPR md. 6\/1-b uyar\u0131nca ger\u00e7ekle\u015fir. Di\u011fer t\u00fcm h\u00e2llerde i\u015fleme, bize y\u00f6neltilen taleplerin etkin bi\u00e7imde i\u015flenmesine y\u00f6nelik me\u015fru menfaatimize (GDPR md. 6\/1-f) veya talep edilmi\u015f olmas\u0131 h\u00e2linde a\u00e7\u0131k r\u0131zan\u0131za (GDPR md. 6\/1-a) dayan\u0131r; a\u00e7\u0131k r\u0131za her zaman geri al\u0131nabilir.<\/p>\n\n\n\n<p class=\"wp-block-paragraph\">\u0130leti\u015fim talepleri yoluyla bize g\u00f6nderdi\u011finiz veriler, bizden silmemizi talep edene, saklamaya ili\u015fkin a\u00e7\u0131k r\u0131zan\u0131z\u0131 geri alana veya veri saklama amac\u0131 ortadan kalkana kadar bizde kal\u0131r<\/p>\n\n\n\n<p class=\"wp-block-paragraph\">(\u00f6rn. konunuzun i\u015flenmesi tamamland\u0131ktan sonra). Emredici yasal h\u00fck\u00fcmler \u2013 \u00f6zellikle yasal saklama s\u00fcreleri \u2013 sakl\u0131d\u0131r.<\/p>\n\n\n\n<p class=\"wp-block-paragraph\">\u00c7evrim i\u00e7i ma\u011fazam\u0131zdaki bir sipari\u015f kapsam\u0131nda belirtti\u011finiz ki\u015fisel verileri (\u00f6rn. ad, fatura adresi, teslimat adresi, e-posta adresi, \u00f6deme verileri) i\u015fleriz. \u0130\u015fleme, s\u00f6zle\u015fmenin ifas\u0131 amac\u0131yla GDPR md. 6\/1-b uyar\u0131nca ger\u00e7ekle\u015fir. Bu verileri yasal saklama s\u00fcrelerinin dolmas\u0131na kadar saklar\u0131z.<\/p>\n\n\n\n<p class=\"wp-block-paragraph\">Ma\u011fazam\u0131zdaki \u00f6demeler Stripe veya PayPal gibi \u00f6deme hizmeti sa\u011flay\u0131c\u0131lar\u0131 \u00fczerinden y\u00fcr\u00fct\u00fcl\u00fcr. Bu kapsamda \u00f6deme bilgileri (\u00f6rn. kredi kart\u0131 verileri, ad, fatura adresi, e-posta adresi) ilgili sa\u011flay\u0131c\u0131ya iletilir. \u0130\u015fleme yaln\u0131zca \u00f6demenin ger\u00e7ekle\u015ftirilmesi amac\u0131yla yap\u0131l\u0131r (GDPR md. 6\/1-b, s\u00f6zle\u015fmenin ifas\u0131). Daha fazla bilgi: Stripe: <a href=\"https:\/\/stripe.com\/de\/privacy\">https:\/\/stripe.com\/de\/privacy<\/a> \u00b7 PayPal: <a>https:\/\/www.paypal.com\/de\/webapps\/mpp\/ua\/privacy-full<\/a><\/p>\n\n\n\n<p class=\"wp-block-paragraph\">Bir eSIM&#8217;in etkinle\u015ftirilmesi kapsam\u0131nda, u\u00e7 cihaz\u0131n\u0131z\u0131n teknik verileri (\u00f6rn. cihaz kimli\u011fi veya IMEI) ilgili telekom\u00fcnikasyon sa\u011flay\u0131c\u0131s\u0131na iletilebilir. Bu aktar\u0131m yaln\u0131zca eSIM&#8217;in sa\u011flanmas\u0131 ve kullan\u0131lmas\u0131 amac\u0131yla ger\u00e7ekle\u015fir ve teknik olarak ilgili \u015febeke operat\u00f6r\u00fcn\u00fcn sorumlulu\u011fundad\u0131r. S\u00f6zle\u015fmenin ifas\u0131 i\u00e7in gerekli olmad\u0131\u011f\u0131 s\u00fcrece ki\u015fisel verileri \u00fc\u00e7\u00fcnc\u00fc ki\u015filere aktarmay\u0131z.<\/p>\n\n\n\n<p class=\"wp-block-paragraph\"><strong>5. Sosyal medya<\/strong><\/p>\n\n\n\n<p class=\"wp-block-paragraph\"><strong>Facebook<\/strong><\/p>\n\n\n\n<p class=\"wp-block-paragraph\">Bu web sitesinde Facebook sosyal a\u011f\u0131n\u0131n \u00f6\u011feleri entegre edilmi\u015ftir. Bu hizmetin sa\u011flay\u0131c\u0131s\u0131 Meta Platforms Ireland Limited, Merrion Road, Dublin 4, D04 X2K5, \u0130rlanda&#8217;d\u0131r. Ancak Facebook&#8217;un beyan\u0131na g\u00f6re toplanan veriler ABD&#8217;ye ve di\u011fer \u00fc\u00e7\u00fcnc\u00fc \u00fclkelere de aktar\u0131lmaktad\u0131r.<\/p>\n\n\n\n<p class=\"wp-block-paragraph\">Facebook sosyal medya \u00f6\u011felerine ili\u015fkin bir genel bak\u0131\u015f\u0131 burada bulabilirsiniz:&nbsp;<a href=\"https:\/\/developers.facebook.com\/docs\/plugins\/?locale=de_DE\">https:\/\/developers.facebook.com\/docs\/plugins\/?locale=de_DE<\/a>.<\/p>\n\n\n\n<p class=\"wp-block-paragraph\">Sosyal medya \u00f6\u011fesi etkin oldu\u011funda, u\u00e7 cihaz\u0131n\u0131z ile<\/p>\n\n\n\n<p class=\"wp-block-paragraph\">Facebook sunucusu aras\u0131nda do\u011frudan bir ba\u011flant\u0131 kurulur. B\u00f6ylece Facebook, IP adresinizle bu web sitesini ziyaret etti\u011finiz bilgisini edinir. Facebook hesab\u0131n\u0131zda oturum a\u00e7m\u0131\u015fken Facebook \u201eBe\u011fen d\u00fc\u011fmesi&#8221;ne t\u0131klarsan\u0131z, bu web sitesinin i\u00e7eriklerini Facebook profilinizde ba\u011flant\u0131layabilirsiniz. B\u00f6ylece Facebook, bu web sitesine yapt\u0131\u011f\u0131n\u0131z ziyareti kullan\u0131c\u0131 hesab\u0131n\u0131zla ili\u015fkilendirebilir. Sayfalar\u0131n sa\u011flay\u0131c\u0131s\u0131 olarak iletilen verilerin i\u00e7eri\u011fi ve bunlar\u0131n Facebook taraf\u0131ndan kullan\u0131m\u0131 hakk\u0131nda bilgi sahibi olmad\u0131\u011f\u0131m\u0131z\u0131 belirtmek isteriz. Bu konuda daha fazla bilgiyi Facebook&#8217;un gizlilik politikas\u0131nda bulabilirsiniz:&nbsp;<a href=\"https:\/\/de-de.facebook.com\/privacy\/explanation\">https:\/\/de-de.facebook.com\/privacy\/explanation<\/a>.<\/p>\n\n\n\n<p class=\"wp-block-paragraph\">Bu hizmetin kullan\u0131m\u0131, GDPR md. 6\/1-a ve TDDDG md. 25\/1 uyar\u0131nca a\u00e7\u0131k r\u0131zan\u0131za dayanmaktad\u0131r. A\u00e7\u0131k r\u0131za her zaman geri al\u0131nabilir.<\/p>\n\n\n\n<p class=\"wp-block-paragraph\">Burada a\u00e7\u0131klanan ara\u00e7 yard\u0131m\u0131yla web sitemizde ki\u015fisel veriler toplan\u0131p<\/p>\n\n\n\n<p class=\"wp-block-paragraph\">Facebook&#8217;a iletildi\u011fi \u00f6l\u00e7\u00fcde, biz ve Meta Platforms Ireland Limited, 4 Grand Canal Square,<\/p>\n\n\n\n<p class=\"wp-block-paragraph\">Grand Canal Harbour, Dublin 2, \u0130rlanda bu veri i\u015flemeden m\u00fc\u015ftereken sorumluyuz (GDPR<\/p>\n\n\n\n<p class=\"wp-block-paragraph\">md. 26). Ortak sorumluluk yaln\u0131zca verilerin toplanmas\u0131 ve<\/p>\n\n\n\n<p class=\"wp-block-paragraph\">bunlar\u0131n Facebook&#8217;a aktar\u0131lmas\u0131yla s\u0131n\u0131rl\u0131d\u0131r. Aktar\u0131m\u0131n ard\u0131ndan Facebook taraf\u0131ndan ger\u00e7ekle\u015ftirilen i\u015fleme, ortak sorumlulu\u011fun par\u00e7as\u0131 de\u011fildir. M\u00fc\u015ftereken \u00fcstlendi\u011fimiz y\u00fck\u00fcml\u00fcl\u00fckler<\/p>\n\n\n\n<p class=\"wp-block-paragraph\">ortak i\u015flemeye ili\u015fkin bir s\u00f6zle\u015fmede kay\u0131t alt\u0131na al\u0131nm\u0131\u015ft\u0131r. S\u00f6zle\u015fmenin metnini \u015fu adreste bulabilirsiniz:<\/p>\n\n\n\n<p class=\"wp-block-paragraph\"><a href=\"https:\/\/www.facebook.com\/legal\/controller_addendum\">https:\/\/www.facebook.com\/legal\/controller_addendum<\/a>. Bu s\u00f6zle\u015fmeye g\u00f6re, Facebook arac\u0131n\u0131n kullan\u0131m\u0131nda veri koruma bilgilerinin sa\u011flanmas\u0131ndan ve arac\u0131n web sitemizde veri koruma hukuku a\u00e7\u0131s\u0131ndan g\u00fcvenli bi\u00e7imde uygulanmas\u0131ndan biz sorumluyuz. Facebook \u00fcr\u00fcnlerinin veri g\u00fcvenli\u011finden Facebook sorumludur. Facebook&#8217;ta i\u015flenen verilere ili\u015fkin ilgili ki\u015finin haklar\u0131 (\u00f6rn. bilgi edinme talepleri) do\u011frudan Facebook nezdinde ileri s\u00fcr\u00fclebilir. E\u011fer<\/p>\n\n\n\n<p class=\"wp-block-paragraph\">ilgili ki\u015finin haklar\u0131n\u0131 bizim nezdimizde ileri s\u00fcrerseniz, bunlar\u0131 Facebook&#8217;a iletmekle y\u00fck\u00fcml\u00fcy\u00fcz.<\/p>\n\n\n\n<p class=\"wp-block-paragraph\">ABD&#8217;ye veri aktar\u0131m\u0131, AB Komisyonu&#8217;nun standart s\u00f6zle\u015fme h\u00fck\u00fcmlerine dayand\u0131r\u0131lmaktad\u0131r.<\/p>\n\n\n\n<p class=\"wp-block-paragraph\">Ayr\u0131nt\u0131lar\u0131 burada bulabilirsiniz:<\/p>\n\n\n\n<p class=\"wp-block-paragraph\"><a href=\"https:\/\/www.facebook.com\/legal\/EU_data_transfer_addendum\">https:\/\/www.facebook.com\/legal\/EU_data_transfer_addendum<\/a>,&nbsp;<a href=\"https:\/\/de-de.facebook.com\/help\/566994660333381\">https:\/\/de-de.facebook.com\/help\/566994660333381<\/a>&nbsp;ve&nbsp;<a href=\"https:\/\/www.facebook.com\/policy.php\">https:\/\/www.facebook.com\/policy.php<\/a>.<\/p>\n\n\n\n<p class=\"wp-block-paragraph\">\u015eirket, \u201eEU-US Data Privacy Framework&#8221; (DPF) kapsam\u0131nda bir sertifikaya sahiptir. DPF, Avrupa Birli\u011fi ile ABD aras\u0131nda, ABD&#8217;deki veri i\u015flemelerde Avrupa veri koruma standartlar\u0131na uyulmas\u0131n\u0131 g\u00fcvence alt\u0131na almay\u0131 ama\u00e7layan bir d\u00fczenlemedir. DPF kapsam\u0131nda sertifikaland\u0131r\u0131lan her \u015firket, bu veri koruma standartlar\u0131na uymay\u0131 taahh\u00fct eder. Bu konuda daha fazla bilgiyi sa\u011flay\u0131c\u0131dan \u015fu ba\u011flant\u0131 \u00fczerinden edinebilirsiniz:&nbsp;<a href=\"https:\/\/www.dataprivacyframework.gov\/participant\/4452\">https:\/\/www.dataprivacyframework.gov\/participant\/4452<\/a>.<\/p>\n\n\n\n<p class=\"wp-block-paragraph\"><strong>Instagram<\/strong><\/p>\n\n\n\n<p class=\"wp-block-paragraph\">Bu web sitesinde Instagram hizmetinin i\u015flevleri entegre edilmi\u015ftir. Bu i\u015flevler Meta Platforms Ireland Limited, Merrion Road, Dublin 4, D04 X2K5, \u0130rlanda taraf\u0131ndan sunulmaktad\u0131r.<\/p>\n\n\n\n<p class=\"wp-block-paragraph\">Sosyal medya \u00f6\u011fesi etkin oldu\u011funda, u\u00e7 cihaz\u0131n\u0131z ile<\/p>\n\n\n\n<p class=\"wp-block-paragraph\">Instagram sunucusu aras\u0131nda do\u011frudan bir ba\u011flant\u0131 kurulur. B\u00f6ylece Instagram, bu web sitesini ziyaret etti\u011finiz<\/p>\n\n\n\n<p class=\"wp-block-paragraph\">bilgisini edinir.<\/p>\n\n\n\n<p class=\"wp-block-paragraph\">Instagram hesab\u0131n\u0131zda oturum a\u00e7m\u0131\u015fsan\u0131z, Instagram d\u00fc\u011fmesine t\u0131klayarak bu web sitesinin i\u00e7eriklerini Instagram profilinizle ba\u011flant\u0131layabilirsiniz. B\u00f6ylece Instagram, bu web sitesine yapt\u0131\u011f\u0131n\u0131z ziyareti kullan\u0131c\u0131 hesab\u0131n\u0131zla ili\u015fkilendirebilir. Sayfalar\u0131n sa\u011flay\u0131c\u0131s\u0131 olarak iletilen verilerin i\u00e7eri\u011fi ve bunlar\u0131n Instagram taraf\u0131ndan kullan\u0131m\u0131 hakk\u0131nda bilgi sahibi olmad\u0131\u011f\u0131m\u0131z\u0131 belirtmek isteriz.<\/p>\n\n\n\n<p class=\"wp-block-paragraph\">Bu hizmetin kullan\u0131m\u0131, GDPR md. 6\/1-a ve TDDDG md. 25\/1 uyar\u0131nca a\u00e7\u0131k r\u0131zan\u0131za dayanmaktad\u0131r. A\u00e7\u0131k r\u0131za her zaman geri al\u0131nabilir.<\/p>\n\n\n\n<p class=\"wp-block-paragraph\">Burada a\u00e7\u0131klanan ara\u00e7 yard\u0131m\u0131yla web sitemizde ki\u015fisel veriler toplan\u0131p<\/p>\n\n\n\n<p class=\"wp-block-paragraph\">Facebook veya Instagram&#8217;a iletildi\u011fi \u00f6l\u00e7\u00fcde, biz ve Meta Platforms Ireland Limited, 4 Grand Canal Square, Grand Canal Harbour, Dublin 2, \u0130rlanda bu veri i\u015flemeden m\u00fc\u015ftereken sorumluyuz (GDPR md. 26). Ortak sorumluluk yaln\u0131zca verilerin toplanmas\u0131 ve bunlar\u0131n Facebook veya Instagram&#8217;a aktar\u0131lmas\u0131yla s\u0131n\u0131rl\u0131d\u0131r. Aktar\u0131m\u0131n ard\u0131ndan Facebook veya Instagram taraf\u0131ndan ger\u00e7ekle\u015ftirilen i\u015fleme, ortak sorumlulu\u011fun par\u00e7as\u0131 de\u011fildir. M\u00fc\u015ftereken \u00fcstlendi\u011fimiz y\u00fck\u00fcml\u00fcl\u00fckler ortak i\u015flemeye ili\u015fkin bir s\u00f6zle\u015fmede kay\u0131t alt\u0131na al\u0131nm\u0131\u015ft\u0131r. S\u00f6zle\u015fmenin metnini \u015fu adreste bulabilirsiniz:&nbsp;<a href=\"https:\/\/www.facebook.com\/legal\/controller_addendum\">https:\/\/www.facebook.com\/legal\/controller_addendum<\/a>. Bu s\u00f6zle\u015fmeye g\u00f6re, Facebook veya Instagram arac\u0131n\u0131n kullan\u0131m\u0131nda veri koruma bilgilerinin sa\u011flanmas\u0131ndan ve arac\u0131n web sitemizde<\/p>\n\n\n\n<p class=\"wp-block-paragraph\">veri koruma hukuku a\u00e7\u0131s\u0131ndan g\u00fcvenli bi\u00e7imde uygulanmas\u0131ndan biz sorumluyuz. Facebook veya Instagram \u00fcr\u00fcnlerinin veri g\u00fcvenli\u011finden Facebook sorumludur. Facebook veya Instagram&#8217;da i\u015flenen verilere ili\u015fkin ilgili ki\u015finin haklar\u0131 (\u00f6rn. bilgi edinme talepleri) do\u011frudan Facebook nezdinde ileri s\u00fcr\u00fclebilir. \u0130lgili ki\u015finin haklar\u0131n\u0131 bizim nezdimizde ileri s\u00fcrmeniz h\u00e2linde, bunlar\u0131 Facebook&#8217;a iletmekle y\u00fck\u00fcml\u00fcy\u00fcz.<\/p>\n\n\n\n<p class=\"wp-block-paragraph\">ABD&#8217;ye veri aktar\u0131m\u0131, AB Komisyonu&#8217;nun standart s\u00f6zle\u015fme h\u00fck\u00fcmlerine dayand\u0131r\u0131lmaktad\u0131r.<\/p>\n\n\n\n<p class=\"wp-block-paragraph\">Ayr\u0131nt\u0131lar\u0131 burada bulabilirsiniz:<\/p>\n\n\n\n<p class=\"wp-block-paragraph\"><a href=\"https:\/\/www.facebook.com\/legal\/EU_data_transfer_addendum,\">https:\/\/www.facebook.com\/legal\/EU_data_transfer_addendum,<\/a><\/p>\n\n\n\n<p class=\"wp-block-paragraph\"><a href=\"https:\/\/privacycenter.instagram.com\/policy\/\">https:\/\/privacycenter.instagram.com\/policy\/<\/a>&nbsp;ve&nbsp;<a href=\"https:\/\/de-de.facebook.com\/help\/566994660333381\">https:\/\/de-de.facebook.com\/help\/566994660333381<\/a>.<\/p>\n\n\n\n<p class=\"wp-block-paragraph\">Bu konuda daha fazla bilgiyi Instagram&#8217;\u0131n gizlilik politikas\u0131nda bulabilirsiniz:&nbsp;<a href=\"https:\/\/privacycenter.instagram.com\/policy\/\">https:\/\/privacycenter.instagram.com\/policy\/<\/a>.<\/p>\n\n\n\n<p class=\"wp-block-paragraph\">\u015eirket, \u201eEU-US Data Privacy Framework&#8221; (DPF) kapsam\u0131nda bir sertifikaya sahiptir. DPF, Avrupa Birli\u011fi ile ABD aras\u0131nda, ABD&#8217;deki veri i\u015flemelerde Avrupa veri koruma standartlar\u0131na uyulmas\u0131n\u0131 g\u00fcvence alt\u0131na almay\u0131 ama\u00e7layan bir d\u00fczenlemedir. DPF kapsam\u0131nda sertifikaland\u0131r\u0131lan her \u015firket, bu veri koruma standartlar\u0131na uymay\u0131 taahh\u00fct eder. Bu konuda daha fazla bilgiyi sa\u011flay\u0131c\u0131dan \u015fu ba\u011flant\u0131 \u00fczerinden edinebilirsiniz:<\/p>\n\n\n\n<p class=\"wp-block-paragraph\"><a href=\"https:\/\/www.dataprivacyframework.gov\/participant\/4452.\">https:\/\/www.dataprivacyframework.gov\/participant\/4452.<\/a><\/p>\n\n\n\n<p class=\"wp-block-paragraph\"><strong>6. Haber b\u00fclteni<\/strong><\/p>\n\n\n\n<p class=\"wp-block-paragraph\"><strong>Haber b\u00fclteni verileri<\/strong><\/p>\n\n\n\n<p class=\"wp-block-paragraph\">Web sitesinde sunulan haber b\u00fcltenini almak isterseniz, sizden bir e-posta adresi ile belirtilen e-posta adresinin sahibi oldu\u011funuzu ve haber b\u00fcltenini almay\u0131 kabul etti\u011finizi do\u011frulamam\u0131za olanak tan\u0131yan bilgilere ihtiyac\u0131m\u0131z vard\u0131r. Ba\u015fka veriler toplanmaz veya yaln\u0131zca g\u00f6n\u00fcll\u00fcl\u00fck esas\u0131na g\u00f6re toplan\u0131r. Bu verileri yaln\u0131zca talep edilen bilgilerin g\u00f6nderilmesi i\u00e7in kullan\u0131r ve \u00fc\u00e7\u00fcnc\u00fc ki\u015filere aktarmay\u0131z.<\/p>\n\n\n\n<p class=\"wp-block-paragraph\">Haber b\u00fclteni kay\u0131t formuna girilen verilerin i\u015flenmesi yaln\u0131zca<\/p>\n\n\n\n<p class=\"wp-block-paragraph\">a\u00e7\u0131k r\u0131zan\u0131za dayanarak ger\u00e7ekle\u015fir (GDPR md. 6\/1-a). Verilerin,<\/p>\n\n\n\n<p class=\"wp-block-paragraph\">e-posta adresinin saklanmas\u0131na ve bunlar\u0131n haber b\u00fclteninin g\u00f6nderilmesi amac\u0131yla kullan\u0131lmas\u0131na ili\u015fkin verilen a\u00e7\u0131k r\u0131zay\u0131, \u00f6rne\u011fin haber b\u00fcltenindeki \u201eAbonelikten \u00e7\u0131k&#8221; ba\u011flant\u0131s\u0131 \u00fczerinden her zaman geri alabilirsiniz. Halihaz\u0131rda ger\u00e7ekle\u015fmi\u015f veri i\u015fleme s\u00fcre\u00e7lerinin hukuka uygunlu\u011fu, geri almadan etkilenmez.<\/p>\n\n\n\n<p class=\"wp-block-paragraph\">Haber b\u00fclteni aboneli\u011fi amac\u0131yla bizde kay\u0131tl\u0131 olan verileriniz, haber b\u00fclteni aboneli\u011finizden<\/p>\n\n\n\n<p class=\"wp-block-paragraph\">\u00e7\u0131k\u0131\u015f\u0131n\u0131za kadar bizde veya haber b\u00fclteni hizmet sa\u011flay\u0131c\u0131s\u0131nda saklan\u0131r ve haber b\u00fclteni aboneli\u011finin iptalinin ard\u0131ndan veya amac\u0131n ortadan kalkmas\u0131ndan sonra haber b\u00fclteni da\u011f\u0131t\u0131m listesinden silinir. E-posta adreslerini, GDPR md. 6\/1-f uyar\u0131nca me\u015fru menfaatimiz \u00e7er\u00e7evesinde kendi takdirimize g\u00f6re haber b\u00fclteni da\u011f\u0131t\u0131m listemizden silme veya engelleme hakk\u0131n\u0131 sakl\u0131 tutar\u0131z.<\/p>\n\n\n\n<p class=\"wp-block-paragraph\">Ba\u015fka ama\u00e7larla bizde saklanan veriler bundan etkilenmez.<\/p>\n\n\n\n<p class=\"wp-block-paragraph\">Haber b\u00fclteni da\u011f\u0131t\u0131m listesinden \u00e7\u0131k\u0131\u015f\u0131n\u0131z\u0131n ard\u0131ndan e-posta adresiniz, gelecekteki g\u00f6nderimlerin \u00f6nlenmesi i\u00e7in gerekli oldu\u011fu \u00f6l\u00e7\u00fcde bizde veya<\/p>\n\n\n\n<p class=\"wp-block-paragraph\">haber b\u00fclteni hizmet sa\u011flay\u0131c\u0131s\u0131nda bir kara listede saklanabilir. Kara listedeki veriler yaln\u0131zca bu ama\u00e7la kullan\u0131l\u0131r ve ba\u015fka verilerle birle\u015ftirilmez. Bu, hem sizin menfaatinize hem de haber b\u00fcltenlerinin g\u00f6nderiminde yasal gerekliliklere uyulmas\u0131na y\u00f6nelik menfaatimize hizmet eder (GDPR md. 6\/1-f anlam\u0131nda me\u015fru menfaat). Kara listedeki saklama s\u00fcresi zaman bak\u0131m\u0131ndan s\u0131n\u0131rl\u0131 de\u011fildir.&nbsp;<strong>Menfaatleriniz bizim me\u015fru menfaatimizden \u00fcst\u00fcn geldi\u011fi takdirde saklamaya itiraz edebilirsiniz.<\/strong><\/p>\n\n\n\n<p class=\"wp-block-paragraph\">Bunun \u00f6tesinde, bir mal veya hizmetin sat\u0131\u015f\u0131 ile ba\u011flant\u0131l\u0131 olarak elde etti\u011fimiz e-posta adresinizi, kendi benzer \u00fcr\u00fcnlerimize y\u00f6nelik do\u011frudan pazarlama i\u00e7in de kullan\u0131r\u0131z (UWG md. 7\/3 ile birlikte GDPR md. 6\/1-f). Bu kullan\u0131ma, temel tarifelere g\u00f6re iletim maliyetleri d\u0131\u015f\u0131nda bir masraf do\u011fmaks\u0131z\u0131n her zaman itiraz edebilirsiniz. Buna ili\u015fkin bir bilgilendirmeyi her e-postada bulabilirsiniz. \u0130tiraz, herhangi bir \u015fekle ba\u011fl\u0131 olmaks\u0131z\u0131n service@povnomad.com adresine iletilebilir.<\/p>\n\n\n\n<p class=\"wp-block-paragraph\"><strong>7. Eklentiler ve ara\u00e7lar<\/strong><\/p>\n\n\n\n<p class=\"wp-block-paragraph\"><strong>Geli\u015fmi\u015f veri koruma modunda YouTube<\/strong><\/p>\n\n\n\n<p class=\"wp-block-paragraph\">Bu web sitesi, YouTube web sitesinin videolar\u0131n\u0131 g\u00f6m\u00fcl\u00fc olarak sunar. Web sitesinin i\u015fletmecisi Google Ireland Limited (\u201eGoogle&#8221;), Gordon House, Barrow Street, Dublin 4, \u0130rlanda&#8217;d\u0131r.<\/p>\n\n\n\n<p class=\"wp-block-paragraph\">YouTube&#8217;un g\u00f6m\u00fcl\u00fc oldu\u011fu bu web sitesini ziyaret etti\u011finizde, YouTube sunucular\u0131yla bir ba\u011flant\u0131 kurulur. Bu s\u0131rada YouTube sunucusuna, sayfalar\u0131m\u0131zdan hangisini ziyaret etti\u011finiz bildirilir. YouTube hesab\u0131n\u0131zda oturum a\u00e7m\u0131\u015fsan\u0131z, YouTube&#8217;un<\/p>\n\n\n\n<p class=\"wp-block-paragraph\">gezinme davran\u0131\u015f\u0131n\u0131z\u0131 do\u011frudan ki\u015fisel profilinizle ili\u015fkilendirmesine olanak tan\u0131rs\u0131n\u0131z. Bunu, YouTube hesab\u0131n\u0131zdan \u00e7\u0131k\u0131\u015f yaparak engelleyebilirsiniz.<\/p>\n\n\n\n<p class=\"wp-block-paragraph\">YouTube&#8217;u geli\u015fmi\u015f veri koruma modunda kullan\u0131yoruz. YouTube&#8217;un beyan\u0131na g\u00f6re, geli\u015fmi\u015f veri koruma modunda oynat\u0131lan videolar YouTube&#8217;daki gezinmenin ki\u015fiselle\u015ftirilmesi i\u00e7in kullan\u0131lmaz. Geli\u015fmi\u015f veri koruma modunda g\u00f6sterilen reklamlar da ki\u015fiselle\u015ftirilmemi\u015ftir. Geli\u015fmi\u015f veri koruma modunda \u00e7erez yerle\u015ftirilmez. Bunun yerine, kullan\u0131c\u0131n\u0131n taray\u0131c\u0131s\u0131nda s\u00f6zde Local Storage \u00f6\u011feleri saklan\u0131r; bunlar \u00e7erezlere benzer \u015fekilde ki\u015fisel veriler i\u00e7erir ve yeniden tan\u0131ma amac\u0131yla kullan\u0131labilir. Geli\u015fmi\u015f veri koruma moduna ili\u015fkin ayr\u0131nt\u0131lar\u0131 burada bulabilirsiniz:&nbsp;<a href=\"https:\/\/support.google.com\/youtube\/answer\/171780\">https:\/\/support.google.com\/youtube\/answer\/171780<\/a>.<\/p>\n\n\n\n<p class=\"wp-block-paragraph\">Bir YouTube videosunun etkinle\u015ftirilmesinin ard\u0131ndan, \u00fczerinde etkimiz olmayan ba\u015fka veri i\u015fleme s\u00fcre\u00e7leri tetiklenebilir.<\/p>\n\n\n\n<p class=\"wp-block-paragraph\">YouTube&#8217;un kullan\u0131m\u0131, \u00e7evrim i\u00e7i hizmetlerimizin \u00e7ekici bi\u00e7imde sunulmas\u0131na y\u00f6nelik menfaatimiz do\u011frultusunda ger\u00e7ekle\u015fir.<\/p>\n\n\n\n<p class=\"wp-block-paragraph\">Bu, GDPR md. 6\/1-f anlam\u0131nda me\u015fru bir menfaat te\u015fkil eder. \u0130lgili bir<\/p>\n\n\n\n<p class=\"wp-block-paragraph\">a\u00e7\u0131k r\u0131za al\u0131nm\u0131\u015fsa, i\u015fleme yaln\u0131zca GDPR md. 6\/1-a<\/p>\n\n\n\n<p class=\"wp-block-paragraph\">ve TDDDG md. 25\/1 uyar\u0131nca ger\u00e7ekle\u015ftirilir; bu, a\u00e7\u0131k r\u0131zan\u0131n TDDDG anlam\u0131nda \u00e7erezlerin saklanmas\u0131n\u0131 veya kullan\u0131c\u0131n\u0131n u\u00e7 cihaz\u0131ndaki bilgilere eri\u015fimi (\u00f6rn. cihaz parmak izi) kapsad\u0131\u011f\u0131 \u00f6l\u00e7\u00fcde ge\u00e7erlidir. A\u00e7\u0131k r\u0131za her zaman geri al\u0131nabilir.<\/p>\n\n\n\n<p class=\"wp-block-paragraph\">YouTube&#8217;daki veri koruma hakk\u0131nda daha fazla bilgiyi onlar\u0131n gizlilik politikas\u0131nda bulabilirsiniz:&nbsp;<a href=\"https:\/\/policies.google.com\/privacy?hl=de\">https:\/\/policies.google.com\/privacy?hl=de<\/a>.<\/p>\n\n\n\n<p class=\"wp-block-paragraph\">\u015eirket, \u201eEU-US Data Privacy Framework&#8221; (DPF) kapsam\u0131nda bir sertifikaya sahiptir. DPF, Avrupa Birli\u011fi ile ABD aras\u0131nda, ABD&#8217;deki veri i\u015flemelerde Avrupa veri koruma standartlar\u0131na uyulmas\u0131n\u0131 g\u00fcvence alt\u0131na almay\u0131 ama\u00e7layan bir d\u00fczenlemedir. DPF kapsam\u0131nda sertifikaland\u0131r\u0131lan her \u015firket, bu veri koruma standartlar\u0131na uymay\u0131 taahh\u00fct eder. Bu konuda daha fazla bilgiyi sa\u011flay\u0131c\u0131dan \u015fu ba\u011flant\u0131 \u00fczerinden edinebilirsiniz:&nbsp;<a href=\"https:\/\/www.dataprivacyframework.gov\/participant\/5780\">https:\/\/www.dataprivacyframework.gov\/participant\/5780<\/a>.<\/p>\n\n\n\n<p class=\"wp-block-paragraph\"><strong>Google Fonts (yerel bar\u0131nd\u0131rma)<\/strong><\/p>\n\n\n\n<p class=\"wp-block-paragraph\">Bu sayfa, yaz\u0131 tiplerinin tek tip g\u00f6r\u00fcnt\u00fclenmesi i\u00e7in Google taraf\u0131ndan sa\u011flanan s\u00f6zde Google Fonts kullan\u0131r. Google Fonts yerel olarak kurulmu\u015ftur. Bu s\u0131rada Google sunucular\u0131yla bir ba\u011flant\u0131 kurulmaz.<\/p>\n\n\n\n<p class=\"wp-block-paragraph\">Google Fonts hakk\u0131nda daha fazla bilgiyi&nbsp;<a href=\"https:\/\/developers.google.com\/fonts\/faq\">https:\/\/developers.google.com\/fonts\/faq<\/a>&nbsp;adresinde ve Google&#8217;\u0131n gizlilik politikas\u0131nda bulabilirsiniz:&nbsp;<a href=\"https:\/\/policies.google.com\/privacy?hl=de\">https:\/\/policies.google.com\/privacy?hl=de<\/a>.<\/p>\n\n\n\n<p class=\"wp-block-paragraph\"><strong>Google Maps<\/strong><\/p>\n\n\n\n<p class=\"wp-block-paragraph\">Bu sayfa, Google Maps harita hizmetini kullan\u0131r. Sa\u011flay\u0131c\u0131 Google Ireland Limited (\u201eGoogle&#8221;), Gordon House, Barrow Street, Dublin 4, \u0130rlanda&#8217;d\u0131r. Bu hizmet yard\u0131m\u0131yla web sitemize harita materyali g\u00f6mebiliriz.<\/p>\n\n\n\n<p class=\"wp-block-paragraph\">Google Maps i\u015flevlerinin kullan\u0131labilmesi i\u00e7in IP adresinizin saklanmas\u0131 gereklidir. Bu<\/p>\n\n\n\n<p class=\"wp-block-paragraph\">bilgiler kural olarak Google&#8217;\u0131n ABD&#8217;deki bir sunucusuna aktar\u0131l\u0131r ve orada saklan\u0131r. Bu sayfan\u0131n sa\u011flay\u0131c\u0131s\u0131n\u0131n bu veri aktar\u0131m\u0131 \u00fczerinde etkisi yoktur. Google Maps etkinle\u015ftirildi\u011finde, Google yaz\u0131 tiplerinin tek tip g\u00f6r\u00fcnt\u00fclenmesi amac\u0131yla Google Fonts kullanabilir. Google Maps \u00e7a\u011fr\u0131ld\u0131\u011f\u0131nda taray\u0131c\u0131n\u0131z, metinleri ve yaz\u0131 tiplerini do\u011fru g\u00f6stermek i\u00e7in gerekli web yaz\u0131 tiplerini taray\u0131c\u0131 \u00f6nbelle\u011fine y\u00fckler.<\/p>\n\n\n\n<p class=\"wp-block-paragraph\">Google Maps&#8217;in kullan\u0131m\u0131, \u00e7evrim i\u00e7i hizmetlerimizin \u00e7ekici bi\u00e7imde sunulmas\u0131na ve web sitesinde belirtti\u011fimiz yerlerin kolay bulunabilmesine y\u00f6nelik menfaatimiz do\u011frultusunda ger\u00e7ekle\u015fir. Bu, GDPR md. 6\/1-f anlam\u0131nda me\u015fru bir menfaat te\u015fkil eder. \u0130lgili bir<\/p>\n\n\n\n<p class=\"wp-block-paragraph\">a\u00e7\u0131k r\u0131za al\u0131nm\u0131\u015fsa, i\u015fleme yaln\u0131zca GDPR md. 6\/1-a<\/p>\n\n\n\n<p class=\"wp-block-paragraph\">ve TDDDG md. 25\/1 uyar\u0131nca ger\u00e7ekle\u015ftirilir; bu, a\u00e7\u0131k r\u0131zan\u0131n TDDDG anlam\u0131nda \u00e7erezlerin saklanmas\u0131n\u0131 veya kullan\u0131c\u0131n\u0131n u\u00e7 cihaz\u0131ndaki bilgilere eri\u015fimi (\u00f6rn. cihaz parmak izi) kapsad\u0131\u011f\u0131 \u00f6l\u00e7\u00fcde ge\u00e7erlidir. A\u00e7\u0131k r\u0131za her zaman geri al\u0131nabilir.<\/p>\n\n\n\n<p class=\"wp-block-paragraph\">ABD&#8217;ye veri aktar\u0131m\u0131, AB Komisyonu&#8217;nun standart s\u00f6zle\u015fme h\u00fck\u00fcmlerine dayand\u0131r\u0131lmaktad\u0131r.<\/p>\n\n\n\n<p class=\"wp-block-paragraph\">Ayr\u0131nt\u0131lar\u0131 burada bulabilirsiniz:<\/p>\n\n\n\n<p class=\"wp-block-paragraph\"><a href=\"https:\/\/privacy.google.com\/businesses\/gdprcontrollerterms\/\">https:\/\/privacy.google.com\/businesses\/gdprcontrollerterms\/<\/a>&nbsp;ve&nbsp;<a href=\"https:\/\/privacy.google.com\/businesses\/gdprcontrollerterms\/sccs\/\">https:\/\/privacy.google.com\/businesses\/gdprcontrollerterms\/sccs\/<\/a>.<\/p>\n\n\n\n<p class=\"wp-block-paragraph\">Kullan\u0131c\u0131 verilerinin i\u015flenmesi hakk\u0131nda daha fazla bilgiyi Google&#8217;\u0131n gizlilik politikas\u0131nda bulabilirsiniz:&nbsp;<a href=\"https:\/\/policies.google.com\/privacy?hl=de\">https:\/\/policies.google.com\/privacy?hl=de<\/a>.<\/p>\n\n\n\n<p class=\"wp-block-paragraph\">\u015eirket, \u201eEU-US Data Privacy Framework&#8221; (DPF) kapsam\u0131nda bir sertifikaya sahiptir. DPF, Avrupa Birli\u011fi ile ABD aras\u0131nda, ABD&#8217;deki veri i\u015flemelerde Avrupa veri koruma standartlar\u0131na uyulmas\u0131n\u0131 g\u00fcvence alt\u0131na almay\u0131 ama\u00e7layan bir d\u00fczenlemedir. DPF kapsam\u0131nda sertifikaland\u0131r\u0131lan her \u015firket, bu veri koruma standartlar\u0131na uymay\u0131 taahh\u00fct eder. Bu konuda daha fazla bilgiyi sa\u011flay\u0131c\u0131dan \u015fu ba\u011flant\u0131 \u00fczerinden edinebilirsiniz:&nbsp;<a href=\"https:\/\/www.dataprivacyframework.gov\/participant\/5780\">https:\/\/www.dataprivacyframework.gov\/participant\/5780<\/a>.<\/p>\n\n\n\n<h6 class=\"wp-block-heading\">\u0130leti\u015fim bilgileri:<\/h6>\n\n\n\n<p class=\"wp-block-paragraph\">Bu politika hakk\u0131nda daha fazla bilgi edinmek i\u00e7in bizimle ileti\u015fime ge\u00e7mek isterseniz veya ki\u015fisel haklar\u0131n\u0131z\u0131 ve ki\u015fisel verilerinizi ilgilendiren bir konuda bize ula\u015fmak isterseniz, service@povnomad.com adresine bir e-posta g\u00f6nderebilirsiniz.<\/p>\n\n\n\n<p class=\"wp-block-paragraph\"><\/p>\n\n\n\n<p class=\"has-large-font-size wp-block-paragraph\"><strong>POVNOMAD\u2011Uygulamas\u0131 (Android) i\u00e7in veri koruma bilgileri<br><\/strong><\/p>\n\n\n\n<h2 class=\"wp-block-heading\">Veri sorumlusu<\/h2>\n\n\n\n<p class=\"wp-block-paragraph\">Daniel Fraidych \u00b7 Rudolf\u2011Wilhelm\u2011Str. 76 \u00b7 66131 Saarbr\u00fccken E\u2011posta: <a href=\"mailto:service@povnomad.com\">service@povnomad.com<\/a> \u00b7 Telefon: +49 160 574 1177<\/p>\n\n\n\n<h2 class=\"wp-block-heading\">Uygulaman\u0131n i\u015fledi\u011fi veriler<\/h2>\n\n\n\n<p class=\"wp-block-paragraph\"><strong>Hesap ve giri\u015f.<\/strong> Sat\u0131n ald\u0131\u011f\u0131n eSIM&#8217;lere eri\u015fmek i\u00e7in e\u2011posta adresini girersin ve e\u2011posta ile tek kullan\u0131ml\u0131k bir eri\u015fim ba\u011flant\u0131s\u0131 al\u0131rs\u0131n (1 saat ge\u00e7erli). Bunun i\u00e7in e\u2011posta adresini ve teknik bir eri\u015fim jetonunu i\u015fleriz. Hukuki dayanak: GDPR md. 6\/1-b (s\u00f6zle\u015fmenin ifas\u0131).<\/p>\n\n\n\n<p class=\"wp-block-paragraph\"><strong>Sipari\u015fler ve eSIM&#8217;ler.<\/strong> eSIM&#8217;lerinin g\u00f6r\u00fcnt\u00fclenmesi ve y\u00f6netilmesi i\u00e7in sipari\u015f verilerini (sipari\u015f kimli\u011fi, se\u00e7ilen tarife, fatura e\u2011postas\u0131), eSIM tan\u0131mlay\u0131c\u0131lar\u0131n\u0131 (ICCID), etkinle\u015ftirme\/kurulum verilerini (QR kod i\u00e7eri\u011fi, APN) ve kullan\u0131m verilerini (kullan\u0131lan\/kalan veri hacmi, g\u00fcncel \u015febeke, durum) i\u015fleriz. Hukuki dayanak: GDPR md. 6\/1-b.<\/p>\n\n\n\n<p class=\"wp-block-paragraph\"><strong>Seyahat planlama (iste\u011fe ba\u011fl\u0131).<\/strong> Kendin ekledi\u011fin seyahat hedefleri\/seyahatler ve ziyaret edilen \u00fclkeler, seyahat ve eSIM \u00f6nerilerinin g\u00f6sterilmesi amac\u0131yla hesab\u0131nla ili\u015fkilendirilerek saklan\u0131r. Hukuki dayanak: GDPR md. 6\/1-b veya 6\/1-a.<\/p>\n\n\n\n<p class=\"wp-block-paragraph\"><strong>\u00d6deme.<\/strong> Sat\u0131n almalar ve y\u00fcklemeler g\u00fcvenli bir web kasas\u0131 \u00fczerinden ger\u00e7ekle\u015ftirilir (\u00f6deme hizmeti sa\u011flay\u0131c\u0131s\u0131 <strong>Stripe<\/strong>, <strong>Google Pay<\/strong> d\u00e2hil). \u00d6deme verilerini (\u00f6rn. kart bilgileri) do\u011frudan \u00f6deme hizmeti sa\u011flay\u0131c\u0131s\u0131na girersin; uygulaman\u0131n kendisi eksiksiz \u00f6deme verilerini saklamaz. Hukuki dayanak: GDPR md. 6\/1-b.<\/p>\n\n\n\n<p class=\"wp-block-paragraph\"><strong>\u0130leti\u015fim\/destek (iste\u011fe ba\u011fl\u0131).<\/strong> Geri d\u00f6n\u00fc\u015fler i\u00e7in g\u00f6n\u00fcll\u00fc olarak bir WhatsApp numaras\u0131 verebilirsin; ayr\u0131ca destek e\u2011postas\u0131 ve bir sohbet botu mevcuttur. WhatsApp \u00fczerinden ileti\u015fimde ek olarak Meta&#8217;n\u0131n veri koruma h\u00fck\u00fcmleri ge\u00e7erlidir.<\/p>\n\n\n\n<p class=\"wp-block-paragraph\"><strong>Teknik veriler.<\/strong> Hizmetin sunulmas\u0131, hata te\u015fhisi ve g\u00fcvenlik amac\u0131yla teknik ba\u011flant\u0131 verileri (\u00f6rn. IP adresi, zaman damgas\u0131, uygulama\/cihaz temel bilgileri) arka u\u00e7 hizmetlerimiz taraf\u0131ndan i\u015flenir (GDPR md. 6\/1-f).<\/p>\n\n\n\n<p class=\"wp-block-paragraph\"><strong>Cihaz\u0131nda yerel saklama.<\/strong> eSIM verilerinin ve QR kodunun \u00e7evrim d\u0131\u015f\u0131yken de eri\u015filebilir olmas\u0131 i\u00e7in uygulama, eSIM listesini (ICCID, QR i\u00e7eri\u011fi, kurulum ba\u011flant\u0131lar\u0131, tarife, APN, \u00fclke) ve QR g\u00f6rselini cihazda yerel olarak saklar. Bu veriler cihazdan ayr\u0131ca d\u0131\u015far\u0131 \u00e7\u0131kmaz ve \u00e7\u0131k\u0131\u015f yap\u0131ld\u0131\u011f\u0131nda silinir.<\/p>\n\n\n\n<h2 class=\"wp-block-heading\">Uygulaman\u0131n al\u0131c\u0131lar\u0131 \/ veri i\u015fleyenleri<\/h2>\n\n\n\n<figure class=\"wp-block-table\"><table class=\"has-fixed-layout\"><thead><tr><th>Hizmet<\/th><th>Ama\u00e7<\/th><th>Sa\u011flay\u0131c\u0131<\/th><\/tr><\/thead><tbody><tr><td><strong>Supabase<\/strong><\/td><td>Hesap\/kimlik do\u011frulama, veritaban\u0131 &amp; arka u\u00e7 (sipari\u015fler, eSIM&#8217;ler, kullan\u0131m, seyahatler)<\/td><td>Supabase Inc., ABD <em>(sunucu b\u00f6lgesi \u0130rlanda)<\/em><\/td><\/tr><tr><td><strong>Resend<\/strong><\/td><td>Eri\u015fim\/giri\u015f e\u2011postas\u0131n\u0131n g\u00f6nderimi<\/td><td>Resend, Inc., ABD<\/td><\/tr><tr><td><strong>D\u00fcnya genelinde eSIM sa\u011flay\u0131c\u0131lar\u0131<\/strong><\/td><td>eSIM&#8217;in sa\u011flanmas\u0131\/etkinle\u015ftirilmesi, kullan\u0131m sorgulamas\u0131; gerekti\u011finde cihaz\/eSIM tan\u0131mlay\u0131c\u0131lar\u0131n\u0131n \u015febeke operat\u00f6r\u00fcne iletilmesi<\/td><td>ilgili \u015febeke orta\u011f\u0131<\/td><\/tr><tr><td><strong>Stripe (Google Pay d\u00e2hil)<\/strong><\/td><td>\u00d6deme i\u015flemleri<\/td><td>Stripe Payments Europe Ltd. \/ Google<\/td><\/tr><tr><td><strong>WhatsApp (iste\u011fe ba\u011fl\u0131)<\/strong><\/td><td>Talebin \u00fczerine destek ileti\u015fimi<\/td><td>Meta Platforms Ireland Ltd.<\/td><\/tr><\/tbody><\/table><\/figure>\n\n\n\n<p class=\"wp-block-paragraph\">AB d\u0131\u015f\u0131nda i\u015fleme s\u00f6z konusu oldu\u011funda aktar\u0131m\u0131 AB standart s\u00f6zle\u015fme h\u00fck\u00fcmlerine veya EU-US Data Privacy Framework&#8217;e dayand\u0131r\u0131r\u0131z. Veri i\u015fleyenlerle veri i\u015fleme s\u00f6zle\u015fmeleri mevcuttur (GDPR md. 28).<\/p>\n\n\n\n<h2 class=\"wp-block-heading\">Saklama s\u00fcresi<\/h2>\n\n\n\n<p class=\"wp-block-paragraph\">eSIM ve sipari\u015f verileri, hesab\u0131n mevcut oldu\u011fu s\u00fcrece veya yasal saklama s\u00fcreleri (vergi\/ticaret hukuku) devam etti\u011fi s\u00fcrece saklan\u0131r. Eri\u015fim jetonlar\u0131 1 saat sonra ge\u00e7erlili\u011fini yitirir. Yerel cihaz verileri \u00e7\u0131k\u0131\u015f yap\u0131ld\u0131\u011f\u0131nda kald\u0131r\u0131l\u0131r.<\/p>\n\n\n\n<h2 class=\"wp-block-heading\">Haklar\u0131n &amp; hesab\u0131n\u0131 silme<\/h2>\n\n\n\n<p class=\"wp-block-paragraph\">Bilgi edinme, d\u00fczeltme, silme, i\u015flemenin k\u0131s\u0131tlanmas\u0131, veri ta\u015f\u0131nabilirli\u011fi ve itiraz haklar\u0131na (GDPR md. 15\u201321) ve bir denetim makam\u0131na \u015fik\u00e2yette bulunma hakk\u0131na sahipsin.<\/p>\n\n\n\n<p class=\"wp-block-paragraph\"><strong>Hesab\u0131 silme:<\/strong> do\u011frudan uygulamada <em>Ayarlar \u2192 Hesab\u0131 sil<\/em> alt\u0131ndan veya <a href=\"mailto:service@povnomad.com\">service@povnomad.com<\/a> adresine e\u2011posta g\u00f6ndererek.<\/p>\n\n\n\n<p class=\"wp-block-paragraph\"><\/p>\n\n\n\n<h1 class=\"wp-block-heading has-large-font-size\"><strong>POVNOMAD\u2011Uygulamas\u0131 (iOS) i\u00e7in veri koruma bilgileri<\/strong><\/h1>\n\n\n\n<hr class=\"wp-block-separator has-alpha-channel-opacity\"\/>\n\n\n\n<h2 class=\"wp-block-heading\">Veri sorumlusu<\/h2>\n\n\n\n<p class=\"wp-block-paragraph\">Daniel Fraidych \u00b7 Rudolf\u2011Wilhelm\u2011Str. 76 \u00b7 66131 Saarbr\u00fccken E\u2011posta: service@povnomad.com \u00b7 Telefon: +49160 5741177<\/p>\n\n\n\n<h2 class=\"wp-block-heading\">Uygulaman\u0131n i\u015fledi\u011fi veriler<\/h2>\n\n\n\n<p class=\"wp-block-paragraph\"><strong>Hesap ve giri\u015f.<\/strong> Sat\u0131n ald\u0131\u011f\u0131n eSIM&#8217;lere eri\u015fmek i\u00e7in e\u2011posta adresini girersin ve e\u2011posta ile tek kullan\u0131ml\u0131k bir eri\u015fim ba\u011flant\u0131s\u0131 al\u0131rs\u0131n (1 saat ge\u00e7erli). Bunun i\u00e7in e\u2011posta adresini ve teknik bir eri\u015fim jetonunu i\u015fleriz. Hukuki dayanak: GDPR md. 6\/1-b (s\u00f6zle\u015fmenin ifas\u0131).<\/p>\n\n\n\n<p class=\"wp-block-paragraph\"><strong>Sipari\u015fler ve eSIM&#8217;ler.<\/strong> eSIM&#8217;lerinin g\u00f6r\u00fcnt\u00fclenmesi ve y\u00f6netilmesi i\u00e7in sipari\u015f verilerini (sipari\u015f kimli\u011fi, se\u00e7ilen tarife, fatura e\u2011postas\u0131), eSIM tan\u0131mlay\u0131c\u0131lar\u0131n\u0131 (ICCID), etkinle\u015ftirme\/kurulum verilerini (QR kod i\u00e7eri\u011fi, APN) ve kullan\u0131m verilerini (kullan\u0131lan\/kalan veri hacmi, g\u00fcncel \u015febeke, durum) i\u015fleriz. Hukuki dayanak: GDPR md. 6\/1-b.<\/p>\n\n\n\n<p class=\"wp-block-paragraph\"><strong>Seyahat planlama (iste\u011fe ba\u011fl\u0131).<\/strong> Kendin ekledi\u011fin seyahat hedefleri\/seyahatler ve ziyaret edilen \u00fclkeler, seyahat ve eSIM \u00f6nerilerinin g\u00f6sterilmesi amac\u0131yla hesab\u0131nla ili\u015fkilendirilerek saklan\u0131r. Hukuki dayanak: GDPR md. 6\/1-b veya 6\/1-a.<\/p>\n\n\n\n<p class=\"wp-block-paragraph\"><strong>\u00d6deme.<\/strong> Sat\u0131n almalar ve y\u00fcklemeler g\u00fcvenli bir kasa \u00fczerinden ger\u00e7ekle\u015ftirilir (\u00f6deme hizmeti sa\u011flay\u0131c\u0131s\u0131 <strong>Stripe<\/strong>, <strong>Apple Pay<\/strong> d\u00e2hil). Google Pay iOS&#8217;ta kullan\u0131lamad\u0131\u011f\u0131ndan kullan\u0131lmamaktad\u0131r. \u00d6deme verilerini (\u00f6rn. kart bilgileri) do\u011frudan \u00f6deme hizmeti sa\u011flay\u0131c\u0131s\u0131na veya Apple Pay \u00fczerinden girersin; uygulaman\u0131n kendisi eksiksiz \u00f6deme verilerini saklamaz. Hukuki dayanak: GDPR md. 6\/1-b.<\/p>\n\n\n\n<p class=\"wp-block-paragraph\"><strong>\u0130leti\u015fim\/destek (iste\u011fe ba\u011fl\u0131).<\/strong> Geri d\u00f6n\u00fc\u015fler i\u00e7in g\u00f6n\u00fcll\u00fc olarak bir WhatsApp numaras\u0131 verebilirsin; ayr\u0131ca destek e\u2011postas\u0131 ve bir sohbet botu mevcuttur. WhatsApp \u00fczerinden ileti\u015fimde ek olarak Meta&#8217;n\u0131n veri koruma h\u00fck\u00fcmleri ge\u00e7erlidir.<\/p>\n\n\n\n<p class=\"wp-block-paragraph\"><strong>Teknik veriler.<\/strong> Hizmetin sunulmas\u0131, hata te\u015fhisi ve g\u00fcvenlik amac\u0131yla teknik ba\u011flant\u0131 verileri (\u00f6rn. IP adresi, zaman damgas\u0131, uygulama\/cihaz temel bilgileri) arka u\u00e7 hizmetlerimiz taraf\u0131ndan i\u015flenir (GDPR md. 6\/1-f).<\/p>\n\n\n\n<p class=\"wp-block-paragraph\"><strong>Cihaz\u0131nda yerel saklama.<\/strong> eSIM verilerinin ve QR kodunun \u00e7evrim d\u0131\u015f\u0131yken de eri\u015filebilir olmas\u0131 i\u00e7in uygulama, eSIM listesini (ICCID, QR i\u00e7eri\u011fi, kurulum ba\u011flant\u0131lar\u0131, tarife, APN, \u00fclke) ve QR g\u00f6rselini cihaz\u0131nda yerel olarak saklar. Eri\u015fim jetonun \u015fifrelenmi\u015f olarak <strong>iOS anahtar zinciri y\u00f6netiminde (Keychain)<\/strong> saklan\u0131r. Bu veriler cihazdan ayr\u0131ca d\u0131\u015far\u0131 \u00e7\u0131kmaz ve \u00e7\u0131k\u0131\u015f yap\u0131ld\u0131\u011f\u0131nda silinir.<\/p>\n\n\n\n<h2 class=\"wp-block-heading\">Uygulaman\u0131n al\u0131c\u0131lar\u0131 \/ veri i\u015fleyenleri<\/h2>\n\n\n\n<figure class=\"wp-block-table\"><table class=\"has-fixed-layout\"><thead><tr><th>Hizmet<\/th><th>Ama\u00e7<\/th><th>Sa\u011flay\u0131c\u0131<\/th><\/tr><\/thead><tbody><tr><td><strong>Supabase<\/strong><\/td><td>Hesap\/kimlik do\u011frulama, veritaban\u0131 &amp; arka u\u00e7 (sipari\u015fler, eSIM&#8217;ler, kullan\u0131m, seyahatler)<\/td><td>Supabase Inc., ABD<\/td><\/tr><tr><td><strong>Resend<\/strong><\/td><td>Eri\u015fim\/giri\u015f e\u2011postas\u0131n\u0131n g\u00f6nderimi<\/td><td>Resend, Inc., ABD<\/td><\/tr><tr><td><strong>eSIM sa\u011flay\u0131c\u0131s\u0131<\/strong><\/td><td>eSIM&#8217;in sa\u011flanmas\u0131\/etkinle\u015ftirilmesi, kullan\u0131m sorgulamas\u0131; gerekti\u011finde cihaz\/eSIM tan\u0131mlay\u0131c\u0131lar\u0131n\u0131n \u015febeke operat\u00f6r\u00fcne iletilmesi<\/td><td>ilgili \u015febeke orta\u011f\u0131<\/td><\/tr><tr><td><strong>Stripe (Apple Pay d\u00e2hil)<\/strong><\/td><td>\u00d6deme i\u015flemleri<\/td><td>Stripe Payments Europe Ltd. \/ Apple Distribution International Ltd.<\/td><\/tr><tr><td><strong>WhatsApp (iste\u011fe ba\u011fl\u0131)<\/strong><\/td><td>Talebin \u00fczerine destek ileti\u015fimi<\/td><td>Meta Platforms Ireland Ltd.<\/td><\/tr><\/tbody><\/table><\/figure>\n\n\n\n<p class=\"wp-block-paragraph\">AB d\u0131\u015f\u0131nda i\u015fleme s\u00f6z konusu oldu\u011funda aktar\u0131m\u0131 AB standart s\u00f6zle\u015fme h\u00fck\u00fcmlerine veya EU-US Data Privacy Framework&#8217;e dayand\u0131r\u0131r\u0131z. Veri i\u015fleyenlerle veri i\u015fleme s\u00f6zle\u015fmeleri mevcuttur (GDPR md. 28).<\/p>\n\n\n\n<h2 class=\"wp-block-heading\">Saklama s\u00fcresi<\/h2>\n\n\n\n<p class=\"wp-block-paragraph\">eSIM ve sipari\u015f verileri, hesab\u0131n mevcut oldu\u011fu s\u00fcrece veya yasal saklama s\u00fcreleri (vergi\/ticaret hukuku) devam etti\u011fi s\u00fcrece saklan\u0131r. Eri\u015fim jetonlar\u0131 1 saat sonra ge\u00e7erlili\u011fini yitirir. Yerel cihaz verileri \u00e7\u0131k\u0131\u015f yap\u0131ld\u0131\u011f\u0131nda kald\u0131r\u0131l\u0131r.<\/p>\n\n\n\n<h2 class=\"wp-block-heading\">Haklar\u0131n &amp; hesab\u0131n\u0131 silme<\/h2>\n\n\n\n<p class=\"wp-block-paragraph\">Bilgi edinme, d\u00fczeltme, silme, i\u015flemenin k\u0131s\u0131tlanmas\u0131, veri ta\u015f\u0131nabilirli\u011fi ve itiraz haklar\u0131na (GDPR md. 15\u201321) ve bir denetim makam\u0131na \u015fik\u00e2yette bulunma hakk\u0131na sahipsin.<\/p>\n\n\n\n<p class=\"wp-block-paragraph\"><strong>Hesab\u0131 silme:<\/strong> do\u011frudan uygulamada <em>Ayarlar \u2192 Hesab\u0131 sil<\/em> alt\u0131ndan veya service@povnomad.com adresine e\u2011posta g\u00f6ndererek.<\/p>\n","protected":false},"excerpt":{"rendered":"<p>1. Veri korumas\u0131na genel bak\u0131\u015f Genel bilgiler A\u015fa\u011f\u0131daki bilgiler, bu web sitesini ziyaret etti\u011finizde ki\u015fisel verilerinize ne oldu\u011funa dair basit bir genel bak\u0131\u015f sunar. Ki\u015fisel veriler, kimli\u011finizin belirlenmesini sa\u011flayan t\u00fcm verilerdir. Veri koruma konusunda ayr\u0131nt\u0131l\u0131 bilgileri, bu metnin alt\u0131nda yer alan gizlilik politikam\u0131zda bulabilirsiniz. Bu web sitesinde veri toplanmas\u0131 Bu web sitesindeki veri toplamadan kim sorumludur? Bu web sitesindeki veri i\u015fleme, web sitesi i\u015fletmecisi taraf\u0131ndan ger\u00e7ekle\u015ftirilir. \u0130\u015fletmecinin ileti\u015fim bilgilerini bu gizlilik politikas\u0131ndaki \u201eVeri sorumlusuna ili\u015fkin bilgi&#8221; b\u00f6l\u00fcm\u00fcnde bulabilirsiniz. Verilerinizi nas\u0131l topluyoruz? Verileriniz bir yandan bunlar\u0131 bize bildirmeniz yoluyla toplan\u0131r. Bu, \u00f6rne\u011fin bir ileti\u015fim formuna girdi\u011finiz veriler olabilir. Di\u011fer veriler, web sitesini ziyaretiniz s\u0131ras\u0131nda otomatik olarak veya a\u00e7\u0131k r\u0131zan\u0131z \u00fczerine BT sistemlerimiz taraf\u0131ndan toplan\u0131r. Bunlar \u00f6zellikle teknik verilerdir (\u00f6rn. internet taray\u0131c\u0131s\u0131, i\u015fletim sistemi veya sayfan\u0131n g\u00f6r\u00fcnt\u00fclenme saati). Bu verilerin toplanmas\u0131, bu web sitesine girdi\u011finiz anda otomatik olarak ger\u00e7ekle\u015fir. Verilerinizi ne ama\u00e7la kullan\u0131yoruz? Verilerin bir k\u0131sm\u0131, web sitesinin hatas\u0131z sunulmas\u0131n\u0131 sa\u011flamak amac\u0131yla toplan\u0131r. Di\u011fer veriler, kullan\u0131c\u0131 davran\u0131\u015f\u0131n\u0131z\u0131n analizi i\u00e7in kullan\u0131labilir. Web sitesi \u00fczerinden s\u00f6zle\u015fme kurulabiliyor veya s\u00f6zle\u015fme g\u00f6r\u00fc\u015fmeleri ba\u015flat\u0131labiliyorsa, iletilen veriler s\u00f6zle\u015fme teklifleri, sipari\u015fler veya di\u011fer sipari\u015f talepleri i\u00e7in de i\u015flenir. Verilerinizle ilgili hangi haklara sahipsiniz? Saklanan ki\u015fisel verilerinizin kayna\u011f\u0131, al\u0131c\u0131lar\u0131 ve amac\u0131 hakk\u0131nda her zaman \u00fccretsiz olarak bilgi alma hakk\u0131na sahipsiniz. Ayr\u0131ca bu verilerin d\u00fczeltilmesini veya silinmesini talep etme hakk\u0131n\u0131z vard\u0131r. Veri i\u015flemeye a\u00e7\u0131k r\u0131za verdiyseniz, bu r\u0131zay\u0131 gelece\u011fe etkili olacak \u015fekilde her zaman geri alabilirsiniz. Bunun d\u0131\u015f\u0131nda, belirli ko\u015fullar alt\u0131nda ki\u015fisel verilerinizin i\u015flenmesinin k\u0131s\u0131tlanmas\u0131n\u0131 talep etme hakk\u0131na sahipsiniz. Ayr\u0131ca yetkili denetim makam\u0131na \u015fik\u00e2yette bulunma hakk\u0131n\u0131z bulunmaktad\u0131r. Bu konuda ve veri koruma ile ilgili di\u011fer sorular\u0131n\u0131z i\u00e7in her zaman bize ba\u015fvurabilirsiniz. Analiz ara\u00e7lar\u0131 ve \u00fc\u00e7\u00fcnc\u00fc taraf ara\u00e7lar\u0131 Bu web sitesini ziyaretiniz s\u0131ras\u0131nda gezinme davran\u0131\u015f\u0131n\u0131z istatistiksel olarak de\u011ferlendirilebilir. Bu, \u00f6zellikle s\u00f6zde analiz programlar\u0131 ile ger\u00e7ekle\u015fir. Bu analiz programlar\u0131na ili\u015fkin ayr\u0131nt\u0131l\u0131 bilgileri a\u015fa\u011f\u0131daki gizlilik politikas\u0131nda bulabilirsiniz. 2. Bar\u0131nd\u0131rma (Hosting) Web sitemizin i\u00e7eriklerini a\u015fa\u011f\u0131daki sa\u011flay\u0131c\u0131da bar\u0131nd\u0131r\u0131yoruz: Harici bar\u0131nd\u0131rma Bu web sitesi harici olarak bar\u0131nd\u0131r\u0131lmaktad\u0131r. Bu web sitesinde toplanan ki\u015fisel veriler, bar\u0131nd\u0131rma sa\u011flay\u0131c\u0131s\u0131n\u0131n\/sa\u011flay\u0131c\u0131lar\u0131n\u0131n sunucular\u0131nda saklan\u0131r. Bunlar \u00f6zellikle IP adresleri, ileti\u015fim talepleri, meta ve ileti\u015fim verileri, s\u00f6zle\u015fme verileri, ileti\u015fim bilgileri, isimler, web sitesi eri\u015fimleri ve bir web sitesi \u00fczerinden olu\u015fturulan di\u011fer veriler olabilir. Harici bar\u0131nd\u0131rma, potansiyel ve mevcut m\u00fc\u015fterilerimize kar\u015f\u0131 s\u00f6zle\u015fmenin ifas\u0131 amac\u0131yla (GDPR md. 6\/1-b) ve profesyonel bir sa\u011flay\u0131c\u0131 arac\u0131l\u0131\u011f\u0131yla \u00e7evrim i\u00e7i hizmetimizin g\u00fcvenli, h\u0131zl\u0131 ve verimli bi\u00e7imde sunulmas\u0131na y\u00f6nelik menfaatimiz do\u011frultusunda (GDPR md. 6\/1-f) ger\u00e7ekle\u015ftirilir. \u0130lgili bir a\u00e7\u0131k r\u0131za al\u0131nm\u0131\u015fsa, i\u015fleme yaln\u0131zca GDPR md. 6\/1-a ve TDDDG md. 25\/1 uyar\u0131nca ger\u00e7ekle\u015ftirilir; bu, a\u00e7\u0131k r\u0131zan\u0131n TDDDG anlam\u0131nda \u00e7erezlerin saklanmas\u0131n\u0131 veya kullan\u0131c\u0131n\u0131n u\u00e7 cihaz\u0131ndaki bilgilere eri\u015fimi (\u00f6rn. cihaz parmak izi) kapsad\u0131\u011f\u0131 \u00f6l\u00e7\u00fcde ge\u00e7erlidir. A\u00e7\u0131k r\u0131za her zaman geri al\u0131nabilir. Bar\u0131nd\u0131rma sa\u011flay\u0131c\u0131m\u0131z\/sa\u011flay\u0131c\u0131lar\u0131m\u0131z verilerinizi yaln\u0131zca edim y\u00fck\u00fcml\u00fcl\u00fcklerinin yerine getirilmesi i\u00e7in gerekli oldu\u011fu \u00f6l\u00e7\u00fcde i\u015fleyecek ve bu verilerle ilgili talimatlar\u0131m\u0131za uyacakt\u0131r. A\u015fa\u011f\u0131daki bar\u0131nd\u0131rma sa\u011flay\u0131c\u0131s\u0131n\u0131\/sa\u011flay\u0131c\u0131lar\u0131n\u0131 kullan\u0131yoruz: HOSTINGER operations, UAB \u0160vitrigailos str. 34, Vilnius 03230 Lithuania Veri i\u015fleyen s\u0131fat\u0131yla i\u015fleme Yukar\u0131da belirtilen hizmetin kullan\u0131m\u0131 i\u00e7in bir veri i\u015fleme s\u00f6zle\u015fmesi (AVV) akdettik. Bu, veri koruma hukuku uyar\u0131nca zorunlu olan ve ilgili taraf\u0131n web sitesi ziyaret\u00e7ilerimizin ki\u015fisel verilerini yaln\u0131zca talimatlar\u0131m\u0131z do\u011frultusunda ve GDPR&#8217;ye uygun olarak i\u015flemesini g\u00fcvence alt\u0131na alan bir s\u00f6zle\u015fmedir. 3. Genel bilgiler ve zorunlu a\u00e7\u0131klamalar Veri koruma Bu sayfalar\u0131n i\u015fletmecileri, ki\u015fisel verilerinizin korunmas\u0131n\u0131 \u00e7ok ciddiye almaktad\u0131r. Ki\u015fisel verilerinizi gizli tutar ve yasal veri koruma d\u00fczenlemelerine ve bu gizlilik politikas\u0131na uygun olarak i\u015fleriz. Bu web sitesini kulland\u0131\u011f\u0131n\u0131zda \u00e7e\u015fitli ki\u015fisel veriler toplan\u0131r. Ki\u015fisel veriler, kimli\u011finizin belirlenmesini sa\u011flayan verilerdir. \u0130\u015fbu gizlilik politikas\u0131, hangi verileri toplad\u0131\u011f\u0131m\u0131z\u0131 ve bunlar\u0131 ne i\u00e7in kulland\u0131\u011f\u0131m\u0131z\u0131 a\u00e7\u0131klar. Ayr\u0131ca bunun nas\u0131l ve hangi ama\u00e7la ger\u00e7ekle\u015fti\u011fini de a\u00e7\u0131klar. \u0130nternet \u00fczerinden veri aktar\u0131m\u0131n\u0131n (\u00f6rn. e-posta ile ileti\u015fimde) g\u00fcvenlik a\u00e7\u0131klar\u0131 i\u00e7erebilece\u011fini belirtmek isteriz. Verilerin \u00fc\u00e7\u00fcnc\u00fc ki\u015filerin eri\u015fimine kar\u015f\u0131 eksiksiz bi\u00e7imde korunmas\u0131 m\u00fcmk\u00fcn de\u011fildir. Veri sorumlusuna ili\u015fkin bilgi Bu web sitesindeki veri i\u015flemeden sorumlu veri sorumlusu: Daniel Fraidych Rudolf-Wilhelm-Str. 76 66131 Saarbr\u00fccken Telefon: +49160 5741177 E-posta: service@povnomad.com Veri sorumlusu, ki\u015fisel verilerin (\u00f6rn. isim, e-posta adresi vb.) i\u015flenmesinin ama\u00e7lar\u0131n\u0131 ve ara\u00e7lar\u0131n\u0131 tek ba\u015f\u0131na veya ba\u015fkalar\u0131yla birlikte belirleyen ger\u00e7ek veya t\u00fczel ki\u015fidir. Saklama s\u00fcresi Bu gizlilik politikas\u0131 i\u00e7inde daha \u00f6zel bir saklama s\u00fcresi belirtilmedi\u011fi s\u00fcrece, ki\u015fisel verileriniz veri i\u015fleme amac\u0131 ortadan kalkana kadar bizde kal\u0131r. Hakl\u0131 bir silme talebinde bulunman\u0131z veya veri i\u015flemeye ili\u015fkin a\u00e7\u0131k r\u0131zan\u0131z\u0131 geri alman\u0131z h\u00e2linde, ki\u015fisel verilerinizin saklanmas\u0131 i\u00e7in hukuken kabul edilebilir ba\u015fka bir gerek\u00e7emiz yoksa (\u00f6rn. vergi hukuku veya ticaret hukuku kaynakl\u0131 saklama s\u00fcreleri) verileriniz silinir; son durumda silme, bu gerek\u00e7elerin ortadan kalkmas\u0131n\u0131n ard\u0131ndan ger\u00e7ekle\u015fir. Bu web sitesindeki veri i\u015flemenin hukuki dayanaklar\u0131na ili\u015fkin genel bilgiler Veri i\u015flemeye a\u00e7\u0131k r\u0131za verdiyseniz, ki\u015fisel verilerinizi GDPR md. 6\/1-a uyar\u0131nca, GDPR md. 9\/1 kapsam\u0131ndaki \u00f6zel nitelikli veri kategorileri i\u015fleniyorsa GDPR md. 9\/2-a uyar\u0131nca i\u015fleriz. Ki\u015fisel verilerin \u00fc\u00e7\u00fcnc\u00fc \u00fclkelere aktar\u0131lmas\u0131na a\u00e7\u0131k\u00e7a r\u0131za g\u00f6sterilmesi h\u00e2linde, veri i\u015fleme ayr\u0131ca GDPR md. 49\/1-a uyar\u0131nca ger\u00e7ekle\u015fir. \u00c7erezlerin saklanmas\u0131na veya u\u00e7 cihaz\u0131n\u0131zdaki bilgilere eri\u015fime (\u00f6rn. cihaz parmak izi yoluyla) r\u0131za g\u00f6sterdiyseniz, veri i\u015fleme ek olarak TDDDG md. 25\/1 uyar\u0131nca ger\u00e7ekle\u015fir. A\u00e7\u0131k r\u0131za her zaman geri al\u0131nabilir. Verileriniz s\u00f6zle\u015fmenin ifas\u0131 veya s\u00f6zle\u015fme \u00f6ncesi tedbirlerin uygulanmas\u0131 i\u00e7in gerekliyse, verilerinizi GDPR md. 6\/1-b uyar\u0131nca i\u015fleriz. Ayr\u0131ca, verileriniz hukuki bir y\u00fck\u00fcml\u00fcl\u00fc\u011f\u00fcn yerine getirilmesi i\u00e7in gerekliyse bunlar\u0131 GDPR md. 6\/1-c uyar\u0131nca i\u015fleriz. Veri i\u015fleme ayr\u0131ca GDPR md. 6\/1-f uyar\u0131nca me\u015fru menfaatimize dayanarak da ger\u00e7ekle\u015febilir. Her bir somut olayda ge\u00e7erli olan hukuki dayanaklar hakk\u0131nda bu gizlilik politikas\u0131n\u0131n a\u015fa\u011f\u0131daki b\u00f6l\u00fcmlerinde bilgi verilmektedir. Ki\u015fisel verilerin al\u0131c\u0131lar\u0131 Ticari faaliyetimiz kapsam\u0131nda \u00e7e\u015fitli harici taraflarla i\u015f birli\u011fi yap\u0131yoruz. Bu kapsamda k\u0131smen ki\u015fisel verilerin bu harici taraflara aktar\u0131lmas\u0131 da gerekmektedir. Ki\u015fisel verileri harici taraflara yaln\u0131zca bir s\u00f6zle\u015fmenin ifas\u0131 kapsam\u0131nda gerekliyse, buna hukuken zorunlu oldu\u011fumuzda (\u00f6rn. verilerin vergi dairelerine iletilmesi), aktar\u0131m konusunda GDPR md. 6\/1-f uyar\u0131nca me\u015fru bir menfaatimiz bulundu\u011funda veya ba\u015fka bir hukuki dayanak veri aktar\u0131m\u0131na izin verdi\u011finde aktar\u0131r\u0131z. Veri i\u015fleyenlerin kullan\u0131lmas\u0131 h\u00e2linde, m\u00fc\u015fterilerimizin ki\u015fisel verilerini yaln\u0131zca ge\u00e7erli bir veri i\u015fleme s\u00f6zle\u015fmesine dayanarak aktar\u0131r\u0131z. Ortak i\u015fleme s\u00f6z konusu oldu\u011funda, ortak i\u015flemeye ili\u015fkin bir s\u00f6zle\u015fme akdedilir. Veri i\u015flemeye ili\u015fkin a\u00e7\u0131k r\u0131zan\u0131z\u0131n geri al\u0131nmas\u0131 Bir\u00e7ok veri i\u015fleme s\u00fcreci yaln\u0131zca a\u00e7\u0131k r\u0131zan\u0131zla m\u00fcmk\u00fcnd\u00fcr. Daha \u00f6nce verdi\u011finiz bir a\u00e7\u0131k r\u0131zay\u0131 her zaman geri alabilirsiniz. Geri almaya kadar ger\u00e7ekle\u015fen veri i\u015flemenin hukuka uygunlu\u011fu, geri almadan etkilenmez. \u00d6zel durumlarda veri toplanmas\u0131na ve do\u011frudan pazarlamaya itiraz hakk\u0131 (GDPR md. 21) VER\u0130 \u0130\u015eLEME GDPR MD. 6\/1-E VEYA F UYARINCA GER\u00c7EKLE\u015e\u0130YORSA, \u00d6ZEL DURUMUNUZDAN KAYNAKLANAN NEDENLERLE, K\u0130\u015e\u0130SEL VER\u0130LER\u0130N\u0130Z\u0130N \u0130\u015eLENMES\u0130NE HER ZAMAN \u0130T\u0130RAZ ETME<\/p>\n","protected":false},"author":2,"featured_media":0,"parent":0,"menu_order":0,"comment_status":"closed","ping_status":"closed","template":"","meta":{"inline_featured_image":false,"_uag_custom_page_level_css":"","site-sidebar-layout":"default","site-content-layout":"","ast-site-content-layout":"default","site-content-style":"default","site-sidebar-style":"default","ast-global-header-display":"","ast-banner-title-visibility":"","ast-main-header-display":"","ast-hfb-above-header-display":"","ast-hfb-below-header-display":"","ast-hfb-mobile-header-display":"","site-post-title":"","ast-breadcrumbs-content":"","ast-featured-img":"","footer-sml-layout":"","ast-disable-related-posts":"","theme-transparent-header-meta":"","adv-header-id-meta":"","stick-header-meta":"","header-above-stick-meta":"","header-main-stick-meta":"","header-below-stick-meta":"","astra-migrate-meta-layouts":"default","ast-page-background-enabled":"default","ast-page-background-meta":{"desktop":{"background-color":"","background-image":"","background-repeat":"repeat","background-position":"center center","background-size":"auto","background-attachment":"scroll","background-type":"","background-media":"","overlay-type":"","overlay-color":"","overlay-opacity":"","overlay-gradient":""},"tablet":{"background-color":"","background-image":"","background-repeat":"repeat","background-position":"center center","background-size":"auto","background-attachment":"scroll","background-type":"","background-media":"","overlay-type":"","overlay-color":"","overlay-opacity":"","overlay-gradient":""},"mobile":{"background-color":"","background-image":"","background-repeat":"repeat","background-position":"center center","background-size":"auto","background-attachment":"scroll","background-type":"","background-media":"","overlay-type":"","overlay-color":"","overlay-opacity":"","overlay-gradient":""}},"ast-content-background-meta":{"desktop":{"background-color":"var(--ast-global-color-5)","background-image":"","background-repeat":"repeat","background-position":"center center","background-size":"auto","background-attachment":"scroll","background-type":"","background-media":"","overlay-type":"","overlay-color":"","overlay-opacity":"","overlay-gradient":""},"tablet":{"background-color":"var(--ast-global-color-5)","background-image":"","background-repeat":"repeat","background-position":"center center","background-size":"auto","background-attachment":"scroll","background-type":"","background-media":"","overlay-type":"","overlay-color":"","overlay-opacity":"","overlay-gradient":""},"mobile":{"background-color":"var(--ast-global-color-5)","background-image":"","background-repeat":"repeat","background-position":"center center","background-size":"auto","background-attachment":"scroll","background-type":"","background-media":"","overlay-type":"","overlay-color":"","overlay-opacity":"","overlay-gradient":""}},"footnotes":""},"class_list":["post-31352","page","type-page","status-publish","hentry"],"yoast_head":"<!-- This site is optimized with the Yoast SEO plugin v28.4 - https:\/\/yoast.com\/product\/yoast-seo-wordpress\/ -->\n<title>Gizlilik Politikas\u0131 - POVNOMAD - Your Travel Companion<\/title>\n<meta name=\"robots\" content=\"index, follow, max-snippet:-1, max-image-preview:large, max-video-preview:-1\" \/>\n<link rel=\"canonical\" href=\"https:\/\/povnomad.com\/tr\/gizlilik-politikasi\/\" \/>\n<meta property=\"og:locale\" content=\"tr_TR\" \/>\n<meta property=\"og:type\" content=\"article\" \/>\n<meta property=\"og:title\" content=\"Gizlilik Politikas\u0131 - POVNOMAD - Your Travel Companion\" \/>\n<meta property=\"og:description\" content=\"1. Veri korumas\u0131na genel bak\u0131\u015f Genel bilgiler A\u015fa\u011f\u0131daki bilgiler, bu web sitesini ziyaret etti\u011finizde ki\u015fisel verilerinize ne oldu\u011funa dair basit bir genel bak\u0131\u015f sunar. Ki\u015fisel veriler, kimli\u011finizin belirlenmesini sa\u011flayan t\u00fcm verilerdir. Veri koruma konusunda ayr\u0131nt\u0131l\u0131 bilgileri, bu metnin alt\u0131nda yer alan gizlilik politikam\u0131zda bulabilirsiniz. Bu web sitesinde veri toplanmas\u0131 Bu web sitesindeki veri toplamadan kim sorumludur? Bu web sitesindeki veri i\u015fleme, web sitesi i\u015fletmecisi taraf\u0131ndan ger\u00e7ekle\u015ftirilir. \u0130\u015fletmecinin ileti\u015fim bilgilerini bu gizlilik politikas\u0131ndaki \u201eVeri sorumlusuna ili\u015fkin bilgi&#8221; b\u00f6l\u00fcm\u00fcnde bulabilirsiniz. Verilerinizi nas\u0131l topluyoruz? Verileriniz bir yandan bunlar\u0131 bize bildirmeniz yoluyla toplan\u0131r. Bu, \u00f6rne\u011fin bir ileti\u015fim formuna girdi\u011finiz veriler olabilir. Di\u011fer veriler, web sitesini ziyaretiniz s\u0131ras\u0131nda otomatik olarak veya a\u00e7\u0131k r\u0131zan\u0131z \u00fczerine BT sistemlerimiz taraf\u0131ndan toplan\u0131r. Bunlar \u00f6zellikle teknik verilerdir (\u00f6rn. internet taray\u0131c\u0131s\u0131, i\u015fletim sistemi veya sayfan\u0131n g\u00f6r\u00fcnt\u00fclenme saati). Bu verilerin toplanmas\u0131, bu web sitesine girdi\u011finiz anda otomatik olarak ger\u00e7ekle\u015fir. Verilerinizi ne ama\u00e7la kullan\u0131yoruz? Verilerin bir k\u0131sm\u0131, web sitesinin hatas\u0131z sunulmas\u0131n\u0131 sa\u011flamak amac\u0131yla toplan\u0131r. Di\u011fer veriler, kullan\u0131c\u0131 davran\u0131\u015f\u0131n\u0131z\u0131n analizi i\u00e7in kullan\u0131labilir. Web sitesi \u00fczerinden s\u00f6zle\u015fme kurulabiliyor veya s\u00f6zle\u015fme g\u00f6r\u00fc\u015fmeleri ba\u015flat\u0131labiliyorsa, iletilen veriler s\u00f6zle\u015fme teklifleri, sipari\u015fler veya di\u011fer sipari\u015f talepleri i\u00e7in de i\u015flenir. Verilerinizle ilgili hangi haklara sahipsiniz? Saklanan ki\u015fisel verilerinizin kayna\u011f\u0131, al\u0131c\u0131lar\u0131 ve amac\u0131 hakk\u0131nda her zaman \u00fccretsiz olarak bilgi alma hakk\u0131na sahipsiniz. Ayr\u0131ca bu verilerin d\u00fczeltilmesini veya silinmesini talep etme hakk\u0131n\u0131z vard\u0131r. Veri i\u015flemeye a\u00e7\u0131k r\u0131za verdiyseniz, bu r\u0131zay\u0131 gelece\u011fe etkili olacak \u015fekilde her zaman geri alabilirsiniz. Bunun d\u0131\u015f\u0131nda, belirli ko\u015fullar alt\u0131nda ki\u015fisel verilerinizin i\u015flenmesinin k\u0131s\u0131tlanmas\u0131n\u0131 talep etme hakk\u0131na sahipsiniz. Ayr\u0131ca yetkili denetim makam\u0131na \u015fik\u00e2yette bulunma hakk\u0131n\u0131z bulunmaktad\u0131r. Bu konuda ve veri koruma ile ilgili di\u011fer sorular\u0131n\u0131z i\u00e7in her zaman bize ba\u015fvurabilirsiniz. Analiz ara\u00e7lar\u0131 ve \u00fc\u00e7\u00fcnc\u00fc taraf ara\u00e7lar\u0131 Bu web sitesini ziyaretiniz s\u0131ras\u0131nda gezinme davran\u0131\u015f\u0131n\u0131z istatistiksel olarak de\u011ferlendirilebilir. Bu, \u00f6zellikle s\u00f6zde analiz programlar\u0131 ile ger\u00e7ekle\u015fir. Bu analiz programlar\u0131na ili\u015fkin ayr\u0131nt\u0131l\u0131 bilgileri a\u015fa\u011f\u0131daki gizlilik politikas\u0131nda bulabilirsiniz. 2. Bar\u0131nd\u0131rma (Hosting) Web sitemizin i\u00e7eriklerini a\u015fa\u011f\u0131daki sa\u011flay\u0131c\u0131da bar\u0131nd\u0131r\u0131yoruz: Harici bar\u0131nd\u0131rma Bu web sitesi harici olarak bar\u0131nd\u0131r\u0131lmaktad\u0131r. Bu web sitesinde toplanan ki\u015fisel veriler, bar\u0131nd\u0131rma sa\u011flay\u0131c\u0131s\u0131n\u0131n\/sa\u011flay\u0131c\u0131lar\u0131n\u0131n sunucular\u0131nda saklan\u0131r. Bunlar \u00f6zellikle IP adresleri, ileti\u015fim talepleri, meta ve ileti\u015fim verileri, s\u00f6zle\u015fme verileri, ileti\u015fim bilgileri, isimler, web sitesi eri\u015fimleri ve bir web sitesi \u00fczerinden olu\u015fturulan di\u011fer veriler olabilir. Harici bar\u0131nd\u0131rma, potansiyel ve mevcut m\u00fc\u015fterilerimize kar\u015f\u0131 s\u00f6zle\u015fmenin ifas\u0131 amac\u0131yla (GDPR md. 6\/1-b) ve profesyonel bir sa\u011flay\u0131c\u0131 arac\u0131l\u0131\u011f\u0131yla \u00e7evrim i\u00e7i hizmetimizin g\u00fcvenli, h\u0131zl\u0131 ve verimli bi\u00e7imde sunulmas\u0131na y\u00f6nelik menfaatimiz do\u011frultusunda (GDPR md. 6\/1-f) ger\u00e7ekle\u015ftirilir. \u0130lgili bir a\u00e7\u0131k r\u0131za al\u0131nm\u0131\u015fsa, i\u015fleme yaln\u0131zca GDPR md. 6\/1-a ve TDDDG md. 25\/1 uyar\u0131nca ger\u00e7ekle\u015ftirilir; bu, a\u00e7\u0131k r\u0131zan\u0131n TDDDG anlam\u0131nda \u00e7erezlerin saklanmas\u0131n\u0131 veya kullan\u0131c\u0131n\u0131n u\u00e7 cihaz\u0131ndaki bilgilere eri\u015fimi (\u00f6rn. cihaz parmak izi) kapsad\u0131\u011f\u0131 \u00f6l\u00e7\u00fcde ge\u00e7erlidir. A\u00e7\u0131k r\u0131za her zaman geri al\u0131nabilir. Bar\u0131nd\u0131rma sa\u011flay\u0131c\u0131m\u0131z\/sa\u011flay\u0131c\u0131lar\u0131m\u0131z verilerinizi yaln\u0131zca edim y\u00fck\u00fcml\u00fcl\u00fcklerinin yerine getirilmesi i\u00e7in gerekli oldu\u011fu \u00f6l\u00e7\u00fcde i\u015fleyecek ve bu verilerle ilgili talimatlar\u0131m\u0131za uyacakt\u0131r. A\u015fa\u011f\u0131daki bar\u0131nd\u0131rma sa\u011flay\u0131c\u0131s\u0131n\u0131\/sa\u011flay\u0131c\u0131lar\u0131n\u0131 kullan\u0131yoruz: HOSTINGER operations, UAB \u0160vitrigailos str. 34, Vilnius 03230 Lithuania Veri i\u015fleyen s\u0131fat\u0131yla i\u015fleme Yukar\u0131da belirtilen hizmetin kullan\u0131m\u0131 i\u00e7in bir veri i\u015fleme s\u00f6zle\u015fmesi (AVV) akdettik. Bu, veri koruma hukuku uyar\u0131nca zorunlu olan ve ilgili taraf\u0131n web sitesi ziyaret\u00e7ilerimizin ki\u015fisel verilerini yaln\u0131zca talimatlar\u0131m\u0131z do\u011frultusunda ve GDPR&#8217;ye uygun olarak i\u015flemesini g\u00fcvence alt\u0131na alan bir s\u00f6zle\u015fmedir. 3. Genel bilgiler ve zorunlu a\u00e7\u0131klamalar Veri koruma Bu sayfalar\u0131n i\u015fletmecileri, ki\u015fisel verilerinizin korunmas\u0131n\u0131 \u00e7ok ciddiye almaktad\u0131r. Ki\u015fisel verilerinizi gizli tutar ve yasal veri koruma d\u00fczenlemelerine ve bu gizlilik politikas\u0131na uygun olarak i\u015fleriz. Bu web sitesini kulland\u0131\u011f\u0131n\u0131zda \u00e7e\u015fitli ki\u015fisel veriler toplan\u0131r. Ki\u015fisel veriler, kimli\u011finizin belirlenmesini sa\u011flayan verilerdir. \u0130\u015fbu gizlilik politikas\u0131, hangi verileri toplad\u0131\u011f\u0131m\u0131z\u0131 ve bunlar\u0131 ne i\u00e7in kulland\u0131\u011f\u0131m\u0131z\u0131 a\u00e7\u0131klar. Ayr\u0131ca bunun nas\u0131l ve hangi ama\u00e7la ger\u00e7ekle\u015fti\u011fini de a\u00e7\u0131klar. \u0130nternet \u00fczerinden veri aktar\u0131m\u0131n\u0131n (\u00f6rn. e-posta ile ileti\u015fimde) g\u00fcvenlik a\u00e7\u0131klar\u0131 i\u00e7erebilece\u011fini belirtmek isteriz. Verilerin \u00fc\u00e7\u00fcnc\u00fc ki\u015filerin eri\u015fimine kar\u015f\u0131 eksiksiz bi\u00e7imde korunmas\u0131 m\u00fcmk\u00fcn de\u011fildir. Veri sorumlusuna ili\u015fkin bilgi Bu web sitesindeki veri i\u015flemeden sorumlu veri sorumlusu: Daniel Fraidych Rudolf-Wilhelm-Str. 76 66131 Saarbr\u00fccken Telefon: +49160 5741177 E-posta: service@povnomad.com Veri sorumlusu, ki\u015fisel verilerin (\u00f6rn. isim, e-posta adresi vb.) i\u015flenmesinin ama\u00e7lar\u0131n\u0131 ve ara\u00e7lar\u0131n\u0131 tek ba\u015f\u0131na veya ba\u015fkalar\u0131yla birlikte belirleyen ger\u00e7ek veya t\u00fczel ki\u015fidir. Saklama s\u00fcresi Bu gizlilik politikas\u0131 i\u00e7inde daha \u00f6zel bir saklama s\u00fcresi belirtilmedi\u011fi s\u00fcrece, ki\u015fisel verileriniz veri i\u015fleme amac\u0131 ortadan kalkana kadar bizde kal\u0131r. Hakl\u0131 bir silme talebinde bulunman\u0131z veya veri i\u015flemeye ili\u015fkin a\u00e7\u0131k r\u0131zan\u0131z\u0131 geri alman\u0131z h\u00e2linde, ki\u015fisel verilerinizin saklanmas\u0131 i\u00e7in hukuken kabul edilebilir ba\u015fka bir gerek\u00e7emiz yoksa (\u00f6rn. vergi hukuku veya ticaret hukuku kaynakl\u0131 saklama s\u00fcreleri) verileriniz silinir; son durumda silme, bu gerek\u00e7elerin ortadan kalkmas\u0131n\u0131n ard\u0131ndan ger\u00e7ekle\u015fir. Bu web sitesindeki veri i\u015flemenin hukuki dayanaklar\u0131na ili\u015fkin genel bilgiler Veri i\u015flemeye a\u00e7\u0131k r\u0131za verdiyseniz, ki\u015fisel verilerinizi GDPR md. 6\/1-a uyar\u0131nca, GDPR md. 9\/1 kapsam\u0131ndaki \u00f6zel nitelikli veri kategorileri i\u015fleniyorsa GDPR md. 9\/2-a uyar\u0131nca i\u015fleriz. Ki\u015fisel verilerin \u00fc\u00e7\u00fcnc\u00fc \u00fclkelere aktar\u0131lmas\u0131na a\u00e7\u0131k\u00e7a r\u0131za g\u00f6sterilmesi h\u00e2linde, veri i\u015fleme ayr\u0131ca GDPR md. 49\/1-a uyar\u0131nca ger\u00e7ekle\u015fir. \u00c7erezlerin saklanmas\u0131na veya u\u00e7 cihaz\u0131n\u0131zdaki bilgilere eri\u015fime (\u00f6rn. cihaz parmak izi yoluyla) r\u0131za g\u00f6sterdiyseniz, veri i\u015fleme ek olarak TDDDG md. 25\/1 uyar\u0131nca ger\u00e7ekle\u015fir. A\u00e7\u0131k r\u0131za her zaman geri al\u0131nabilir. Verileriniz s\u00f6zle\u015fmenin ifas\u0131 veya s\u00f6zle\u015fme \u00f6ncesi tedbirlerin uygulanmas\u0131 i\u00e7in gerekliyse, verilerinizi GDPR md. 6\/1-b uyar\u0131nca i\u015fleriz. Ayr\u0131ca, verileriniz hukuki bir y\u00fck\u00fcml\u00fcl\u00fc\u011f\u00fcn yerine getirilmesi i\u00e7in gerekliyse bunlar\u0131 GDPR md. 6\/1-c uyar\u0131nca i\u015fleriz. Veri i\u015fleme ayr\u0131ca GDPR md. 6\/1-f uyar\u0131nca me\u015fru menfaatimize dayanarak da ger\u00e7ekle\u015febilir. Her bir somut olayda ge\u00e7erli olan hukuki dayanaklar hakk\u0131nda bu gizlilik politikas\u0131n\u0131n a\u015fa\u011f\u0131daki b\u00f6l\u00fcmlerinde bilgi verilmektedir. Ki\u015fisel verilerin al\u0131c\u0131lar\u0131 Ticari faaliyetimiz kapsam\u0131nda \u00e7e\u015fitli harici taraflarla i\u015f birli\u011fi yap\u0131yoruz. Bu kapsamda k\u0131smen ki\u015fisel verilerin bu harici taraflara aktar\u0131lmas\u0131 da gerekmektedir. Ki\u015fisel verileri harici taraflara yaln\u0131zca bir s\u00f6zle\u015fmenin ifas\u0131 kapsam\u0131nda gerekliyse, buna hukuken zorunlu oldu\u011fumuzda (\u00f6rn. verilerin vergi dairelerine iletilmesi), aktar\u0131m konusunda GDPR md. 6\/1-f uyar\u0131nca me\u015fru bir menfaatimiz bulundu\u011funda veya ba\u015fka bir hukuki dayanak veri aktar\u0131m\u0131na izin verdi\u011finde aktar\u0131r\u0131z. Veri i\u015fleyenlerin kullan\u0131lmas\u0131 h\u00e2linde, m\u00fc\u015fterilerimizin ki\u015fisel verilerini yaln\u0131zca ge\u00e7erli bir veri i\u015fleme s\u00f6zle\u015fmesine dayanarak aktar\u0131r\u0131z. Ortak i\u015fleme s\u00f6z konusu oldu\u011funda, ortak i\u015flemeye ili\u015fkin bir s\u00f6zle\u015fme akdedilir. Veri i\u015flemeye ili\u015fkin a\u00e7\u0131k r\u0131zan\u0131z\u0131n geri al\u0131nmas\u0131 Bir\u00e7ok veri i\u015fleme s\u00fcreci yaln\u0131zca a\u00e7\u0131k r\u0131zan\u0131zla m\u00fcmk\u00fcnd\u00fcr. Daha \u00f6nce verdi\u011finiz bir a\u00e7\u0131k r\u0131zay\u0131 her zaman geri alabilirsiniz. Geri almaya kadar ger\u00e7ekle\u015fen veri i\u015flemenin hukuka uygunlu\u011fu, geri almadan etkilenmez. \u00d6zel durumlarda veri toplanmas\u0131na ve do\u011frudan pazarlamaya itiraz hakk\u0131 (GDPR md. 21) VER\u0130 \u0130\u015eLEME GDPR MD. 6\/1-E VEYA F UYARINCA GER\u00c7EKLE\u015e\u0130YORSA, \u00d6ZEL DURUMUNUZDAN KAYNAKLANAN NEDENLERLE, K\u0130\u015e\u0130SEL VER\u0130LER\u0130N\u0130Z\u0130N \u0130\u015eLENMES\u0130NE HER ZAMAN \u0130T\u0130RAZ ETME\" \/>\n<meta property=\"og:url\" content=\"https:\/\/povnomad.com\/tr\/gizlilik-politikasi\/\" \/>\n<meta property=\"og:site_name\" content=\"POVNOMAD - Your Travel Companion\" \/>\n<meta name=\"twitter:card\" content=\"summary_large_image\" \/>\n<meta name=\"twitter:label1\" content=\"Tahmini okuma s\u00fcresi\" \/>\n\t<meta name=\"twitter:data1\" content=\"36 dakika\" \/>\n<script type=\"application\/ld+json\" class=\"yoast-schema-graph\">{\"@context\":\"https:\\\/\\\/schema.org\",\"@graph\":[{\"@type\":\"WebPage\",\"@id\":\"https:\\\/\\\/povnomad.com\\\/tr\\\/gizlilik-politikasi\\\/\",\"url\":\"https:\\\/\\\/povnomad.com\\\/tr\\\/gizlilik-politikasi\\\/\",\"name\":\"Gizlilik Politikas\u0131 - POVNOMAD - Your Travel Companion\",\"isPartOf\":{\"@id\":\"https:\\\/\\\/povnomad.com\\\/tr\\\/#website\"},\"datePublished\":\"2026-08-07T15:59:22+00:00\",\"breadcrumb\":{\"@id\":\"https:\\\/\\\/povnomad.com\\\/tr\\\/gizlilik-politikasi\\\/#breadcrumb\"},\"inLanguage\":\"tr\",\"potentialAction\":[{\"@type\":\"ReadAction\",\"target\":[\"https:\\\/\\\/povnomad.com\\\/tr\\\/gizlilik-politikasi\\\/\"]}]},{\"@type\":\"BreadcrumbList\",\"@id\":\"https:\\\/\\\/povnomad.com\\\/tr\\\/gizlilik-politikasi\\\/#breadcrumb\",\"itemListElement\":[{\"@type\":\"ListItem\",\"position\":1,\"name\":\"Startseite\",\"item\":\"https:\\\/\\\/povnomad.com\\\/tr\\\/\"},{\"@type\":\"ListItem\",\"position\":2,\"name\":\"Gizlilik Politikas\u0131\"}]},{\"@type\":\"WebSite\",\"@id\":\"https:\\\/\\\/povnomad.com\\\/tr\\\/#website\",\"url\":\"https:\\\/\\\/povnomad.com\\\/tr\\\/\",\"name\":\"POVNOMAD - Your Travel Companion\",\"description\":\"eSIMs with \u2764\ufe0f  in Germany \ud83c\udde9\ud83c\uddea\",\"publisher\":{\"@id\":\"https:\\\/\\\/povnomad.com\\\/tr\\\/#organization\"},\"potentialAction\":[{\"@type\":\"SearchAction\",\"target\":{\"@type\":\"EntryPoint\",\"urlTemplate\":\"https:\\\/\\\/povnomad.com\\\/tr\\\/?s={search_term_string}\"},\"query-input\":{\"@type\":\"PropertyValueSpecification\",\"valueRequired\":true,\"valueName\":\"search_term_string\"}}],\"inLanguage\":\"tr\"},{\"@type\":\"Organization\",\"@id\":\"https:\\\/\\\/povnomad.com\\\/tr\\\/#organization\",\"name\":\"POVNOMAD - Your Travel Companion\",\"url\":\"https:\\\/\\\/povnomad.com\\\/tr\\\/\",\"logo\":{\"@type\":\"ImageObject\",\"inLanguage\":\"tr\",\"@id\":\"https:\\\/\\\/povnomad.com\\\/tr\\\/#\\\/schema\\\/logo\\\/image\\\/\",\"url\":\"https:\\\/\\\/povnomad.com\\\/wp-content\\\/uploads\\\/2026\\\/03\\\/cropped-POVNOMAD-LOGO-HQ-ohne-BG-mobile-webp.webp\",\"contentUrl\":\"https:\\\/\\\/povnomad.com\\\/wp-content\\\/uploads\\\/2026\\\/03\\\/cropped-POVNOMAD-LOGO-HQ-ohne-BG-mobile-webp.webp\",\"width\":1291,\"height\":322,\"caption\":\"POVNOMAD - Your Travel Companion\"},\"image\":{\"@id\":\"https:\\\/\\\/povnomad.com\\\/tr\\\/#\\\/schema\\\/logo\\\/image\\\/\"},\"sameAs\":[\"https:\\\/\\\/www.instagram.com\\\/povnomad_\",\"https:\\\/\\\/tiktok.com\\\/@povnomad_\",\"https:\\\/\\\/de.trustpilot.com\\\/review\\\/povnomad.com\",\"https:\\\/\\\/www.ebay.de\\\/usr\\\/povnomad\",\"https:\\\/\\\/play.google.com\\\/store\\\/apps\\\/details?id=com.povnomad.app\",\"https:\\\/\\\/apps.apple.com\\\/app\\\/id6798531168\",\"https:\\\/\\\/www.youtube.com\\\/@POVNOMAD_Travel\"],\"description\":\"POVNOMAD, merkezi Almanya'n\u0131n Saarbr\u00fccken \u015fehrinde bulunan bir Alman seyahat eSIM sa\u011flay\u0131c\u0131s\u0131d\u0131r. 190'dan fazla \u00fclke i\u00e7in \u00f6n \u00f6demeli veri eSIM'leri sunuyoruz: QR kodla dakikalar i\u00e7inde etkinle\u015ftirilir, s\u00f6zle\u015fme ve SIM de\u011fi\u015fimi gerektirmez; Almanya'dan destek ve 30 g\u00fcn memnuniyet garantisiyle. povnomad.com'da, eBay'de ve POVNOMAD uygulamas\u0131nda.\",\"slogan\":\"Your Travel Companion\",\"email\":\"service@povnomad.com\",\"vatID\":\"DE439892198\",\"address\":{\"@type\":\"PostalAddress\",\"addressLocality\":\"Saarbr\u00fccken\",\"addressCountry\":\"DE\"},\"contactPoint\":{\"@type\":\"ContactPoint\",\"contactType\":\"customer service\",\"email\":\"service@povnomad.com\",\"url\":\"https:\\\/\\\/wa.me\\\/491605741177\",\"availableLanguage\":[\"German\",\"English\",\"Spanish\",\"French\",\"Turkish\",\"Russian\",\"Portuguese\"]},\"founder\":{\"@type\":\"Person\",\"name\":\"Daniel Fraidych\",\"jobTitle\":\"Founder\",\"url\":\"https:\\\/\\\/povnomad.com\\\/tr\\\/author\\\/daniel\\\/\"},\"areaServed\":\"Worldwide\",\"knowsAbout\":[\"eSIM\",\"Travel SIM\",\"Roaming\",\"Mobile data for travelers\"],\"foundingDate\":\"2025\"}]}<\/script>\n<!-- \/ Yoast SEO plugin. -->","yoast_head_json":{"title":"Gizlilik Politikas\u0131 - POVNOMAD - Your Travel Companion","robots":{"index":"index","follow":"follow","max-snippet":"max-snippet:-1","max-image-preview":"max-image-preview:large","max-video-preview":"max-video-preview:-1"},"canonical":"https:\/\/povnomad.com\/tr\/gizlilik-politikasi\/","og_locale":"tr_TR","og_type":"article","og_title":"Gizlilik Politikas\u0131 - POVNOMAD - Your Travel Companion","og_description":"1. Veri korumas\u0131na genel bak\u0131\u015f Genel bilgiler A\u015fa\u011f\u0131daki bilgiler, bu web sitesini ziyaret etti\u011finizde ki\u015fisel verilerinize ne oldu\u011funa dair basit bir genel bak\u0131\u015f sunar. Ki\u015fisel veriler, kimli\u011finizin belirlenmesini sa\u011flayan t\u00fcm verilerdir. Veri koruma konusunda ayr\u0131nt\u0131l\u0131 bilgileri, bu metnin alt\u0131nda yer alan gizlilik politikam\u0131zda bulabilirsiniz. Bu web sitesinde veri toplanmas\u0131 Bu web sitesindeki veri toplamadan kim sorumludur? Bu web sitesindeki veri i\u015fleme, web sitesi i\u015fletmecisi taraf\u0131ndan ger\u00e7ekle\u015ftirilir. \u0130\u015fletmecinin ileti\u015fim bilgilerini bu gizlilik politikas\u0131ndaki \u201eVeri sorumlusuna ili\u015fkin bilgi&#8221; b\u00f6l\u00fcm\u00fcnde bulabilirsiniz. Verilerinizi nas\u0131l topluyoruz? Verileriniz bir yandan bunlar\u0131 bize bildirmeniz yoluyla toplan\u0131r. Bu, \u00f6rne\u011fin bir ileti\u015fim formuna girdi\u011finiz veriler olabilir. Di\u011fer veriler, web sitesini ziyaretiniz s\u0131ras\u0131nda otomatik olarak veya a\u00e7\u0131k r\u0131zan\u0131z \u00fczerine BT sistemlerimiz taraf\u0131ndan toplan\u0131r. Bunlar \u00f6zellikle teknik verilerdir (\u00f6rn. internet taray\u0131c\u0131s\u0131, i\u015fletim sistemi veya sayfan\u0131n g\u00f6r\u00fcnt\u00fclenme saati). Bu verilerin toplanmas\u0131, bu web sitesine girdi\u011finiz anda otomatik olarak ger\u00e7ekle\u015fir. Verilerinizi ne ama\u00e7la kullan\u0131yoruz? Verilerin bir k\u0131sm\u0131, web sitesinin hatas\u0131z sunulmas\u0131n\u0131 sa\u011flamak amac\u0131yla toplan\u0131r. Di\u011fer veriler, kullan\u0131c\u0131 davran\u0131\u015f\u0131n\u0131z\u0131n analizi i\u00e7in kullan\u0131labilir. Web sitesi \u00fczerinden s\u00f6zle\u015fme kurulabiliyor veya s\u00f6zle\u015fme g\u00f6r\u00fc\u015fmeleri ba\u015flat\u0131labiliyorsa, iletilen veriler s\u00f6zle\u015fme teklifleri, sipari\u015fler veya di\u011fer sipari\u015f talepleri i\u00e7in de i\u015flenir. Verilerinizle ilgili hangi haklara sahipsiniz? Saklanan ki\u015fisel verilerinizin kayna\u011f\u0131, al\u0131c\u0131lar\u0131 ve amac\u0131 hakk\u0131nda her zaman \u00fccretsiz olarak bilgi alma hakk\u0131na sahipsiniz. Ayr\u0131ca bu verilerin d\u00fczeltilmesini veya silinmesini talep etme hakk\u0131n\u0131z vard\u0131r. Veri i\u015flemeye a\u00e7\u0131k r\u0131za verdiyseniz, bu r\u0131zay\u0131 gelece\u011fe etkili olacak \u015fekilde her zaman geri alabilirsiniz. Bunun d\u0131\u015f\u0131nda, belirli ko\u015fullar alt\u0131nda ki\u015fisel verilerinizin i\u015flenmesinin k\u0131s\u0131tlanmas\u0131n\u0131 talep etme hakk\u0131na sahipsiniz. Ayr\u0131ca yetkili denetim makam\u0131na \u015fik\u00e2yette bulunma hakk\u0131n\u0131z bulunmaktad\u0131r. Bu konuda ve veri koruma ile ilgili di\u011fer sorular\u0131n\u0131z i\u00e7in her zaman bize ba\u015fvurabilirsiniz. Analiz ara\u00e7lar\u0131 ve \u00fc\u00e7\u00fcnc\u00fc taraf ara\u00e7lar\u0131 Bu web sitesini ziyaretiniz s\u0131ras\u0131nda gezinme davran\u0131\u015f\u0131n\u0131z istatistiksel olarak de\u011ferlendirilebilir. Bu, \u00f6zellikle s\u00f6zde analiz programlar\u0131 ile ger\u00e7ekle\u015fir. Bu analiz programlar\u0131na ili\u015fkin ayr\u0131nt\u0131l\u0131 bilgileri a\u015fa\u011f\u0131daki gizlilik politikas\u0131nda bulabilirsiniz. 2. Bar\u0131nd\u0131rma (Hosting) Web sitemizin i\u00e7eriklerini a\u015fa\u011f\u0131daki sa\u011flay\u0131c\u0131da bar\u0131nd\u0131r\u0131yoruz: Harici bar\u0131nd\u0131rma Bu web sitesi harici olarak bar\u0131nd\u0131r\u0131lmaktad\u0131r. Bu web sitesinde toplanan ki\u015fisel veriler, bar\u0131nd\u0131rma sa\u011flay\u0131c\u0131s\u0131n\u0131n\/sa\u011flay\u0131c\u0131lar\u0131n\u0131n sunucular\u0131nda saklan\u0131r. Bunlar \u00f6zellikle IP adresleri, ileti\u015fim talepleri, meta ve ileti\u015fim verileri, s\u00f6zle\u015fme verileri, ileti\u015fim bilgileri, isimler, web sitesi eri\u015fimleri ve bir web sitesi \u00fczerinden olu\u015fturulan di\u011fer veriler olabilir. Harici bar\u0131nd\u0131rma, potansiyel ve mevcut m\u00fc\u015fterilerimize kar\u015f\u0131 s\u00f6zle\u015fmenin ifas\u0131 amac\u0131yla (GDPR md. 6\/1-b) ve profesyonel bir sa\u011flay\u0131c\u0131 arac\u0131l\u0131\u011f\u0131yla \u00e7evrim i\u00e7i hizmetimizin g\u00fcvenli, h\u0131zl\u0131 ve verimli bi\u00e7imde sunulmas\u0131na y\u00f6nelik menfaatimiz do\u011frultusunda (GDPR md. 6\/1-f) ger\u00e7ekle\u015ftirilir. \u0130lgili bir a\u00e7\u0131k r\u0131za al\u0131nm\u0131\u015fsa, i\u015fleme yaln\u0131zca GDPR md. 6\/1-a ve TDDDG md. 25\/1 uyar\u0131nca ger\u00e7ekle\u015ftirilir; bu, a\u00e7\u0131k r\u0131zan\u0131n TDDDG anlam\u0131nda \u00e7erezlerin saklanmas\u0131n\u0131 veya kullan\u0131c\u0131n\u0131n u\u00e7 cihaz\u0131ndaki bilgilere eri\u015fimi (\u00f6rn. cihaz parmak izi) kapsad\u0131\u011f\u0131 \u00f6l\u00e7\u00fcde ge\u00e7erlidir. A\u00e7\u0131k r\u0131za her zaman geri al\u0131nabilir. Bar\u0131nd\u0131rma sa\u011flay\u0131c\u0131m\u0131z\/sa\u011flay\u0131c\u0131lar\u0131m\u0131z verilerinizi yaln\u0131zca edim y\u00fck\u00fcml\u00fcl\u00fcklerinin yerine getirilmesi i\u00e7in gerekli oldu\u011fu \u00f6l\u00e7\u00fcde i\u015fleyecek ve bu verilerle ilgili talimatlar\u0131m\u0131za uyacakt\u0131r. A\u015fa\u011f\u0131daki bar\u0131nd\u0131rma sa\u011flay\u0131c\u0131s\u0131n\u0131\/sa\u011flay\u0131c\u0131lar\u0131n\u0131 kullan\u0131yoruz: HOSTINGER operations, UAB \u0160vitrigailos str. 34, Vilnius 03230 Lithuania Veri i\u015fleyen s\u0131fat\u0131yla i\u015fleme Yukar\u0131da belirtilen hizmetin kullan\u0131m\u0131 i\u00e7in bir veri i\u015fleme s\u00f6zle\u015fmesi (AVV) akdettik. Bu, veri koruma hukuku uyar\u0131nca zorunlu olan ve ilgili taraf\u0131n web sitesi ziyaret\u00e7ilerimizin ki\u015fisel verilerini yaln\u0131zca talimatlar\u0131m\u0131z do\u011frultusunda ve GDPR&#8217;ye uygun olarak i\u015flemesini g\u00fcvence alt\u0131na alan bir s\u00f6zle\u015fmedir. 3. Genel bilgiler ve zorunlu a\u00e7\u0131klamalar Veri koruma Bu sayfalar\u0131n i\u015fletmecileri, ki\u015fisel verilerinizin korunmas\u0131n\u0131 \u00e7ok ciddiye almaktad\u0131r. Ki\u015fisel verilerinizi gizli tutar ve yasal veri koruma d\u00fczenlemelerine ve bu gizlilik politikas\u0131na uygun olarak i\u015fleriz. Bu web sitesini kulland\u0131\u011f\u0131n\u0131zda \u00e7e\u015fitli ki\u015fisel veriler toplan\u0131r. Ki\u015fisel veriler, kimli\u011finizin belirlenmesini sa\u011flayan verilerdir. \u0130\u015fbu gizlilik politikas\u0131, hangi verileri toplad\u0131\u011f\u0131m\u0131z\u0131 ve bunlar\u0131 ne i\u00e7in kulland\u0131\u011f\u0131m\u0131z\u0131 a\u00e7\u0131klar. Ayr\u0131ca bunun nas\u0131l ve hangi ama\u00e7la ger\u00e7ekle\u015fti\u011fini de a\u00e7\u0131klar. \u0130nternet \u00fczerinden veri aktar\u0131m\u0131n\u0131n (\u00f6rn. e-posta ile ileti\u015fimde) g\u00fcvenlik a\u00e7\u0131klar\u0131 i\u00e7erebilece\u011fini belirtmek isteriz. Verilerin \u00fc\u00e7\u00fcnc\u00fc ki\u015filerin eri\u015fimine kar\u015f\u0131 eksiksiz bi\u00e7imde korunmas\u0131 m\u00fcmk\u00fcn de\u011fildir. Veri sorumlusuna ili\u015fkin bilgi Bu web sitesindeki veri i\u015flemeden sorumlu veri sorumlusu: Daniel Fraidych Rudolf-Wilhelm-Str. 76 66131 Saarbr\u00fccken Telefon: +49160 5741177 E-posta: service@povnomad.com Veri sorumlusu, ki\u015fisel verilerin (\u00f6rn. isim, e-posta adresi vb.) i\u015flenmesinin ama\u00e7lar\u0131n\u0131 ve ara\u00e7lar\u0131n\u0131 tek ba\u015f\u0131na veya ba\u015fkalar\u0131yla birlikte belirleyen ger\u00e7ek veya t\u00fczel ki\u015fidir. Saklama s\u00fcresi Bu gizlilik politikas\u0131 i\u00e7inde daha \u00f6zel bir saklama s\u00fcresi belirtilmedi\u011fi s\u00fcrece, ki\u015fisel verileriniz veri i\u015fleme amac\u0131 ortadan kalkana kadar bizde kal\u0131r. Hakl\u0131 bir silme talebinde bulunman\u0131z veya veri i\u015flemeye ili\u015fkin a\u00e7\u0131k r\u0131zan\u0131z\u0131 geri alman\u0131z h\u00e2linde, ki\u015fisel verilerinizin saklanmas\u0131 i\u00e7in hukuken kabul edilebilir ba\u015fka bir gerek\u00e7emiz yoksa (\u00f6rn. vergi hukuku veya ticaret hukuku kaynakl\u0131 saklama s\u00fcreleri) verileriniz silinir; son durumda silme, bu gerek\u00e7elerin ortadan kalkmas\u0131n\u0131n ard\u0131ndan ger\u00e7ekle\u015fir. Bu web sitesindeki veri i\u015flemenin hukuki dayanaklar\u0131na ili\u015fkin genel bilgiler Veri i\u015flemeye a\u00e7\u0131k r\u0131za verdiyseniz, ki\u015fisel verilerinizi GDPR md. 6\/1-a uyar\u0131nca, GDPR md. 9\/1 kapsam\u0131ndaki \u00f6zel nitelikli veri kategorileri i\u015fleniyorsa GDPR md. 9\/2-a uyar\u0131nca i\u015fleriz. Ki\u015fisel verilerin \u00fc\u00e7\u00fcnc\u00fc \u00fclkelere aktar\u0131lmas\u0131na a\u00e7\u0131k\u00e7a r\u0131za g\u00f6sterilmesi h\u00e2linde, veri i\u015fleme ayr\u0131ca GDPR md. 49\/1-a uyar\u0131nca ger\u00e7ekle\u015fir. \u00c7erezlerin saklanmas\u0131na veya u\u00e7 cihaz\u0131n\u0131zdaki bilgilere eri\u015fime (\u00f6rn. cihaz parmak izi yoluyla) r\u0131za g\u00f6sterdiyseniz, veri i\u015fleme ek olarak TDDDG md. 25\/1 uyar\u0131nca ger\u00e7ekle\u015fir. A\u00e7\u0131k r\u0131za her zaman geri al\u0131nabilir. Verileriniz s\u00f6zle\u015fmenin ifas\u0131 veya s\u00f6zle\u015fme \u00f6ncesi tedbirlerin uygulanmas\u0131 i\u00e7in gerekliyse, verilerinizi GDPR md. 6\/1-b uyar\u0131nca i\u015fleriz. Ayr\u0131ca, verileriniz hukuki bir y\u00fck\u00fcml\u00fcl\u00fc\u011f\u00fcn yerine getirilmesi i\u00e7in gerekliyse bunlar\u0131 GDPR md. 6\/1-c uyar\u0131nca i\u015fleriz. Veri i\u015fleme ayr\u0131ca GDPR md. 6\/1-f uyar\u0131nca me\u015fru menfaatimize dayanarak da ger\u00e7ekle\u015febilir. Her bir somut olayda ge\u00e7erli olan hukuki dayanaklar hakk\u0131nda bu gizlilik politikas\u0131n\u0131n a\u015fa\u011f\u0131daki b\u00f6l\u00fcmlerinde bilgi verilmektedir. Ki\u015fisel verilerin al\u0131c\u0131lar\u0131 Ticari faaliyetimiz kapsam\u0131nda \u00e7e\u015fitli harici taraflarla i\u015f birli\u011fi yap\u0131yoruz. Bu kapsamda k\u0131smen ki\u015fisel verilerin bu harici taraflara aktar\u0131lmas\u0131 da gerekmektedir. Ki\u015fisel verileri harici taraflara yaln\u0131zca bir s\u00f6zle\u015fmenin ifas\u0131 kapsam\u0131nda gerekliyse, buna hukuken zorunlu oldu\u011fumuzda (\u00f6rn. verilerin vergi dairelerine iletilmesi), aktar\u0131m konusunda GDPR md. 6\/1-f uyar\u0131nca me\u015fru bir menfaatimiz bulundu\u011funda veya ba\u015fka bir hukuki dayanak veri aktar\u0131m\u0131na izin verdi\u011finde aktar\u0131r\u0131z. Veri i\u015fleyenlerin kullan\u0131lmas\u0131 h\u00e2linde, m\u00fc\u015fterilerimizin ki\u015fisel verilerini yaln\u0131zca ge\u00e7erli bir veri i\u015fleme s\u00f6zle\u015fmesine dayanarak aktar\u0131r\u0131z. Ortak i\u015fleme s\u00f6z konusu oldu\u011funda, ortak i\u015flemeye ili\u015fkin bir s\u00f6zle\u015fme akdedilir. Veri i\u015flemeye ili\u015fkin a\u00e7\u0131k r\u0131zan\u0131z\u0131n geri al\u0131nmas\u0131 Bir\u00e7ok veri i\u015fleme s\u00fcreci yaln\u0131zca a\u00e7\u0131k r\u0131zan\u0131zla m\u00fcmk\u00fcnd\u00fcr. Daha \u00f6nce verdi\u011finiz bir a\u00e7\u0131k r\u0131zay\u0131 her zaman geri alabilirsiniz. Geri almaya kadar ger\u00e7ekle\u015fen veri i\u015flemenin hukuka uygunlu\u011fu, geri almadan etkilenmez. \u00d6zel durumlarda veri toplanmas\u0131na ve do\u011frudan pazarlamaya itiraz hakk\u0131 (GDPR md. 21) VER\u0130 \u0130\u015eLEME GDPR MD. 6\/1-E VEYA F UYARINCA GER\u00c7EKLE\u015e\u0130YORSA, \u00d6ZEL DURUMUNUZDAN KAYNAKLANAN NEDENLERLE, K\u0130\u015e\u0130SEL VER\u0130LER\u0130N\u0130Z\u0130N \u0130\u015eLENMES\u0130NE HER ZAMAN \u0130T\u0130RAZ ETME","og_url":"https:\/\/povnomad.com\/tr\/gizlilik-politikasi\/","og_site_name":"POVNOMAD - Your Travel Companion","twitter_card":"summary_large_image","twitter_misc":{"Tahmini okuma s\u00fcresi":"36 dakika"},"schema":{"@context":"https:\/\/schema.org","@graph":[{"@type":"WebPage","@id":"https:\/\/povnomad.com\/tr\/gizlilik-politikasi\/","url":"https:\/\/povnomad.com\/tr\/gizlilik-politikasi\/","name":"Gizlilik Politikas\u0131 - POVNOMAD - Your Travel Companion","isPartOf":{"@id":"https:\/\/povnomad.com\/tr\/#website"},"datePublished":"2026-08-07T15:59:22+00:00","breadcrumb":{"@id":"https:\/\/povnomad.com\/tr\/gizlilik-politikasi\/#breadcrumb"},"inLanguage":"tr","potentialAction":[{"@type":"ReadAction","target":["https:\/\/povnomad.com\/tr\/gizlilik-politikasi\/"]}]},{"@type":"BreadcrumbList","@id":"https:\/\/povnomad.com\/tr\/gizlilik-politikasi\/#breadcrumb","itemListElement":[{"@type":"ListItem","position":1,"name":"Startseite","item":"https:\/\/povnomad.com\/tr\/"},{"@type":"ListItem","position":2,"name":"Gizlilik Politikas\u0131"}]},{"@type":"WebSite","@id":"https:\/\/povnomad.com\/tr\/#website","url":"https:\/\/povnomad.com\/tr\/","name":"POVNOMAD - Your Travel Companion","description":"eSIMs with \u2764\ufe0f  in Germany \ud83c\udde9\ud83c\uddea","publisher":{"@id":"https:\/\/povnomad.com\/tr\/#organization"},"potentialAction":[{"@type":"SearchAction","target":{"@type":"EntryPoint","urlTemplate":"https:\/\/povnomad.com\/tr\/?s={search_term_string}"},"query-input":{"@type":"PropertyValueSpecification","valueRequired":true,"valueName":"search_term_string"}}],"inLanguage":"tr"},{"@type":"Organization","@id":"https:\/\/povnomad.com\/tr\/#organization","name":"POVNOMAD - Your Travel Companion","url":"https:\/\/povnomad.com\/tr\/","logo":{"@type":"ImageObject","inLanguage":"tr","@id":"https:\/\/povnomad.com\/tr\/#\/schema\/logo\/image\/","url":"https:\/\/povnomad.com\/wp-content\/uploads\/2026\/03\/cropped-POVNOMAD-LOGO-HQ-ohne-BG-mobile-webp.webp","contentUrl":"https:\/\/povnomad.com\/wp-content\/uploads\/2026\/03\/cropped-POVNOMAD-LOGO-HQ-ohne-BG-mobile-webp.webp","width":1291,"height":322,"caption":"POVNOMAD - Your Travel Companion"},"image":{"@id":"https:\/\/povnomad.com\/tr\/#\/schema\/logo\/image\/"},"sameAs":["https:\/\/www.instagram.com\/povnomad_","https:\/\/tiktok.com\/@povnomad_","https:\/\/de.trustpilot.com\/review\/povnomad.com","https:\/\/www.ebay.de\/usr\/povnomad","https:\/\/play.google.com\/store\/apps\/details?id=com.povnomad.app","https:\/\/apps.apple.com\/app\/id6798531168","https:\/\/www.youtube.com\/@POVNOMAD_Travel"],"description":"POVNOMAD, merkezi Almanya'n\u0131n Saarbr\u00fccken \u015fehrinde bulunan bir Alman seyahat eSIM sa\u011flay\u0131c\u0131s\u0131d\u0131r. 190'dan fazla \u00fclke i\u00e7in \u00f6n \u00f6demeli veri eSIM'leri sunuyoruz: QR kodla dakikalar i\u00e7inde etkinle\u015ftirilir, s\u00f6zle\u015fme ve SIM de\u011fi\u015fimi gerektirmez; Almanya'dan destek ve 30 g\u00fcn memnuniyet garantisiyle. povnomad.com'da, eBay'de ve POVNOMAD uygulamas\u0131nda.","slogan":"Your Travel Companion","email":"service@povnomad.com","vatID":"DE439892198","address":{"@type":"PostalAddress","addressLocality":"Saarbr\u00fccken","addressCountry":"DE"},"contactPoint":{"@type":"ContactPoint","contactType":"customer service","email":"service@povnomad.com","url":"https:\/\/wa.me\/491605741177","availableLanguage":["German","English","Spanish","French","Turkish","Russian","Portuguese"]},"founder":{"@type":"Person","name":"Daniel Fraidych","jobTitle":"Founder","url":"https:\/\/povnomad.com\/tr\/author\/daniel\/"},"areaServed":"Worldwide","knowsAbout":["eSIM","Travel SIM","Roaming","Mobile data for travelers"],"foundingDate":"2025"}]}},"uagb_featured_image_src":{"full":false,"thumbnail":false,"medium":false,"medium_large":false,"large":false,"1536x1536":false,"2048x2048":false,"woocommerce_thumbnail":false,"woocommerce_single":false,"woocommerce_gallery_thumbnail":false,"variation_swatches_image_size":false,"variation_swatches_tooltip_size":false,"dgwt-wcas-product-suggestion":false},"uagb_author_info":{"display_name":"Daniel","author_link":"https:\/\/povnomad.com\/tr\/author\/daniel\/"},"uagb_comment_info":0,"uagb_excerpt":"1. Veri korumas\u0131na genel bak\u0131\u015f Genel bilgiler A\u015fa\u011f\u0131daki bilgiler, bu web sitesini ziyaret etti\u011finizde ki\u015fisel verilerinize ne oldu\u011funa dair basit bir genel bak\u0131\u015f sunar. Ki\u015fisel veriler, kimli\u011finizin belirlenmesini sa\u011flayan t\u00fcm verilerdir. Veri koruma konusunda ayr\u0131nt\u0131l\u0131 bilgileri, bu metnin alt\u0131nda yer alan gizlilik politikam\u0131zda bulabilirsiniz. Bu web sitesinde veri toplanmas\u0131 Bu web sitesindeki veri toplamadan kim&hellip;","_links":{"self":[{"href":"https:\/\/povnomad.com\/tr\/wp-json\/wp\/v2\/pages\/31352","targetHints":{"allow":["GET"]}}],"collection":[{"href":"https:\/\/povnomad.com\/tr\/wp-json\/wp\/v2\/pages"}],"about":[{"href":"https:\/\/povnomad.com\/tr\/wp-json\/wp\/v2\/types\/page"}],"author":[{"embeddable":true,"href":"https:\/\/povnomad.com\/tr\/wp-json\/wp\/v2\/users\/2"}],"replies":[{"embeddable":true,"href":"https:\/\/povnomad.com\/tr\/wp-json\/wp\/v2\/comments?post=31352"}],"version-history":[{"count":0,"href":"https:\/\/povnomad.com\/tr\/wp-json\/wp\/v2\/pages\/31352\/revisions"}],"wp:attachment":[{"href":"https:\/\/povnomad.com\/tr\/wp-json\/wp\/v2\/media?parent=31352"}],"curies":[{"name":"wp","href":"https:\/\/api.w.org\/{rel}","templated":true}]}}