{"id":31353,"date":"2026-08-07T17:59:22","date_gmt":"2026-08-07T15:59:22","guid":{"rendered":"https:\/\/povnomad.com\/politica-de-privacidade\/"},"modified":"2026-08-07T17:59:22","modified_gmt":"2026-08-07T15:59:22","slug":"politica-de-privacidade","status":"publish","type":"page","link":"https:\/\/povnomad.com\/pt-br\/politica-de-privacidade\/","title":{"rendered":"Pol\u00edtica de Privacidade"},"content":{"rendered":"\n<h2 class=\"wp-block-heading\"><strong>1. Prote\u00e7\u00e3o de dados em resumo<\/strong><\/h2>\n\n\n\n<p class=\"wp-block-paragraph\"><\/p>\n\n\n\n<h2 class=\"wp-block-heading\">Informa\u00e7\u00f5es gerais<br><\/h2>\n\n\n\n<p class=\"wp-block-paragraph\">As informa\u00e7\u00f5es a seguir oferecem uma vis\u00e3o geral simples do que acontece com os seus dados pessoais quando voc\u00ea visita este site. Dados pessoais s\u00e3o todos os dados que permitem identific\u00e1-lo pessoalmente. Informa\u00e7\u00f5es detalhadas sobre o tema da prote\u00e7\u00e3o de dados podem ser consultadas na nossa Pol\u00edtica de Privacidade apresentada abaixo deste texto.<\/p>\n\n\n\n<p class=\"wp-block-paragraph\"><\/p>\n\n\n\n<h2 class=\"wp-block-heading\">Coleta de dados neste site<br><\/h2>\n\n\n\n<p class=\"wp-block-paragraph\"><strong>Quem \u00e9 o respons\u00e1vel pela coleta de dados neste site?<\/strong><\/p>\n\n\n\n<p class=\"wp-block-paragraph\">O tratamento de dados neste site \u00e9 realizado pelo operador do site. Voc\u00ea pode consultar os dados de contato dele na se\u00e7\u00e3o \u201cInforma\u00e7\u00e3o sobre o respons\u00e1vel pelo tratamento\u201d desta Pol\u00edtica de Privacidade.<\/p>\n\n\n\n<p class=\"wp-block-paragraph\"><strong>Como coletamos os seus dados?<\/strong><\/p>\n\n\n\n<p class=\"wp-block-paragraph\">Os seus dados s\u00e3o coletados, por um lado, porque voc\u00ea nos os comunica. Podem ser, por exemplo, dados que voc\u00ea insere em um formul\u00e1rio de contato.<\/p>\n\n\n\n<p class=\"wp-block-paragraph\">Outros dados s\u00e3o registrados automaticamente ou mediante o seu consentimento, quando voc\u00ea visita o site, pelos nossos sistemas de TI. Trata-se sobretudo de dados t\u00e9cnicos (por exemplo, navegador de internet, sistema operacional ou hor\u00e1rio de acesso \u00e0 p\u00e1gina). A coleta desses dados ocorre automaticamente assim que voc\u00ea acessa este site.<\/p>\n\n\n\n<p class=\"wp-block-paragraph\"><strong>Para que utilizamos os seus dados?<\/strong><\/p>\n\n\n\n<p class=\"wp-block-paragraph\">Uma parte dos dados \u00e9 coletada para assegurar a disponibiliza\u00e7\u00e3o correta do site. Outros dados podem ser utilizados para a an\u00e1lise do seu comportamento de utiliza\u00e7\u00e3o. Caso possam ser celebrados ou iniciados contratos por meio do site, os dados transmitidos s\u00e3o tamb\u00e9m tratados para propostas contratuais, pedidos ou outras solicita\u00e7\u00f5es.<\/p>\n\n\n\n<p class=\"wp-block-paragraph\"><strong>Que direitos voc\u00ea tem em rela\u00e7\u00e3o aos seus dados?<\/strong><\/p>\n\n\n\n<p class=\"wp-block-paragraph\">Voc\u00ea tem, a qualquer momento, o direito de obter gratuitamente informa\u00e7\u00e3o sobre a origem, os destinat\u00e1rios e a finalidade dos seus<\/p>\n\n\n\n<p class=\"wp-block-paragraph\">dados pessoais armazenados. Voc\u00ea tem, al\u00e9m disso, o direito de exigir a retifica\u00e7\u00e3o ou a exclus\u00e3o desses dados. Se voc\u00ea tiver dado o seu consentimento para o tratamento de dados, poder\u00e1 revog\u00e1-lo a qualquer momento com efeitos para o futuro. Voc\u00ea tem ainda o direito de, em determinadas circunst\u00e2ncias, exigir a limita\u00e7\u00e3o do tratamento dos seus dados pessoais. Al\u00e9m disso, assiste-lhe o direito de apresentar reclama\u00e7\u00e3o junto \u00e0 autoridade de controle competente.<\/p>\n\n\n\n<p class=\"wp-block-paragraph\">Para esse fim, bem como para outras quest\u00f5es relativas \u00e0 prote\u00e7\u00e3o de dados, voc\u00ea pode entrar em contato conosco a qualquer momento.<\/p>\n\n\n\n<p class=\"wp-block-paragraph\"><strong>Ferramentas de an\u00e1lise e ferramentas de terceiros<\/strong><\/p>\n\n\n\n<p class=\"wp-block-paragraph\">Durante a visita a este site, o seu comportamento de navega\u00e7\u00e3o pode ser avaliado estatisticamente. Isso ocorre sobretudo por meio dos chamados programas de an\u00e1lise.<\/p>\n\n\n\n<p class=\"wp-block-paragraph\">Informa\u00e7\u00f5es detalhadas sobre esses programas de an\u00e1lise encontram-se na Pol\u00edtica de Privacidade a seguir.<\/p>\n\n\n\n<p class=\"wp-block-paragraph\"><strong>2. Hospedagem<\/strong><\/p>\n\n\n\n<p class=\"wp-block-paragraph\">Hospedamos os conte\u00fados do nosso site junto ao seguinte prestador:<\/p>\n\n\n\n<p class=\"wp-block-paragraph\"><strong>Hospedagem externa<\/strong><\/p>\n\n\n\n<p class=\"wp-block-paragraph\">Este site \u00e9 hospedado externamente. Os dados pessoais registrados neste site s\u00e3o armazenados nos servidores do prestador de hospedagem. Podem estar em causa, sobretudo, endere\u00e7os IP, pedidos de contato, dados de metadados e de comunica\u00e7\u00e3o, dados contratuais, dados de contato, nomes, acessos ao site e outros dados gerados por meio de um site.<\/p>\n\n\n\n<p class=\"wp-block-paragraph\">A hospedagem externa \u00e9 realizada para efeitos de execu\u00e7\u00e3o do contrato perante os nossos clientes potenciais e existentes (art. 6.\u00ba, n.\u00ba 1, al. b) do RGPD) e no interesse de uma disponibiliza\u00e7\u00e3o segura, r\u00e1pida e eficiente da nossa oferta online por um prestador profissional (art. 6.\u00ba, n.\u00ba 1, al. f) do RGPD). Caso tenha sido solicitado o consentimento correspondente, o tratamento ocorre exclusivamente com base no art. 6.\u00ba, n.\u00ba 1, al. a) do RGPD e no \u00a7 25, n.\u00ba 1, da TDDDG, na medida em que o consentimento abranja o armazenamento de cookies ou o acesso a informa\u00e7\u00f5es no dispositivo do usu\u00e1rio (por exemplo, device fingerprinting) na acep\u00e7\u00e3o da TDDDG. O consentimento pode ser revogado a qualquer momento.<\/p>\n\n\n\n<p class=\"wp-block-paragraph\">O nosso ou os nossos prestadores de hospedagem tratar\u00e3o os seus dados apenas na medida necess\u00e1ria ao cumprimento das suas obriga\u00e7\u00f5es de presta\u00e7\u00e3o e seguir\u00e3o as nossas instru\u00e7\u00f5es relativamente a esses dados.<\/p>\n\n\n\n<p class=\"wp-block-paragraph\">Utilizamos o(s) seguinte(s) prestador(es) de hospedagem:<\/p>\n\n\n\n<p class=\"wp-block-paragraph\">HOSTINGER operations, UAB<\/p>\n\n\n\n<p class=\"wp-block-paragraph\">\u0160vitrigailos str. 34, Vilnius 03230 Lithuania<\/p>\n\n\n\n<p class=\"wp-block-paragraph\"><strong>Subcontrata\u00e7\u00e3o<\/strong><\/p>\n\n\n\n<p class=\"wp-block-paragraph\">Celebramos um contrato de subcontrata\u00e7\u00e3o (AVV) para a utiliza\u00e7\u00e3o do servi\u00e7o acima mencionado. Trata-se de um contrato exigido pela legisla\u00e7\u00e3o de prote\u00e7\u00e3o de dados, que assegura que o subcontratante trate os dados pessoais dos visitantes do nosso site apenas segundo as nossas instru\u00e7\u00f5es e em conformidade com o RGPD.<\/p>\n\n\n\n<p class=\"wp-block-paragraph\"><strong>3. Informa\u00e7\u00f5es gerais e informa\u00e7\u00f5es obrigat\u00f3rias<\/strong><\/p>\n\n\n\n<p class=\"wp-block-paragraph\"><strong>Prote\u00e7\u00e3o de dados<\/strong><\/p>\n\n\n\n<p class=\"wp-block-paragraph\">Os operadores destas p\u00e1ginas levam muito a s\u00e9rio a prote\u00e7\u00e3o dos seus dados pessoais. Tratamos os seus dados pessoais de forma confidencial e em conformidade com as disposi\u00e7\u00f5es legais de prote\u00e7\u00e3o de dados, bem como com esta Pol\u00edtica de Privacidade.<\/p>\n\n\n\n<p class=\"wp-block-paragraph\">Quando voc\u00ea utiliza este site, s\u00e3o coletados diversos dados pessoais.<\/p>\n\n\n\n<p class=\"wp-block-paragraph\">Dados pessoais s\u00e3o dados que permitem identific\u00e1-lo pessoalmente. A presente Pol\u00edtica de Privacidade explica quais dados coletamos e para que os utilizamos. Explica tamb\u00e9m como e com que finalidade isso ocorre.<\/p>\n\n\n\n<p class=\"wp-block-paragraph\">Chamamos a aten\u00e7\u00e3o para o fato de que a transmiss\u00e3o de dados pela internet (por exemplo, na comunica\u00e7\u00e3o por e-mail) pode apresentar falhas de seguran\u00e7a. N\u00e3o \u00e9 poss\u00edvel uma prote\u00e7\u00e3o integral dos dados contra o acesso por terceiros.<\/p>\n\n\n\n<p class=\"wp-block-paragraph\"><strong>Informa\u00e7\u00e3o sobre o respons\u00e1vel pelo tratamento<\/strong><\/p>\n\n\n\n<p class=\"wp-block-paragraph\">O respons\u00e1vel pelo tratamento dos dados neste site \u00e9:<\/p>\n\n\n\n<p class=\"wp-block-paragraph\">Daniel Fraidych<\/p>\n\n\n\n<p class=\"wp-block-paragraph\">Rudolf-Wilhelm-Str. 76<\/p>\n\n\n\n<p class=\"wp-block-paragraph\">66131 Saarbr\u00fccken<\/p>\n\n\n\n<p class=\"wp-block-paragraph\">Telefone: +49160 5741177<\/p>\n\n\n\n<p class=\"wp-block-paragraph\">E-mail: service@povnomad.com<\/p>\n\n\n\n<p class=\"wp-block-paragraph\">Respons\u00e1vel pelo tratamento \u00e9 a pessoa f\u00edsica ou jur\u00eddica que, isoladamente ou em conjunto com outras, decide sobre as finalidades e os meios do tratamento de dados pessoais (por exemplo, nomes, endere\u00e7os de e-mail ou semelhantes).<\/p>\n\n\n\n<p class=\"wp-block-paragraph\"><strong>Prazo de conserva\u00e7\u00e3o<\/strong><\/p>\n\n\n\n<p class=\"wp-block-paragraph\">Salvo se, no \u00e2mbito desta Pol\u00edtica de Privacidade, tiver sido indicado um prazo de conserva\u00e7\u00e3o mais espec\u00edfico, os seus dados pessoais permanecem conosco at\u00e9 que deixe de existir a finalidade do tratamento. Se voc\u00ea exercer um pedido leg\u00edtimo de exclus\u00e3o ou revogar um consentimento para o tratamento de dados, os seus dados ser\u00e3o exclu\u00eddos, a menos que existam outros fundamentos legalmente admiss\u00edveis para a conserva\u00e7\u00e3o dos seus dados pessoais (por exemplo, prazos de conserva\u00e7\u00e3o fiscais ou comerciais); neste \u00faltimo caso, a exclus\u00e3o ocorre ap\u00f3s a cessa\u00e7\u00e3o desses fundamentos.<\/p>\n\n\n\n<p class=\"wp-block-paragraph\"><strong>Informa\u00e7\u00f5es gerais sobre os fundamentos jur\u00eddicos do tratamento de dados neste<\/strong><\/p>\n\n\n\n<p class=\"wp-block-paragraph\"><strong>site<\/strong><\/p>\n\n\n\n<p class=\"wp-block-paragraph\">Caso voc\u00ea tenha consentido no tratamento de dados, tratamos os seus dados pessoais com base no art. 6.\u00ba, n.\u00ba 1, al. a) do RGPD ou no art. 9.\u00ba, n.\u00ba 2, al. a) do RGPD, quando sejam tratadas categorias especiais de dados nos termos do art. 9.\u00ba, n.\u00ba 1, do RGPD. No caso de um consentimento expresso para a transfer\u00eancia de dados pessoais para pa\u00edses terceiros, o tratamento de dados ocorre, al\u00e9m disso, com base no art. 49.\u00ba, n.\u00ba 1, al. a) do RGPD. Caso voc\u00ea tenha consentido no armazenamento de cookies ou no acesso a informa\u00e7\u00f5es no seu dispositivo (por exemplo, via device fingerprinting), o tratamento de dados ocorre adicionalmente com base no \u00a7 25, n.\u00ba 1, da TDDDG. O consentimento pode ser revogado a qualquer momento. Se os seus dados forem necess\u00e1rios para a execu\u00e7\u00e3o do contrato ou para a realiza\u00e7\u00e3o de dilig\u00eancias pr\u00e9-contratuais, tratamos os seus dados com base no art. 6.\u00ba, n.\u00ba 1, al. b) do RGPD. Al\u00e9m disso, tratamos os seus dados, quando estes sejam necess\u00e1rios ao cumprimento de uma obriga\u00e7\u00e3o legal, com base no art. 6.\u00ba, n.\u00ba 1, al. c) do RGPD.<\/p>\n\n\n\n<p class=\"wp-block-paragraph\">O tratamento de dados pode ainda ocorrer com base no nosso interesse leg\u00edtimo nos termos do art. 6.\u00ba, n.\u00ba 1, al. f) do RGPD. Sobre os fundamentos jur\u00eddicos aplic\u00e1veis em cada caso concreto, \u00e9 prestada informa\u00e7\u00e3o nos par\u00e1grafos seguintes desta Pol\u00edtica de Privacidade.<\/p>\n\n\n\n<p class=\"wp-block-paragraph\"><strong>Destinat\u00e1rios de dados pessoais<\/strong><\/p>\n\n\n\n<p class=\"wp-block-paragraph\">No \u00e2mbito da nossa atividade empresarial, colaboramos com diversas entidades externas. Nesse contexto, \u00e9 por vezes necess\u00e1ria tamb\u00e9m a transmiss\u00e3o de dados pessoais a essas entidades externas. S\u00f3 transmitimos dados pessoais a entidades externas quando isso for necess\u00e1rio no \u00e2mbito da execu\u00e7\u00e3o de um contrato, quando estejamos legalmente obrigados a faz\u00ea-lo (por exemplo, transmiss\u00e3o de dados \u00e0s autoridades fiscais), quando tenhamos um interesse leg\u00edtimo na transmiss\u00e3o nos termos do art. 6.\u00ba, n.\u00ba 1, al. f) do RGPD ou quando outro fundamento jur\u00eddico permita a transmiss\u00e3o dos dados. No caso do recurso a<\/p>\n\n\n\n<p class=\"wp-block-paragraph\">subcontratantes, s\u00f3 transmitimos dados pessoais dos nossos clientes com base num contrato de subcontrata\u00e7\u00e3o v\u00e1lido. Em caso de tratamento conjunto, \u00e9 celebrado um contrato de tratamento conjunto.<\/p>\n\n\n\n<p class=\"wp-block-paragraph\"><strong>Revoga\u00e7\u00e3o do seu consentimento para o tratamento de dados<\/strong><\/p>\n\n\n\n<p class=\"wp-block-paragraph\">Muitas opera\u00e7\u00f5es de tratamento de dados s\u00f3 s\u00e3o poss\u00edveis com o seu consentimento expresso. Voc\u00ea pode revogar a qualquer momento um consentimento j\u00e1 concedido. A licitude do tratamento de dados efetuado at\u00e9 \u00e0 revoga\u00e7\u00e3o n\u00e3o \u00e9 afetada pela revoga\u00e7\u00e3o.<\/p>\n\n\n\n<p class=\"wp-block-paragraph\"><strong>Direito de oposi\u00e7\u00e3o \u00e0 coleta de dados em casos especiais e \u00e0 publicidade direta (art. 21.\u00ba do RGPD)<\/strong><\/p>\n\n\n\n<p class=\"wp-block-paragraph\">QUANDO O TRATAMENTO DE DADOS FOR REALIZADO COM BASE NO ART. 6.\u00ba, N.\u00ba 1, AL. E) OU F) DO RGPD,<\/p>\n\n\n\n<p class=\"wp-block-paragraph\">VOC\u00ca TEM O DIREITO DE, A QUALQUER MOMENTO, POR MOTIVOS RELACIONADOS COM A SUA SITUA\u00c7\u00c3O<\/p>\n\n\n\n<p class=\"wp-block-paragraph\">PARTICULAR, OPOR-SE AO TRATAMENTO DOS SEUS DADOS PESSOAIS;<\/p>\n\n\n\n<p class=\"wp-block-paragraph\">ISSO APLICA-SE TAMB\u00c9M \u00c0 DEFINI\u00c7\u00c3O DE PERFIS BASEADA NESTAS DISPOSI\u00c7\u00d5ES.<\/p>\n\n\n\n<p class=\"wp-block-paragraph\">O RESPECTIVO FUNDAMENTO JUR\u00cdDICO EM QUE SE BASEIA UM TRATAMENTO<\/p>\n\n\n\n<p class=\"wp-block-paragraph\">PODE SER CONSULTADO NESTA POL\u00cdTICA DE PRIVACIDADE. SE VOC\u00ca APRESENTAR OPOSI\u00c7\u00c3O,<\/p>\n\n\n\n<p class=\"wp-block-paragraph\">DEIXAREMOS DE TRATAR OS SEUS DADOS PESSOAIS EM CAUSA, A<\/p>\n\n\n\n<p class=\"wp-block-paragraph\">N\u00c3O SER QUE POSSAMOS DEMONSTRAR MOTIVOS IMPERIOSOS E LEG\u00cdTIMOS PARA O TRATAMENTO<\/p>\n\n\n\n<p class=\"wp-block-paragraph\">QUE PREVALE\u00c7AM SOBRE OS SEUS INTERESSES, DIREITOS E LIBERDADES, OU QUE O TRATAMENTO SIRVA PARA A DECLARA\u00c7\u00c3O, O EXERC\u00cdCIO OU A DEFESA DE DIREITOS EM PROCESSO JUDICIAL (OPOSI\u00c7\u00c3O NOS TERMOS DO ART. 21.\u00ba, N.\u00ba 1, DO RGPD).<\/p>\n\n\n\n<p class=\"wp-block-paragraph\">SE OS SEUS DADOS PESSOAIS FOREM TRATADOS PARA FINS DE PUBLICIDADE DIRETA,<\/p>\n\n\n\n<p class=\"wp-block-paragraph\">VOC\u00ca TEM O DIREITO DE, A QUALQUER MOMENTO, OPOR-SE AO TRATAMENTO DOS<\/p>\n\n\n\n<p class=\"wp-block-paragraph\">DADOS PESSOAIS QUE LHE DIGAM RESPEITO PARA EFEITOS DESSA PUBLICIDADE;<\/p>\n\n\n\n<p class=\"wp-block-paragraph\">ISSO APLICA-SE TAMB\u00c9M \u00c0 DEFINI\u00c7\u00c3O DE PERFIS, NA MEDIDA EM QUE ESTEJA RELACIONADA COM ESSA PUBLICIDADE DIRETA.<\/p>\n\n\n\n<p class=\"wp-block-paragraph\">SE VOC\u00ca SE OPUSER, OS SEUS DADOS PESSOAIS<\/p>\n\n\n\n<p class=\"wp-block-paragraph\">DEIXAR\u00c3O DE SER UTILIZADOS PARA FINS DE PUBLICIDADE DIRETA (OPOSI\u00c7\u00c3O NOS TERMOS DO ART. 21.\u00ba, N.\u00ba 2, DO RGPD).<\/p>\n\n\n\n<p class=\"wp-block-paragraph\"><strong>Direito de reclama\u00e7\u00e3o junto \u00e0 autoridade de controle competente<\/strong><\/p>\n\n\n\n<p class=\"wp-block-paragraph\">Em caso de viola\u00e7\u00f5es do RGPD, os titulares dos dados t\u00eam o direito de apresentar reclama\u00e7\u00e3o junto a uma<\/p>\n\n\n\n<p class=\"wp-block-paragraph\">autoridade de controle, em especial no Estado-Membro da sua resid\u00eancia habitual, do seu local de trabalho ou do local onde ocorreu a alegada viola\u00e7\u00e3o. O direito de reclama\u00e7\u00e3o existe sem preju\u00edzo de outras vias de recurso administrativas ou judiciais.<\/p>\n\n\n\n<p class=\"wp-block-paragraph\"><strong>Direito de portabilidade dos dados<\/strong><\/p>\n\n\n\n<p class=\"wp-block-paragraph\">Voc\u00ea tem o direito de obter, para si ou para um terceiro, num formato corrente e leg\u00edvel por m\u00e1quina, os dados que tratamos de forma automatizada com base no seu consentimento ou em execu\u00e7\u00e3o de um contrato. Caso solicite a transmiss\u00e3o direta dos dados a outro respons\u00e1vel pelo tratamento, isso s\u00f3 ser\u00e1 feito na medida em que seja tecnicamente vi\u00e1vel.<\/p>\n\n\n\n<p class=\"wp-block-paragraph\"><strong>Informa\u00e7\u00e3o, retifica\u00e7\u00e3o e exclus\u00e3o<\/strong><\/p>\n\n\n\n<p class=\"wp-block-paragraph\">No \u00e2mbito das disposi\u00e7\u00f5es legais aplic\u00e1veis, voc\u00ea tem, a qualquer momento, o direito de obter gratuitamente<\/p>\n\n\n\n<p class=\"wp-block-paragraph\">informa\u00e7\u00e3o sobre os seus dados pessoais armazenados, a sua origem e os seus destinat\u00e1rios e a finalidade do tratamento de dados e, se for o caso, o direito \u00e0 retifica\u00e7\u00e3o ou \u00e0 exclus\u00e3o desses dados. Para esse fim, bem como para outras quest\u00f5es relativas a dados pessoais, voc\u00ea pode entrar em contato conosco a qualquer momento.<\/p>\n\n\n\n<p class=\"wp-block-paragraph\"><strong>Direito \u00e0 limita\u00e7\u00e3o do tratamento<\/strong><\/p>\n\n\n\n<p class=\"wp-block-paragraph\">Voc\u00ea tem o direito de exigir a limita\u00e7\u00e3o do tratamento dos seus dados pessoais. Para tanto, pode entrar em contato conosco a qualquer momento. O direito \u00e0 limita\u00e7\u00e3o do tratamento existe nos seguintes casos:<\/p>\n\n\n\n<p class=\"wp-block-paragraph\">Se voc\u00ea contestar a exatid\u00e3o dos seus dados pessoais armazenados por n\u00f3s, precisamos<\/p>\n\n\n\n<p class=\"wp-block-paragraph\">normalmente de tempo para verific\u00e1-lo. Durante o per\u00edodo de verifica\u00e7\u00e3o, voc\u00ea tem o direito de exigir a limita\u00e7\u00e3o do tratamento dos seus dados pessoais.<\/p>\n\n\n\n<p class=\"wp-block-paragraph\">Se o tratamento dos seus dados pessoais tiver ocorrido ou ocorrer de forma il\u00edcita, voc\u00ea pode exigir a limita\u00e7\u00e3o do tratamento em vez da exclus\u00e3o.<\/p>\n\n\n\n<p class=\"wp-block-paragraph\">Se j\u00e1 n\u00e3o precisarmos dos seus dados pessoais, mas voc\u00ea deles necessitar para o exerc\u00edcio,<\/p>\n\n\n\n<p class=\"wp-block-paragraph\">a defesa ou a declara\u00e7\u00e3o de direitos em processo judicial, voc\u00ea tem o direito de exigir a limita\u00e7\u00e3o do tratamento dos seus dados pessoais em vez da exclus\u00e3o.<\/p>\n\n\n\n<p class=\"wp-block-paragraph\">Se voc\u00ea tiver apresentado oposi\u00e7\u00e3o nos termos do art. 21.\u00ba, n.\u00ba 1, do RGPD, deve ser efetuada uma pondera\u00e7\u00e3o entre os seus interesses e os nossos. Enquanto n\u00e3o estiver determinado quais interesses prevalecem, voc\u00ea tem o direito de exigir a limita\u00e7\u00e3o do tratamento dos seus dados pessoais.<\/p>\n\n\n\n<p class=\"wp-block-paragraph\">Se voc\u00ea tiver limitado o tratamento dos seus dados pessoais, esses dados s\u00f3 podem ser tratados \u2013 \u00e0 exce\u00e7\u00e3o do seu armazenamento \u2013 com o seu consentimento ou para a declara\u00e7\u00e3o, o exerc\u00edcio ou a defesa de direitos em processo judicial, ou para a prote\u00e7\u00e3o dos direitos de outra pessoa f\u00edsica ou jur\u00eddica, ou por motivos de interesse p\u00fablico importante da Uni\u00e3o Europeia ou de um Estado-Membro.<\/p>\n\n\n\n<p class=\"wp-block-paragraph\"><strong>Criptografia SSL ou TLS<\/strong><\/p>\n\n\n\n<p class=\"wp-block-paragraph\">Por motivos de seguran\u00e7a e para proteger a transmiss\u00e3o de conte\u00fados confidenciais, como por<\/p>\n\n\n\n<p class=\"wp-block-paragraph\">exemplo pedidos ou solicita\u00e7\u00f5es que voc\u00ea envia a n\u00f3s, na qualidade de operadores do site, esta p\u00e1gina utiliza uma criptografia SSL ou TLS.<\/p>\n\n\n\n<p class=\"wp-block-paragraph\">Voc\u00ea reconhece uma conex\u00e3o criptografada pelo fato de a barra de endere\u00e7os do navegador mudar de<\/p>\n\n\n\n<p class=\"wp-block-paragraph\">\u201e<a href=\"http:\/\/xn--hvg\/\">http:\/\/\u201c<\/a>&nbsp;para \u201e<a href=\"https:\/\/xn--hvg\/\">https:\/\/\u201c<\/a>&nbsp;e pelo s\u00edmbolo de cadeado na barra do seu navegador.<\/p>\n\n\n\n<p class=\"wp-block-paragraph\">Quando a criptografia SSL ou TLS est\u00e1 ativada, os dados que voc\u00ea nos transmite n\u00e3o podem ser lidos por terceiros.<\/p>\n\n\n\n<p class=\"wp-block-paragraph\"><strong>Oposi\u00e7\u00e3o a e-mails publicit\u00e1rios<\/strong><\/p>\n\n\n\n<p class=\"wp-block-paragraph\">Fica pela presente vedada a utiliza\u00e7\u00e3o dos dados de contato publicados no \u00e2mbito do dever legal de identifica\u00e7\u00e3o (Impressum) para o envio de publicidade e material informativo n\u00e3o expressamente solicitados. Os operadores das p\u00e1ginas reservam-se expressamente o direito de adotar medidas judiciais em caso de envio n\u00e3o solicitado de informa\u00e7\u00e3o publicit\u00e1ria, por exemplo atrav\u00e9s de e-mails de spam.<\/p>\n\n\n\n<p class=\"wp-block-paragraph\"><strong>4. Coleta de dados neste site<\/strong><\/p>\n\n\n\n<p class=\"wp-block-paragraph\"><strong>Cookies<\/strong><\/p>\n\n\n\n<p class=\"wp-block-paragraph\">Nossas p\u00e1ginas de internet utilizam os chamados \u201ccookies\u201d. Cookies s\u00e3o pequenos pacotes de dados e n\u00e3o causam<\/p>\n\n\n\n<p class=\"wp-block-paragraph\">qualquer dano ao seu dispositivo. Eles s\u00e3o armazenados no seu dispositivo temporariamente, durante a dura\u00e7\u00e3o de uma sess\u00e3o (cookies de sess\u00e3o), ou de forma permanente (cookies permanentes). Os cookies de sess\u00e3o s\u00e3o exclu\u00eddos automaticamente ap\u00f3s o fim da sua visita. Os cookies permanentes permanecem armazenados no seu dispositivo at\u00e9 que voc\u00ea mesmo os exclua ou at\u00e9 que ocorra uma exclus\u00e3o autom\u00e1tica pelo seu navegador.<\/p>\n\n\n\n<p class=\"wp-block-paragraph\">Os cookies podem ser da nossa autoria (cookies pr\u00f3prios \/ first party) ou provir de empresas terceiras (os chamados cookies de<\/p>\n\n\n\n<p class=\"wp-block-paragraph\">terceiros \/ third party). Os cookies de terceiros permitem a integra\u00e7\u00e3o de determinados servi\u00e7os de<\/p>\n\n\n\n<p class=\"wp-block-paragraph\">empresas terceiras dentro de p\u00e1ginas de internet (por exemplo, cookies para o processamento de servi\u00e7os de pagamento).<\/p>\n\n\n\n<p class=\"wp-block-paragraph\">Os cookies t\u00eam diferentes fun\u00e7\u00f5es. Numerosos cookies s\u00e3o tecnicamente necess\u00e1rios, uma vez que determinadas fun\u00e7\u00f5es do site n\u00e3o funcionariam sem eles (por exemplo, a fun\u00e7\u00e3o de carrinho de compras ou a exibi\u00e7\u00e3o de v\u00eddeos). Outros cookies podem ser utilizados para a avalia\u00e7\u00e3o do comportamento de utiliza\u00e7\u00e3o ou para fins publicit\u00e1rios.<\/p>\n\n\n\n<p class=\"wp-block-paragraph\">Os cookies necess\u00e1rios \u00e0 realiza\u00e7\u00e3o do processo de comunica\u00e7\u00e3o eletr\u00f4nica, \u00e0 disponibiliza\u00e7\u00e3o de determinadas fun\u00e7\u00f5es por voc\u00ea desejadas (por exemplo, para a fun\u00e7\u00e3o de carrinho de compras) ou \u00e0 otimiza\u00e7\u00e3o do<\/p>\n\n\n\n<p class=\"wp-block-paragraph\">site (por exemplo, cookies para a medi\u00e7\u00e3o de audi\u00eancia web) (cookies necess\u00e1rios) s\u00e3o armazenados com base no art. 6.\u00ba, n.\u00ba 1, al. f) do RGPD, salvo se for indicado outro fundamento jur\u00eddico. O operador do site tem um interesse leg\u00edtimo no armazenamento de cookies necess\u00e1rios para a disponibiliza\u00e7\u00e3o tecnicamente correta e otimizada dos seus servi\u00e7os. Caso tenha sido solicitado um consentimento para o<\/p>\n\n\n\n<p class=\"wp-block-paragraph\">armazenamento de cookies e de tecnologias de reconhecimento compar\u00e1veis, o tratamento ocorre exclusivamente com base nesse consentimento (art. 6.\u00ba, n.\u00ba 1, al. a) do RGPD e \u00a7 25, n.\u00ba 1, da TDDDG); o consentimento pode ser revogado a qualquer momento.<\/p>\n\n\n\n<p class=\"wp-block-paragraph\">Voc\u00ea pode configurar o seu navegador de modo a ser informado sobre a coloca\u00e7\u00e3o de cookies e<\/p>\n\n\n\n<p class=\"wp-block-paragraph\">permitir cookies apenas caso a caso, excluir a aceita\u00e7\u00e3o de cookies para determinados casos ou de forma geral,<\/p>\n\n\n\n<p class=\"wp-block-paragraph\">bem como ativar a exclus\u00e3o autom\u00e1tica dos cookies ao fechar o navegador. Em caso de desativa\u00e7\u00e3o dos cookies, a funcionalidade deste site pode ficar limitada.<\/p>\n\n\n\n<p class=\"wp-block-paragraph\">Quais cookies e servi\u00e7os s\u00e3o utilizados neste site pode ser consultado nesta Pol\u00edtica de Privacidade.<\/p>\n\n\n\n<p class=\"wp-block-paragraph\">Utilizamos o Real Cookie Banner para aceitar, recusar ou personalizar a utiliza\u00e7\u00e3o de cookies.<\/p>\n\n\n\n<p class=\"wp-block-paragraph\"><strong>Arquivos de log do servidor<\/strong><\/p>\n\n\n\n<p class=\"wp-block-paragraph\">O provedor das p\u00e1ginas coleta e armazena automaticamente informa\u00e7\u00f5es nos chamados arquivos de log do servidor, que o seu navegador nos transmite automaticamente. S\u00e3o eles:<\/p>\n\n\n\n<p class=\"wp-block-paragraph\">Tipo e vers\u00e3o do navegador, sistema operacional utilizado<\/p>\n\n\n\n<p class=\"wp-block-paragraph\">URL de refer\u00eancia (referrer)<\/p>\n\n\n\n<p class=\"wp-block-paragraph\">Nome do host do computador que acessa<\/p>\n\n\n\n<p class=\"wp-block-paragraph\">Hor\u00e1rio do pedido ao servidor, endere\u00e7o IP<\/p>\n\n\n\n<p class=\"wp-block-paragraph\">N\u00e3o \u00e9 realizada qualquer associa\u00e7\u00e3o destes dados com outras fontes de dados.<\/p>\n\n\n\n<p class=\"wp-block-paragraph\">A coleta destes dados ocorre com base no art. 6.\u00ba, n.\u00ba 1, al. f) do RGPD. O operador do site tem um interesse leg\u00edtimo na apresenta\u00e7\u00e3o tecnicamente correta e na otimiza\u00e7\u00e3o do seu site \u2013 para tal, \u00e9 necess\u00e1rio registrar os arquivos de log do servidor.<\/p>\n\n\n\n<p class=\"wp-block-paragraph\"><strong>Formul\u00e1rio de contato<\/strong><\/p>\n\n\n\n<p class=\"wp-block-paragraph\">Se voc\u00ea nos enviar solicita\u00e7\u00f5es atrav\u00e9s do formul\u00e1rio de contato, os seus dados do<\/p>\n\n\n\n<p class=\"wp-block-paragraph\">formul\u00e1rio de solicita\u00e7\u00e3o, incluindo os dados de contato a\u00ed indicados por voc\u00ea, ser\u00e3o armazenados por n\u00f3s para efeitos de tratamento da solicita\u00e7\u00e3o<\/p>\n\n\n\n<p class=\"wp-block-paragraph\">e para o caso de quest\u00f5es subsequentes. N\u00e3o transmitimos esses dados sem o seu consentimento.<\/p>\n\n\n\n<p class=\"wp-block-paragraph\">O tratamento destes dados ocorre com base no art. 6.\u00ba, n.\u00ba 1, al. b) do RGPD, caso a sua solicita\u00e7\u00e3o esteja relacionada com a execu\u00e7\u00e3o de um contrato ou seja necess\u00e1ria \u00e0 realiza\u00e7\u00e3o de dilig\u00eancias pr\u00e9-contratuais. Em todos os demais casos, o tratamento assenta no nosso interesse leg\u00edtimo no<\/p>\n\n\n\n<p class=\"wp-block-paragraph\">tratamento eficaz das solicita\u00e7\u00f5es que nos s\u00e3o dirigidas (art. 6.\u00ba, n.\u00ba 1, al. f) do RGPD) ou no seu consentimento (art. 6.\u00ba, n.\u00ba 1, al. a) do RGPD), caso este tenha sido solicitado; o consentimento pode ser revogado a qualquer momento.<\/p>\n\n\n\n<p class=\"wp-block-paragraph\">Os dados por voc\u00ea inseridos no formul\u00e1rio de contato permanecem conosco at\u00e9 que nos solicite a exclus\u00e3o, revogue o seu consentimento para o armazenamento ou deixe de existir a finalidade do armazenamento dos dados<\/p>\n\n\n\n<p class=\"wp-block-paragraph\">(por exemplo, ap\u00f3s a conclus\u00e3o do tratamento da sua solicita\u00e7\u00e3o). Disposi\u00e7\u00f5es legais imperativas \u2013 em especial prazos de conserva\u00e7\u00e3o \u2013 permanecem inalteradas.<\/p>\n\n\n\n<p class=\"wp-block-paragraph\"><strong>Solicita\u00e7\u00e3o por e-mail, telefone ou fax<\/strong><\/p>\n\n\n\n<p class=\"wp-block-paragraph\">Se voc\u00ea entrar em contato conosco por e-mail, telefone ou fax, a sua solicita\u00e7\u00e3o, incluindo todos os dados pessoais dela decorrentes (nome, solicita\u00e7\u00e3o), ser\u00e1 armazenada e tratada por n\u00f3s para efeitos de tratamento do seu pedido. N\u00e3o transmitimos esses dados sem o seu consentimento.<\/p>\n\n\n\n<p class=\"wp-block-paragraph\">O tratamento destes dados ocorre com base no art. 6.\u00ba, n.\u00ba 1, al. b) do RGPD, caso a sua solicita\u00e7\u00e3o esteja relacionada com a execu\u00e7\u00e3o de um contrato ou seja necess\u00e1ria \u00e0 realiza\u00e7\u00e3o de dilig\u00eancias pr\u00e9-contratuais. Em todos os demais casos, o tratamento assenta no nosso interesse leg\u00edtimo no tratamento eficaz das solicita\u00e7\u00f5es que nos s\u00e3o dirigidas (art. 6.\u00ba, n.\u00ba 1, al. f) do RGPD) ou no seu consentimento (art. 6.\u00ba, n.\u00ba 1, al. a) do RGPD), caso este tenha sido solicitado; o consentimento pode ser revogado a qualquer momento.<\/p>\n\n\n\n<p class=\"wp-block-paragraph\">Os dados que voc\u00ea nos enviou atrav\u00e9s de pedidos de contato permanecem conosco at\u00e9 que nos solicite a exclus\u00e3o, revogue o seu consentimento para o armazenamento ou deixe de existir a finalidade do armazenamento dos dados<\/p>\n\n\n\n<p class=\"wp-block-paragraph\">(por exemplo, ap\u00f3s a conclus\u00e3o do tratamento do seu pedido). Disposi\u00e7\u00f5es legais imperativas \u2013 em especial prazos legais de conserva\u00e7\u00e3o \u2013 permanecem inalteradas.<\/p>\n\n\n\n<p class=\"wp-block-paragraph\">Tratamos dados pessoais que voc\u00ea indica no \u00e2mbito de um pedido na nossa loja online (por exemplo, nome, endere\u00e7o de cobran\u00e7a, endere\u00e7o de entrega, endere\u00e7o de e-mail, dados de pagamento). O tratamento ocorre para a execu\u00e7\u00e3o do contrato com base no art. 6.\u00ba, n.\u00ba 1, al. b) do RGPD. Armazenamos esses dados at\u00e9 ao termo dos prazos legais de conserva\u00e7\u00e3o.<\/p>\n\n\n\n<p class=\"wp-block-paragraph\">Os pagamentos na nossa loja s\u00e3o processados atrav\u00e9s de prestadores de servi\u00e7os de pagamento como a Stripe ou o PayPal. Nesse contexto, s\u00e3o transmitidas informa\u00e7\u00f5es de pagamento (por exemplo, dados do cart\u00e3o de cr\u00e9dito, nome, endere\u00e7o de cobran\u00e7a, endere\u00e7o de e-mail) ao respectivo prestador. O tratamento ocorre exclusivamente para efeitos de processamento do pagamento (art. 6.\u00ba, n.\u00ba 1, al. b) do RGPD, execu\u00e7\u00e3o do contrato). Mais informa\u00e7\u00f5es: Stripe: <a href=\"https:\/\/stripe.com\/de\/privacy\">https:\/\/stripe.com\/de\/privacy<\/a> \u00b7 PayPal: <a>https:\/\/www.paypal.com\/de\/webapps\/mpp\/ua\/privacy-full<\/a><\/p>\n\n\n\n<p class=\"wp-block-paragraph\">No \u00e2mbito da ativa\u00e7\u00e3o de um eSIM, podem ser transmitidos dados t\u00e9cnicos do seu dispositivo (por exemplo, identificador do dispositivo ou IMEI) ao respectivo operador de telecomunica\u00e7\u00f5es. Essa transmiss\u00e3o ocorre exclusivamente para efeitos de disponibiliza\u00e7\u00e3o e utiliza\u00e7\u00e3o do eSIM e \u00e9, do ponto de vista t\u00e9cnico, da responsabilidade do respectivo operador de rede. N\u00f3s pr\u00f3prios n\u00e3o transmitimos dados pessoais a terceiros, salvo quando tal seja necess\u00e1rio \u00e0 execu\u00e7\u00e3o do contrato.<\/p>\n\n\n\n<p class=\"wp-block-paragraph\"><strong>5. Redes sociais<\/strong><\/p>\n\n\n\n<p class=\"wp-block-paragraph\"><strong>Facebook<\/strong><\/p>\n\n\n\n<p class=\"wp-block-paragraph\">Neste site est\u00e3o integrados elementos da rede social Facebook. O prestador deste servi\u00e7o \u00e9 a Meta Platforms Ireland Limited, Merrion Road, Dublin 4, D04 X2K5, Irlanda. Segundo o Facebook, os dados coletados s\u00e3o, no entanto, tamb\u00e9m transferidos para os EUA e para outros pa\u00edses terceiros.<\/p>\n\n\n\n<p class=\"wp-block-paragraph\">Uma vis\u00e3o geral dos elementos de redes sociais do Facebook encontra-se aqui:&nbsp;<a href=\"https:\/\/developers.facebook.com\/docs\/plugins\/?locale=de_DE\">https:\/\/developers.facebook.com\/docs\/plugins\/?locale=de_DE<\/a>.<\/p>\n\n\n\n<p class=\"wp-block-paragraph\">Quando o elemento de rede social est\u00e1 ativo, \u00e9 estabelecida uma conex\u00e3o direta entre o seu dispositivo e o<\/p>\n\n\n\n<p class=\"wp-block-paragraph\">servidor do Facebook. Deste modo, o Facebook recebe a informa\u00e7\u00e3o de que voc\u00ea visitou este site com o seu endere\u00e7o IP. Se voc\u00ea clicar no bot\u00e3o \u201cCurtir\u201d do Facebook enquanto estiver conectado \u00e0 sua conta do Facebook, poder\u00e1 vincular os conte\u00fados deste site ao seu perfil do Facebook. Assim, o Facebook pode associar a visita a este site \u00e0 sua conta de usu\u00e1rio. Chamamos a aten\u00e7\u00e3o para o fato de que, enquanto fornecedores das p\u00e1ginas, n\u00e3o temos conhecimento do conte\u00fado dos dados transmitidos nem da sua utiliza\u00e7\u00e3o pelo Facebook. Mais informa\u00e7\u00f5es a esse respeito encontram-se na pol\u00edtica de privacidade do Facebook em:&nbsp;<a href=\"https:\/\/de-de.facebook.com\/privacy\/explanation\">https:\/\/de-de.facebook.com\/privacy\/explanation<\/a>.<\/p>\n\n\n\n<p class=\"wp-block-paragraph\">A utiliza\u00e7\u00e3o deste servi\u00e7o ocorre com base no seu consentimento, nos termos do art. 6.\u00ba, n.\u00ba 1, al. a) do RGPD e do \u00a7 25, n.\u00ba 1, da TDDDG. O consentimento pode ser revogado a qualquer momento.<\/p>\n\n\n\n<p class=\"wp-block-paragraph\">Na medida em que, com o aux\u00edlio da ferramenta aqui descrita, sejam coletados dados pessoais no nosso site e transmitidos ao<\/p>\n\n\n\n<p class=\"wp-block-paragraph\">Facebook, n\u00f3s e a Meta Platforms Ireland Limited, 4 Grand Canal Square,<\/p>\n\n\n\n<p class=\"wp-block-paragraph\">Grand Canal Harbour, Dublin 2, Irlanda, somos conjuntamente respons\u00e1veis por esse tratamento de dados (art. 26.\u00ba<\/p>\n\n\n\n<p class=\"wp-block-paragraph\">do RGPD). A responsabilidade conjunta limita-se exclusivamente \u00e0 coleta dos<\/p>\n\n\n\n<p class=\"wp-block-paragraph\">dados e \u00e0 sua transmiss\u00e3o ao Facebook. O tratamento realizado pelo Facebook ap\u00f3s a transmiss\u00e3o n\u00e3o faz parte da responsabilidade conjunta. As obriga\u00e7\u00f5es que nos incumbem conjuntamente<\/p>\n\n\n\n<p class=\"wp-block-paragraph\">foram fixadas num acordo sobre tratamento conjunto. O texto do acordo encontra-se em:<\/p>\n\n\n\n<p class=\"wp-block-paragraph\"><a href=\"https:\/\/www.facebook.com\/legal\/controller_addendum\">https:\/\/www.facebook.com\/legal\/controller_addendum<\/a>. De acordo com esse acordo, somos respons\u00e1veis pela presta\u00e7\u00e3o das informa\u00e7\u00f5es de prote\u00e7\u00e3o de dados na utiliza\u00e7\u00e3o da ferramenta do Facebook e pela implementa\u00e7\u00e3o da ferramenta no nosso site em conformidade com a legisla\u00e7\u00e3o de prote\u00e7\u00e3o de dados. Pela seguran\u00e7a dos dados dos produtos do Facebook \u00e9 respons\u00e1vel o Facebook. Os direitos dos titulares (por exemplo, pedidos de informa\u00e7\u00e3o) relativos aos dados tratados pelo Facebook podem ser exercidos diretamente junto ao Facebook. Se voc\u00ea exercer os<\/p>\n\n\n\n<p class=\"wp-block-paragraph\">direitos dos titulares junto a n\u00f3s, estamos obrigados a encaminh\u00e1-los ao Facebook.<\/p>\n\n\n\n<p class=\"wp-block-paragraph\">A transfer\u00eancia de dados para os EUA baseia-se nas cl\u00e1usulas contratuais-tipo da Comiss\u00e3o Europeia.<\/p>\n\n\n\n<p class=\"wp-block-paragraph\">Os detalhes encontram-se aqui:<\/p>\n\n\n\n<p class=\"wp-block-paragraph\"><a href=\"https:\/\/www.facebook.com\/legal\/EU_data_transfer_addendum\">https:\/\/www.facebook.com\/legal\/EU_data_transfer_addendum<\/a>,&nbsp;<a href=\"https:\/\/de-de.facebook.com\/help\/566994660333381\">https:\/\/de-de.facebook.com\/help\/566994660333381<\/a>&nbsp;e&nbsp;<a href=\"https:\/\/www.facebook.com\/policy.php\">https:\/\/www.facebook.com\/policy.php<\/a>.<\/p>\n\n\n\n<p class=\"wp-block-paragraph\">A empresa disp\u00f5e de uma certifica\u00e7\u00e3o nos termos do \u201cEU-US Data Privacy Framework\u201d (DPF). O DPF \u00e9 um acordo entre a Uni\u00e3o Europeia e os EUA que visa assegurar o cumprimento dos padr\u00f5es europeus de prote\u00e7\u00e3o de dados em tratamentos de dados realizados nos EUA. Toda empresa certificada nos termos do DPF compromete-se a cumprir esses padr\u00f5es de prote\u00e7\u00e3o de dados. Mais informa\u00e7\u00f5es a esse respeito podem ser obtidas junto ao fornecedor no seguinte link:&nbsp;<a href=\"https:\/\/www.dataprivacyframework.gov\/participant\/4452\">https:\/\/www.dataprivacyframework.gov\/participant\/4452<\/a>.<\/p>\n\n\n\n<p class=\"wp-block-paragraph\"><strong>Instagram<\/strong><\/p>\n\n\n\n<p class=\"wp-block-paragraph\">Neste site est\u00e3o integradas fun\u00e7\u00f5es do servi\u00e7o Instagram. Essas fun\u00e7\u00f5es s\u00e3o oferecidas pela Meta Platforms Ireland Limited, Merrion Road, Dublin 4, D04 X2K5, Irlanda.<\/p>\n\n\n\n<p class=\"wp-block-paragraph\">Quando o elemento de rede social est\u00e1 ativo, \u00e9 estabelecida uma conex\u00e3o direta entre o seu dispositivo e o<\/p>\n\n\n\n<p class=\"wp-block-paragraph\">servidor do Instagram. Deste modo, o Instagram recebe informa\u00e7\u00f5es sobre a visita a este site<\/p>\n\n\n\n<p class=\"wp-block-paragraph\">por voc\u00ea.<\/p>\n\n\n\n<p class=\"wp-block-paragraph\">Se voc\u00ea estiver conectado \u00e0 sua conta do Instagram, poder\u00e1, ao clicar no bot\u00e3o do Instagram, vincular os conte\u00fados deste site ao seu perfil do Instagram. Assim, o Instagram pode associar a visita a este site \u00e0 sua conta de usu\u00e1rio. Chamamos a aten\u00e7\u00e3o para o fato de que, enquanto fornecedores das p\u00e1ginas, n\u00e3o temos conhecimento do conte\u00fado dos dados transmitidos nem da sua utiliza\u00e7\u00e3o pelo Instagram.<\/p>\n\n\n\n<p class=\"wp-block-paragraph\">A utiliza\u00e7\u00e3o deste servi\u00e7o ocorre com base no seu consentimento, nos termos do art. 6.\u00ba, n.\u00ba 1, al. a) do RGPD e do \u00a7 25, n.\u00ba 1, da TDDDG. O consentimento pode ser revogado a qualquer momento.<\/p>\n\n\n\n<p class=\"wp-block-paragraph\">Na medida em que, com o aux\u00edlio da ferramenta aqui descrita, sejam coletados dados pessoais no nosso site e transmitidos ao<\/p>\n\n\n\n<p class=\"wp-block-paragraph\">Facebook ou ao Instagram, n\u00f3s e a Meta Platforms Ireland Limited, 4 Grand Canal Square, Grand Canal Harbour, Dublin 2, Irlanda, somos conjuntamente respons\u00e1veis por esse tratamento de dados (art. 26.\u00ba do RGPD). A responsabilidade conjunta limita-se exclusivamente \u00e0 coleta dos dados e \u00e0 sua transmiss\u00e3o ao Facebook ou ao Instagram. O tratamento realizado pelo Facebook ou pelo Instagram ap\u00f3s a transmiss\u00e3o n\u00e3o faz parte da responsabilidade conjunta. As obriga\u00e7\u00f5es que nos incumbem conjuntamente foram fixadas num acordo sobre tratamento conjunto. O texto do acordo encontra-se em:&nbsp;<a href=\"https:\/\/www.facebook.com\/legal\/controller_addendum\">https:\/\/www.facebook.com\/legal\/controller_addendum<\/a>. De acordo com esse acordo, somos respons\u00e1veis pela presta\u00e7\u00e3o das informa\u00e7\u00f5es de prote\u00e7\u00e3o de dados na utiliza\u00e7\u00e3o da ferramenta do Facebook ou do Instagram e pela<\/p>\n\n\n\n<p class=\"wp-block-paragraph\">implementa\u00e7\u00e3o da ferramenta no nosso site em conformidade com a legisla\u00e7\u00e3o de prote\u00e7\u00e3o de dados. Pela seguran\u00e7a dos dados dos produtos do Facebook e do Instagram \u00e9 respons\u00e1vel o Facebook. Os direitos dos titulares (por exemplo, pedidos de informa\u00e7\u00e3o) relativos aos dados tratados pelo Facebook ou pelo Instagram podem ser exercidos diretamente junto ao Facebook. Se voc\u00ea exercer os direitos dos titulares junto a n\u00f3s, estamos obrigados a encaminh\u00e1-los ao Facebook.<\/p>\n\n\n\n<p class=\"wp-block-paragraph\">A transfer\u00eancia de dados para os EUA baseia-se nas cl\u00e1usulas contratuais-tipo da Comiss\u00e3o Europeia.<\/p>\n\n\n\n<p class=\"wp-block-paragraph\">Os detalhes encontram-se aqui:<\/p>\n\n\n\n<p class=\"wp-block-paragraph\"><a href=\"https:\/\/www.facebook.com\/legal\/EU_data_transfer_addendum,\">https:\/\/www.facebook.com\/legal\/EU_data_transfer_addendum,<\/a><\/p>\n\n\n\n<p class=\"wp-block-paragraph\"><a href=\"https:\/\/privacycenter.instagram.com\/policy\/\">https:\/\/privacycenter.instagram.com\/policy\/<\/a>&nbsp;e&nbsp;<a href=\"https:\/\/de-de.facebook.com\/help\/566994660333381\">https:\/\/de-de.facebook.com\/help\/566994660333381<\/a>.<\/p>\n\n\n\n<p class=\"wp-block-paragraph\">Mais informa\u00e7\u00f5es a esse respeito encontram-se na pol\u00edtica de privacidade do Instagram:&nbsp;<a href=\"https:\/\/privacycenter.instagram.com\/policy\/\">https:\/\/privacycenter.instagram.com\/policy\/<\/a>.<\/p>\n\n\n\n<p class=\"wp-block-paragraph\">A empresa disp\u00f5e de uma certifica\u00e7\u00e3o nos termos do \u201cEU-US Data Privacy Framework\u201d (DPF). O DPF \u00e9 um acordo entre a Uni\u00e3o Europeia e os EUA que visa assegurar o cumprimento dos padr\u00f5es europeus de prote\u00e7\u00e3o de dados em tratamentos de dados realizados nos EUA. Toda empresa certificada nos termos do DPF compromete-se a cumprir esses padr\u00f5es de prote\u00e7\u00e3o de dados. Mais informa\u00e7\u00f5es a esse respeito podem ser obtidas junto ao fornecedor no seguinte link:<\/p>\n\n\n\n<p class=\"wp-block-paragraph\"><a href=\"https:\/\/www.dataprivacyframework.gov\/participant\/4452.\">https:\/\/www.dataprivacyframework.gov\/participant\/4452.<\/a><\/p>\n\n\n\n<p class=\"wp-block-paragraph\"><strong>6. Newsletter<\/strong><\/p>\n\n\n\n<p class=\"wp-block-paragraph\"><strong>Dados da newsletter<\/strong><\/p>\n\n\n\n<p class=\"wp-block-paragraph\">Se voc\u00ea desejar receber a newsletter oferecida no site, precisamos de um endere\u00e7o de e-mail seu, bem como de informa\u00e7\u00f5es que nos permitam verificar que voc\u00ea \u00e9 o titular do endere\u00e7o de e-mail indicado e que concorda com o recebimento da newsletter. N\u00e3o s\u00e3o coletados outros dados ou apenas o s\u00e3o em base volunt\u00e1ria. Utilizamos esses dados exclusivamente para o envio das informa\u00e7\u00f5es solicitadas e n\u00e3o os transmitimos a terceiros.<\/p>\n\n\n\n<p class=\"wp-block-paragraph\">O tratamento dos dados inseridos no formul\u00e1rio de inscri\u00e7\u00e3o na newsletter ocorre exclusivamente com<\/p>\n\n\n\n<p class=\"wp-block-paragraph\">base no seu consentimento (art. 6.\u00ba, n.\u00ba 1, al. a) do RGPD). O consentimento concedido para o armazenamento dos<\/p>\n\n\n\n<p class=\"wp-block-paragraph\">dados, do endere\u00e7o de e-mail e da sua utiliza\u00e7\u00e3o para o envio da newsletter pode ser revogado por voc\u00ea a qualquer momento, por exemplo atrav\u00e9s do link de \u201ccancelamento\u201d na newsletter. A licitude das opera\u00e7\u00f5es de tratamento de dados j\u00e1 realizadas n\u00e3o \u00e9 afetada pela revoga\u00e7\u00e3o.<\/p>\n\n\n\n<p class=\"wp-block-paragraph\">Os dados por voc\u00ea depositados junto a n\u00f3s para efeitos de recebimento da newsletter s\u00e3o armazenados por n\u00f3s at\u00e9 ao seu<\/p>\n\n\n\n<p class=\"wp-block-paragraph\">cancelamento da newsletter junto a n\u00f3s ou junto ao prestador do servi\u00e7o de newsletter e s\u00e3o exclu\u00eddos da lista de distribui\u00e7\u00e3o da newsletter ap\u00f3s o cancelamento da newsletter ou ap\u00f3s a cessa\u00e7\u00e3o da finalidade. Reservamo-nos o direito de excluir ou bloquear endere\u00e7os de e-mail da nossa lista de distribui\u00e7\u00e3o da newsletter a nosso crit\u00e9rio, no \u00e2mbito do nosso interesse leg\u00edtimo nos termos do art. 6.\u00ba, n.\u00ba 1, al. f) do RGPD.<\/p>\n\n\n\n<p class=\"wp-block-paragraph\">Os dados armazenados junto a n\u00f3s para outras finalidades n\u00e3o s\u00e3o afetados por isso.<\/p>\n\n\n\n<p class=\"wp-block-paragraph\">Ap\u00f3s o seu cancelamento da lista de distribui\u00e7\u00e3o da newsletter, o seu endere\u00e7o de e-mail poder\u00e1 ser armazenado por n\u00f3s ou pelo<\/p>\n\n\n\n<p class=\"wp-block-paragraph\">prestador do servi\u00e7o de newsletter numa blacklist, caso isso seja necess\u00e1rio para impedir envios futuros. Os dados da blacklist s\u00e3o utilizados apenas para essa finalidade e n\u00e3o s\u00e3o associados a outros dados. Isso serve tanto ao seu interesse quanto ao nosso interesse no cumprimento das exig\u00eancias legais no envio de newsletters (interesse leg\u00edtimo na acep\u00e7\u00e3o do art. 6.\u00ba, n.\u00ba 1, al. f) do RGPD). O armazenamento na blacklist n\u00e3o tem limite temporal.&nbsp;<strong>Voc\u00ea pode opor-se ao armazenamento, caso os seus interesses prevale\u00e7am sobre o nosso interesse leg\u00edtimo.<\/strong><\/p>\n\n\n\n<p class=\"wp-block-paragraph\">Al\u00e9m disso, utilizamos o seu endere\u00e7o de e-mail, que obtivemos no contexto da venda de um produto ou servi\u00e7o, tamb\u00e9m para publicidade direta de produtos pr\u00f3prios semelhantes (\u00a7 7, n.\u00ba 3, da UWG em conjuga\u00e7\u00e3o com o art. 6.\u00ba, n.\u00ba 1, al. f) do RGPD). Voc\u00ea pode opor-se a essa utiliza\u00e7\u00e3o a qualquer momento, sem que da\u00ed resultem outros custos al\u00e9m dos custos de transmiss\u00e3o segundo as tarifas base. Uma indica\u00e7\u00e3o nesse sentido consta de cada e-mail. A oposi\u00e7\u00e3o pode ser feita sem formalidades para service@povnomad.com.<\/p>\n\n\n\n<p class=\"wp-block-paragraph\"><strong>7. Plugins e ferramentas<\/strong><\/p>\n\n\n\n<p class=\"wp-block-paragraph\"><strong>YouTube com prote\u00e7\u00e3o de dados ampliada<\/strong><\/p>\n\n\n\n<p class=\"wp-block-paragraph\">Este site incorpora v\u00eddeos do site YouTube. O operador do site \u00e9 a Google Ireland Limited (\u201cGoogle\u201d), Gordon House, Barrow Street, Dublin 4, Irlanda.<\/p>\n\n\n\n<p class=\"wp-block-paragraph\">Quando voc\u00ea visita uma destas p\u00e1ginas nas quais o YouTube est\u00e1 incorporado, \u00e9 estabelecida uma conex\u00e3o com os servidores do YouTube. Nesse processo, \u00e9 comunicado ao servidor do YouTube quais das nossas p\u00e1ginas voc\u00ea visitou. Se voc\u00ea estiver conectado \u00e0 sua conta do YouTube, permite ao YouTube associar o seu<\/p>\n\n\n\n<p class=\"wp-block-paragraph\">comportamento de navega\u00e7\u00e3o diretamente ao seu perfil pessoal. Voc\u00ea pode impedir isso desconectando-se da sua conta do YouTube.<\/p>\n\n\n\n<p class=\"wp-block-paragraph\">Utilizamos o YouTube no modo de prote\u00e7\u00e3o de dados ampliada. Segundo o YouTube, os v\u00eddeos reproduzidos no modo de prote\u00e7\u00e3o de dados ampliada n\u00e3o s\u00e3o utilizados para a personaliza\u00e7\u00e3o da navega\u00e7\u00e3o no YouTube. Os an\u00fancios exibidos no modo de prote\u00e7\u00e3o de dados ampliada tamb\u00e9m n\u00e3o s\u00e3o personalizados. No modo de prote\u00e7\u00e3o de dados ampliada n\u00e3o s\u00e3o colocados cookies. Em vez disso, s\u00e3o, no entanto, armazenados no navegador do usu\u00e1rio os chamados elementos de Local Storage, que, \u00e0 semelhan\u00e7a dos cookies, cont\u00eam dados pessoais e podem ser utilizados para reconhecimento. Detalhes sobre o modo de prote\u00e7\u00e3o de dados ampliada encontram-se aqui:&nbsp;<a href=\"https:\/\/support.google.com\/youtube\/answer\/171780\">https:\/\/support.google.com\/youtube\/answer\/171780<\/a>.<\/p>\n\n\n\n<p class=\"wp-block-paragraph\">Eventualmente, ap\u00f3s a ativa\u00e7\u00e3o de um v\u00eddeo do YouTube, podem ser desencadeadas outras opera\u00e7\u00f5es de tratamento de dados sobre as quais n\u00e3o temos qualquer influ\u00eancia.<\/p>\n\n\n\n<p class=\"wp-block-paragraph\">A utiliza\u00e7\u00e3o do YouTube ocorre no interesse de uma apresenta\u00e7\u00e3o atrativa das nossas ofertas online.<\/p>\n\n\n\n<p class=\"wp-block-paragraph\">Isso constitui um interesse leg\u00edtimo na acep\u00e7\u00e3o do art. 6.\u00ba, n.\u00ba 1, al. f) do RGPD. Caso tenha sido solicitado um<\/p>\n\n\n\n<p class=\"wp-block-paragraph\">consentimento correspondente, o tratamento ocorre exclusivamente com base no art. 6.\u00ba, n.\u00ba 1, al. a) do<\/p>\n\n\n\n<p class=\"wp-block-paragraph\">RGPD e no \u00a7 25, n.\u00ba 1, da TDDDG, na medida em que o consentimento abranja o armazenamento de cookies ou o acesso a informa\u00e7\u00f5es no dispositivo do usu\u00e1rio (por exemplo, device fingerprinting) na acep\u00e7\u00e3o da TDDDG. O consentimento pode ser revogado a qualquer momento.<\/p>\n\n\n\n<p class=\"wp-block-paragraph\">Mais informa\u00e7\u00f5es sobre prote\u00e7\u00e3o de dados no YouTube encontram-se na respectiva pol\u00edtica de privacidade em:&nbsp;<a href=\"https:\/\/policies.google.com\/privacy?hl=de\">https:\/\/policies.google.com\/privacy?hl=de<\/a>.<\/p>\n\n\n\n<p class=\"wp-block-paragraph\">A empresa disp\u00f5e de uma certifica\u00e7\u00e3o nos termos do \u201cEU-US Data Privacy Framework\u201d (DPF). O DPF \u00e9 um acordo entre a Uni\u00e3o Europeia e os EUA que visa assegurar o cumprimento dos padr\u00f5es europeus de prote\u00e7\u00e3o de dados em tratamentos de dados realizados nos EUA. Toda empresa certificada nos termos do DPF compromete-se a cumprir esses padr\u00f5es de prote\u00e7\u00e3o de dados. Mais informa\u00e7\u00f5es a esse respeito podem ser obtidas junto ao fornecedor no seguinte link:&nbsp;<a href=\"https:\/\/www.dataprivacyframework.gov\/participant\/5780\">https:\/\/www.dataprivacyframework.gov\/participant\/5780<\/a>.<\/p>\n\n\n\n<p class=\"wp-block-paragraph\"><strong>Google Fonts (hospedagem local)<\/strong><\/p>\n\n\n\n<p class=\"wp-block-paragraph\">Esta p\u00e1gina utiliza, para a apresenta\u00e7\u00e3o uniforme de fontes tipogr\u00e1ficas, as chamadas Google Fonts, disponibilizadas pela Google. As Google Fonts est\u00e3o instaladas localmente. N\u00e3o ocorre, nesse contexto, qualquer conex\u00e3o com servidores da Google.<\/p>\n\n\n\n<p class=\"wp-block-paragraph\">Mais informa\u00e7\u00f5es sobre as Google Fonts encontram-se em&nbsp;<a href=\"https:\/\/developers.google.com\/fonts\/faq\">https:\/\/developers.google.com\/fonts\/faq<\/a>&nbsp;e na pol\u00edtica de privacidade da Google:&nbsp;<a href=\"https:\/\/policies.google.com\/privacy?hl=de\">https:\/\/policies.google.com\/privacy?hl=de<\/a>.<\/p>\n\n\n\n<p class=\"wp-block-paragraph\"><strong>Google Maps<\/strong><\/p>\n\n\n\n<p class=\"wp-block-paragraph\">Esta p\u00e1gina utiliza o servi\u00e7o de mapas Google Maps. O fornecedor \u00e9 a Google Ireland Limited (\u201cGoogle\u201d), Gordon House, Barrow Street, Dublin 4, Irlanda. Com o aux\u00edlio deste servi\u00e7o, podemos incorporar material cartogr\u00e1fico no nosso site.<\/p>\n\n\n\n<p class=\"wp-block-paragraph\">Para a utiliza\u00e7\u00e3o das fun\u00e7\u00f5es do Google Maps \u00e9 necess\u00e1rio armazenar o seu endere\u00e7o IP. Essas<\/p>\n\n\n\n<p class=\"wp-block-paragraph\">informa\u00e7\u00f5es s\u00e3o, em regra, transferidas para um servidor da Google nos EUA e a\u00ed armazenadas. O fornecedor desta p\u00e1gina n\u00e3o tem qualquer influ\u00eancia sobre essa transfer\u00eancia de dados. Quando o Google Maps est\u00e1 ativado, a Google pode utilizar as Google Fonts para efeitos de apresenta\u00e7\u00e3o uniforme das fontes tipogr\u00e1ficas. Ao acessar o Google Maps, o seu navegador carrega as web fonts necess\u00e1rias para o cache do navegador, a fim de exibir corretamente textos e fontes tipogr\u00e1ficas.<\/p>\n\n\n\n<p class=\"wp-block-paragraph\">A utiliza\u00e7\u00e3o do Google Maps ocorre no interesse de uma apresenta\u00e7\u00e3o atrativa das nossas ofertas online e de uma f\u00e1cil localiza\u00e7\u00e3o dos lugares por n\u00f3s indicados no site. Isso constitui um interesse leg\u00edtimo na acep\u00e7\u00e3o do art. 6.\u00ba, n.\u00ba 1, al. f) do RGPD. Caso tenha sido solicitado um<\/p>\n\n\n\n<p class=\"wp-block-paragraph\">consentimento correspondente, o tratamento ocorre exclusivamente com base no art. 6.\u00ba, n.\u00ba 1, al. a) do<\/p>\n\n\n\n<p class=\"wp-block-paragraph\">RGPD e no \u00a7 25, n.\u00ba 1, da TDDDG, na medida em que o consentimento abranja o armazenamento de cookies ou o acesso a informa\u00e7\u00f5es no dispositivo do usu\u00e1rio (por exemplo, device fingerprinting) na acep\u00e7\u00e3o da TDDDG. O consentimento pode ser revogado a qualquer momento.<\/p>\n\n\n\n<p class=\"wp-block-paragraph\">A transfer\u00eancia de dados para os EUA baseia-se nas cl\u00e1usulas contratuais-tipo da Comiss\u00e3o Europeia.<\/p>\n\n\n\n<p class=\"wp-block-paragraph\">Os detalhes encontram-se aqui:<\/p>\n\n\n\n<p class=\"wp-block-paragraph\"><a href=\"https:\/\/privacy.google.com\/businesses\/gdprcontrollerterms\/\">https:\/\/privacy.google.com\/businesses\/gdprcontrollerterms\/<\/a>&nbsp;e&nbsp;<a href=\"https:\/\/privacy.google.com\/businesses\/gdprcontrollerterms\/sccs\/\">https:\/\/privacy.google.com\/businesses\/gdprcontrollerterms\/sccs\/<\/a>.<\/p>\n\n\n\n<p class=\"wp-block-paragraph\">Mais informa\u00e7\u00f5es sobre o tratamento dos dados dos usu\u00e1rios encontram-se na pol\u00edtica de privacidade da Google:&nbsp;<a href=\"https:\/\/policies.google.com\/privacy?hl=de\">https:\/\/policies.google.com\/privacy?hl=de<\/a>.<\/p>\n\n\n\n<p class=\"wp-block-paragraph\">A empresa disp\u00f5e de uma certifica\u00e7\u00e3o nos termos do \u201cEU-US Data Privacy Framework\u201d (DPF). O DPF \u00e9 um acordo entre a Uni\u00e3o Europeia e os EUA que visa assegurar o cumprimento dos padr\u00f5es europeus de prote\u00e7\u00e3o de dados em tratamentos de dados realizados nos EUA. Toda empresa certificada nos termos do DPF compromete-se a cumprir esses padr\u00f5es de prote\u00e7\u00e3o de dados. Mais informa\u00e7\u00f5es a esse respeito podem ser obtidas junto ao fornecedor no seguinte link:&nbsp;<a href=\"https:\/\/www.dataprivacyframework.gov\/participant\/5780\">https:\/\/www.dataprivacyframework.gov\/participant\/5780<\/a>.<\/p>\n\n\n\n<h6 class=\"wp-block-heading\">Informa\u00e7\u00f5es de contato:<\/h6>\n\n\n\n<p class=\"wp-block-paragraph\">Se voc\u00ea quiser entrar em contato conosco para saber mais sobre esta pol\u00edtica, ou se quiser nos contatar sobre um assunto relacionado aos seus direitos pessoais e aos seus dados pessoais, pode enviar um e-mail para service@povnomad.com.<\/p>\n\n\n\n<p class=\"wp-block-paragraph\"><\/p>\n\n\n\n<p class=\"has-large-font-size wp-block-paragraph\"><strong>Informa\u00e7\u00f5es de prote\u00e7\u00e3o de dados do app POVNOMAD (Android)<br><\/strong><\/p>\n\n\n\n<h2 class=\"wp-block-heading\">Respons\u00e1vel pelo tratamento<\/h2>\n\n\n\n<p class=\"wp-block-paragraph\">Daniel Fraidych \u00b7 Rudolf\u2011Wilhelm\u2011Str. 76 \u00b7 66131 Saarbr\u00fccken E\u2011mail: <a href=\"mailto:service@povnomad.com\">service@povnomad.com<\/a> \u00b7 Telefone: +49 160 574 1177<\/p>\n\n\n\n<h2 class=\"wp-block-heading\">Quais dados o app trata<\/h2>\n\n\n\n<p class=\"wp-block-paragraph\"><strong>Conta &amp; login.<\/strong> Para acessar os eSIMs adquiridos, voc\u00ea informa o seu endere\u00e7o de e\u2011mail e recebe por e\u2011mail um link de acesso de uso \u00fanico (v\u00e1lido por 1 hora). Para isso, tratamos o endere\u00e7o de e\u2011mail e um token t\u00e9cnico de acesso. Fundamento jur\u00eddico: art. 6.\u00ba, n.\u00ba 1, al. b) do RGPD (execu\u00e7\u00e3o do contrato).<\/p>\n\n\n\n<p class=\"wp-block-paragraph\"><strong>Pedidos &amp; eSIMs.<\/strong> Para exibir e gerenciar os seus eSIMs, tratamos dados do pedido (ID do pedido, plano contratado, e\u2011mail de cobran\u00e7a), identificadores do eSIM (ICCID), dados de ativa\u00e7\u00e3o\/instala\u00e7\u00e3o (conte\u00fado do c\u00f3digo QR, APN), bem como dados de consumo (volume de dados utilizado\/restante, rede atual, status). Fundamento jur\u00eddico: art. 6.\u00ba, n.\u00ba 1, al. b) do RGPD.<\/p>\n\n\n\n<p class=\"wp-block-paragraph\"><strong>Planejamento de viagem (opcional).<\/strong> Destinos\/viagens adicionados por voc\u00ea e pa\u00edses visitados s\u00e3o armazenados vinculados \u00e0 sua conta, a fim de exibir as sugest\u00f5es de viagem e de eSIM. Fundamento jur\u00eddico: art. 6.\u00ba, n.\u00ba 1, al. b) ou al. a) do RGPD.<\/p>\n\n\n\n<p class=\"wp-block-paragraph\"><strong>Pagamento.<\/strong> As compras e recargas s\u00e3o processadas por meio de um checkout web seguro (prestador de servi\u00e7os de pagamento <strong>Stripe<\/strong>, incl. <strong>Google Pay<\/strong>). Os dados de pagamento (por exemplo, dados do cart\u00e3o) s\u00e3o inseridos por voc\u00ea diretamente junto ao prestador de servi\u00e7os de pagamento; o pr\u00f3prio app n\u00e3o armazena dados de pagamento completos. Fundamento jur\u00eddico: art. 6.\u00ba, n.\u00ba 1, al. b) do RGPD.<\/p>\n\n\n\n<p class=\"wp-block-paragraph\"><strong>Contato\/suporte (opcional).<\/strong> Para eventuais d\u00favidas, voc\u00ea pode informar voluntariamente um n\u00famero de WhatsApp; al\u00e9m disso, est\u00e3o dispon\u00edveis um e\u2011mail de suporte e um chatbot. No contato por WhatsApp aplicam-se adicionalmente as disposi\u00e7\u00f5es de prote\u00e7\u00e3o de dados da Meta.<\/p>\n\n\n\n<p class=\"wp-block-paragraph\"><strong>Dados t\u00e9cnicos.<\/strong> Para a disponibiliza\u00e7\u00e3o, o diagn\u00f3stico de erros e a seguran\u00e7a, s\u00e3o tratados dados t\u00e9cnicos de conex\u00e3o (por exemplo, endere\u00e7o IP, momento do acesso, informa\u00e7\u00f5es b\u00e1sicas do app\/dispositivo) pelos nossos servi\u00e7os de backend (art. 6.\u00ba, n.\u00ba 1, al. f) do RGPD).<\/p>\n\n\n\n<p class=\"wp-block-paragraph\"><strong>Armazenamento local no seu dispositivo.<\/strong> Para que os seus dados de eSIM e o c\u00f3digo QR estejam dispon\u00edveis tamb\u00e9m offline, o app armazena localmente no dispositivo a lista de eSIMs (ICCID, conte\u00fado do QR, links de instala\u00e7\u00e3o, plano, APN, pa\u00eds) e a imagem do QR. Esses dados n\u00e3o saem adicionalmente do dispositivo e s\u00e3o exclu\u00eddos no logout.<\/p>\n\n\n\n<h2 class=\"wp-block-heading\">Destinat\u00e1rios \/ subcontratantes do app<\/h2>\n\n\n\n<figure class=\"wp-block-table\"><table class=\"has-fixed-layout\"><thead><tr><th>Servi\u00e7o<\/th><th>Finalidade<\/th><th>Fornecedor<\/th><\/tr><\/thead><tbody><tr><td><strong>Supabase<\/strong><\/td><td>Conta\/autentica\u00e7\u00e3o, banco de dados &amp; backend (pedidos, eSIMs, consumo, viagens)<\/td><td>Supabase Inc., USA <em>(regi\u00e3o do servidor Ireland)<\/em><\/td><\/tr><tr><td><strong>Resend<\/strong><\/td><td>Envio do e\u2011mail de acesso\/login<\/td><td>Resend, Inc., USA<\/td><\/tr><tr><td><strong>Provedor de eSIM (mundial)<\/strong><\/td><td>Disponibiliza\u00e7\u00e3o\/ativa\u00e7\u00e3o do eSIM, consulta de consumo; se for o caso, transmiss\u00e3o de identificadores do dispositivo\/eSIM ao operador de rede<\/td><td>respectivo parceiro de rede<\/td><\/tr><tr><td><strong>Stripe (incl. Google Pay)<\/strong><\/td><td>Processamento de pagamentos<\/td><td>Stripe Payments Europe Ltd. \/ Google<\/td><\/tr><tr><td><strong>WhatsApp (opcional)<\/strong><\/td><td>Contato de suporte a seu pedido<\/td><td>Meta Platforms Ireland Ltd.<\/td><\/tr><\/tbody><\/table><\/figure>\n\n\n\n<p class=\"wp-block-paragraph\">Em caso de tratamento fora da UE, baseamos a transmiss\u00e3o nas cl\u00e1usulas contratuais-tipo da UE ou no EU-US Data Privacy Framework. Com os subcontratantes existem contratos de subcontrata\u00e7\u00e3o (art. 28.\u00ba do RGPD).<\/p>\n\n\n\n<h2 class=\"wp-block-heading\">Prazo de conserva\u00e7\u00e3o<\/h2>\n\n\n\n<p class=\"wp-block-paragraph\">Os dados de eSIM e de pedidos s\u00e3o armazenados enquanto a sua conta existir ou enquanto correrem prazos legais de conserva\u00e7\u00e3o (fiscais\/comerciais). Os tokens de acesso expiram ap\u00f3s 1 hora. Os dados locais do dispositivo s\u00e3o removidos no logout.<\/p>\n\n\n\n<h2 class=\"wp-block-heading\">Seus direitos &amp; exclus\u00e3o da conta<\/h2>\n\n\n\n<p class=\"wp-block-paragraph\">Voc\u00ea tem os direitos de acesso, retifica\u00e7\u00e3o, exclus\u00e3o, limita\u00e7\u00e3o, portabilidade dos dados e oposi\u00e7\u00e3o (art. 15.\u00ba a 21.\u00ba do RGPD), bem como o direito de apresentar reclama\u00e7\u00e3o junto a uma autoridade de controle.<\/p>\n\n\n\n<p class=\"wp-block-paragraph\"><strong>Excluir a conta:<\/strong> diretamente no app em <em>Configura\u00e7\u00f5es \u2192 Excluir conta<\/em>, ou por e\u2011mail para <a href=\"mailto:service@povnomad.com\">service@povnomad.com<\/a>.<\/p>\n\n\n\n<p class=\"wp-block-paragraph\"><\/p>\n\n\n\n<h1 class=\"wp-block-heading has-large-font-size\"><strong>Informa\u00e7\u00f5es de prote\u00e7\u00e3o de dados do app POVNOMAD (iOS)<\/strong><\/h1>\n\n\n\n<hr class=\"wp-block-separator has-alpha-channel-opacity\"\/>\n\n\n\n<h2 class=\"wp-block-heading\">Respons\u00e1vel pelo tratamento<\/h2>\n\n\n\n<p class=\"wp-block-paragraph\">Daniel Fraidych \u00b7 Rudolf\u2011Wilhelm\u2011Str. 76 \u00b7 66131 Saarbr\u00fccken E\u2011mail: service@povnomad.com \u00b7 Telefone: +49160 5741177<\/p>\n\n\n\n<h2 class=\"wp-block-heading\">Quais dados o app trata<\/h2>\n\n\n\n<p class=\"wp-block-paragraph\"><strong>Conta &amp; login.<\/strong> Para acessar os eSIMs adquiridos, voc\u00ea informa o seu endere\u00e7o de e\u2011mail e recebe por e\u2011mail um link de acesso de uso \u00fanico (v\u00e1lido por 1 hora). Para isso, tratamos o endere\u00e7o de e\u2011mail e um token t\u00e9cnico de acesso. Fundamento jur\u00eddico: art. 6.\u00ba, n.\u00ba 1, al. b) do RGPD (execu\u00e7\u00e3o do contrato).<\/p>\n\n\n\n<p class=\"wp-block-paragraph\"><strong>Pedidos &amp; eSIMs.<\/strong> Para exibir e gerenciar os seus eSIMs, tratamos dados do pedido (ID do pedido, plano contratado, e\u2011mail de cobran\u00e7a), identificadores do eSIM (ICCID), dados de ativa\u00e7\u00e3o\/instala\u00e7\u00e3o (conte\u00fado do c\u00f3digo QR, APN), bem como dados de consumo (volume de dados utilizado\/restante, rede atual, status). Fundamento jur\u00eddico: art. 6.\u00ba, n.\u00ba 1, al. b) do RGPD.<\/p>\n\n\n\n<p class=\"wp-block-paragraph\"><strong>Planejamento de viagem (opcional).<\/strong> Destinos\/viagens adicionados por voc\u00ea e pa\u00edses visitados s\u00e3o armazenados vinculados \u00e0 sua conta, a fim de exibir as sugest\u00f5es de viagem e de eSIM. Fundamento jur\u00eddico: art. 6.\u00ba, n.\u00ba 1, al. b) ou al. a) do RGPD.<\/p>\n\n\n\n<p class=\"wp-block-paragraph\"><strong>Pagamento.<\/strong> As compras e recargas s\u00e3o processadas por meio de um checkout seguro (prestador de servi\u00e7os de pagamento <strong>Stripe<\/strong>, incl. <strong>Apple Pay<\/strong>). O Google Pay n\u00e3o est\u00e1 dispon\u00edvel no iOS e, por isso, n\u00e3o \u00e9 utilizado. Os dados de pagamento (por exemplo, dados do cart\u00e3o) s\u00e3o inseridos por voc\u00ea diretamente junto ao prestador de servi\u00e7os de pagamento ou por meio do Apple Pay; o pr\u00f3prio app n\u00e3o armazena dados de pagamento completos. Fundamento jur\u00eddico: art. 6.\u00ba, n.\u00ba 1, al. b) do RGPD.<\/p>\n\n\n\n<p class=\"wp-block-paragraph\"><strong>Contato\/suporte (opcional).<\/strong> Para eventuais d\u00favidas, voc\u00ea pode informar voluntariamente um n\u00famero de WhatsApp; al\u00e9m disso, est\u00e3o dispon\u00edveis um e\u2011mail de suporte e um chatbot. No contato por WhatsApp aplicam-se adicionalmente as disposi\u00e7\u00f5es de prote\u00e7\u00e3o de dados da Meta.<\/p>\n\n\n\n<p class=\"wp-block-paragraph\"><strong>Dados t\u00e9cnicos.<\/strong> Para a disponibiliza\u00e7\u00e3o, o diagn\u00f3stico de erros e a seguran\u00e7a, s\u00e3o tratados dados t\u00e9cnicos de conex\u00e3o (por exemplo, endere\u00e7o IP, momento do acesso, informa\u00e7\u00f5es b\u00e1sicas do app\/dispositivo) pelos nossos servi\u00e7os de backend (art. 6.\u00ba, n.\u00ba 1, al. f) do RGPD).<\/p>\n\n\n\n<p class=\"wp-block-paragraph\"><strong>Armazenamento local no seu dispositivo.<\/strong> Para que os seus dados de eSIM e o c\u00f3digo QR estejam dispon\u00edveis tamb\u00e9m offline, o app armazena localmente no seu dispositivo a lista de eSIMs (ICCID, conte\u00fado do QR, links de instala\u00e7\u00e3o, plano, APN, pa\u00eds) e a imagem do QR. O seu token de acesso \u00e9 guardado de forma criptografada no <strong>gerenciador de chaves do iOS (Keychain)<\/strong>. Esses dados n\u00e3o saem adicionalmente do dispositivo e s\u00e3o exclu\u00eddos no logout.<\/p>\n\n\n\n<h2 class=\"wp-block-heading\">Destinat\u00e1rios \/ subcontratantes do app<\/h2>\n\n\n\n<figure class=\"wp-block-table\"><table class=\"has-fixed-layout\"><thead><tr><th>Servi\u00e7o<\/th><th>Finalidade<\/th><th>Fornecedor<\/th><\/tr><\/thead><tbody><tr><td><strong>Supabase<\/strong><\/td><td>Conta\/autentica\u00e7\u00e3o, banco de dados &amp; backend (pedidos, eSIMs, consumo, viagens)<\/td><td>Supabase Inc., USA<\/td><\/tr><tr><td><strong>Resend<\/strong><\/td><td>Envio do e\u2011mail de acesso\/login<\/td><td>Resend, Inc., USA<\/td><\/tr><tr><td><strong>Provedor de eSIM<\/strong><\/td><td>Disponibiliza\u00e7\u00e3o\/ativa\u00e7\u00e3o do eSIM, consulta de consumo; se for o caso, transmiss\u00e3o de identificadores do dispositivo\/eSIM ao operador de rede<\/td><td>respectivo parceiro de rede<\/td><\/tr><tr><td><strong>Stripe (incl. Apple Pay)<\/strong><\/td><td>Processamento de pagamentos<\/td><td>Stripe Payments Europe Ltd. \/ Apple Distribution International Ltd.<\/td><\/tr><tr><td><strong>WhatsApp (opcional)<\/strong><\/td><td>Contato de suporte a seu pedido<\/td><td>Meta Platforms Ireland Ltd.<\/td><\/tr><\/tbody><\/table><\/figure>\n\n\n\n<p class=\"wp-block-paragraph\">Em caso de tratamento fora da UE, baseamos a transmiss\u00e3o nas cl\u00e1usulas contratuais-tipo da UE ou no EU-US Data Privacy Framework. Com os subcontratantes existem contratos de subcontrata\u00e7\u00e3o (art. 28.\u00ba do RGPD).<\/p>\n\n\n\n<h2 class=\"wp-block-heading\">Prazo de conserva\u00e7\u00e3o<\/h2>\n\n\n\n<p class=\"wp-block-paragraph\">Os dados de eSIM e de pedidos s\u00e3o armazenados enquanto a sua conta existir ou enquanto correrem prazos legais de conserva\u00e7\u00e3o (fiscais\/comerciais). Os tokens de acesso expiram ap\u00f3s 1 hora. Os dados locais do dispositivo s\u00e3o removidos no logout.<\/p>\n\n\n\n<h2 class=\"wp-block-heading\">Seus direitos &amp; exclus\u00e3o da conta<\/h2>\n\n\n\n<p class=\"wp-block-paragraph\">Voc\u00ea tem os direitos de acesso, retifica\u00e7\u00e3o, exclus\u00e3o, limita\u00e7\u00e3o, portabilidade dos dados e oposi\u00e7\u00e3o (art. 15.\u00ba a 21.\u00ba do RGPD), bem como o direito de apresentar reclama\u00e7\u00e3o junto a uma autoridade de controle.<\/p>\n\n\n\n<p class=\"wp-block-paragraph\"><strong>Excluir a conta:<\/strong> diretamente no app em <em>Configura\u00e7\u00f5es \u2192 Excluir conta<\/em>, ou por e\u2011mail para service@povnomad.com.<\/p>\n","protected":false},"excerpt":{"rendered":"<p>1. Prote\u00e7\u00e3o de dados em resumo Informa\u00e7\u00f5es gerais As informa\u00e7\u00f5es a seguir oferecem uma vis\u00e3o geral simples do que acontece com os seus dados pessoais quando voc\u00ea visita este site. Dados pessoais s\u00e3o todos os dados que permitem identific\u00e1-lo pessoalmente. Informa\u00e7\u00f5es detalhadas sobre o tema da prote\u00e7\u00e3o de dados podem ser consultadas na nossa Pol\u00edtica de Privacidade apresentada abaixo deste texto. Coleta de dados neste site Quem \u00e9 o respons\u00e1vel pela coleta de dados neste site? O tratamento de dados neste site \u00e9 realizado pelo operador do site. Voc\u00ea pode consultar os dados de contato dele na se\u00e7\u00e3o \u201cInforma\u00e7\u00e3o sobre o respons\u00e1vel pelo tratamento\u201d desta Pol\u00edtica de Privacidade. Como coletamos os seus dados? Os seus dados s\u00e3o coletados, por um lado, porque voc\u00ea nos os comunica. Podem ser, por exemplo, dados que voc\u00ea insere em um formul\u00e1rio de contato. Outros dados s\u00e3o registrados automaticamente ou mediante o seu consentimento, quando voc\u00ea visita o site, pelos nossos sistemas de TI. Trata-se sobretudo de dados t\u00e9cnicos (por exemplo, navegador de internet, sistema operacional ou hor\u00e1rio de acesso \u00e0 p\u00e1gina). A coleta desses dados ocorre automaticamente assim que voc\u00ea acessa este site. Para que utilizamos os seus dados? Uma parte dos dados \u00e9 coletada para assegurar a disponibiliza\u00e7\u00e3o correta do site. Outros dados podem ser utilizados para a an\u00e1lise do seu comportamento de utiliza\u00e7\u00e3o. Caso possam ser celebrados ou iniciados contratos por meio do site, os dados transmitidos s\u00e3o tamb\u00e9m tratados para propostas contratuais, pedidos ou outras solicita\u00e7\u00f5es. Que direitos voc\u00ea tem em rela\u00e7\u00e3o aos seus dados? Voc\u00ea tem, a qualquer momento, o direito de obter gratuitamente informa\u00e7\u00e3o sobre a origem, os destinat\u00e1rios e a finalidade dos seus dados pessoais armazenados. Voc\u00ea tem, al\u00e9m disso, o direito de exigir a retifica\u00e7\u00e3o ou a exclus\u00e3o desses dados. Se voc\u00ea tiver dado o seu consentimento para o tratamento de dados, poder\u00e1 revog\u00e1-lo a qualquer momento com efeitos para o futuro. Voc\u00ea tem ainda o direito de, em determinadas circunst\u00e2ncias, exigir a limita\u00e7\u00e3o do tratamento dos seus dados pessoais. Al\u00e9m disso, assiste-lhe o direito de apresentar reclama\u00e7\u00e3o junto \u00e0 autoridade de controle competente. Para esse fim, bem como para outras quest\u00f5es relativas \u00e0 prote\u00e7\u00e3o de dados, voc\u00ea pode entrar em contato conosco a qualquer momento. Ferramentas de an\u00e1lise e ferramentas de terceiros Durante a visita a este site, o seu comportamento de navega\u00e7\u00e3o pode ser avaliado estatisticamente. Isso ocorre sobretudo por meio dos chamados programas de an\u00e1lise. Informa\u00e7\u00f5es detalhadas sobre esses programas de an\u00e1lise encontram-se na Pol\u00edtica de Privacidade a seguir. 2. Hospedagem Hospedamos os conte\u00fados do nosso site junto ao seguinte prestador: Hospedagem externa Este site \u00e9 hospedado externamente. Os dados pessoais registrados neste site s\u00e3o armazenados nos servidores do prestador de hospedagem. Podem estar em causa, sobretudo, endere\u00e7os IP, pedidos de contato, dados de metadados e de comunica\u00e7\u00e3o, dados contratuais, dados de contato, nomes, acessos ao site e outros dados gerados por meio de um site. A hospedagem externa \u00e9 realizada para efeitos de execu\u00e7\u00e3o do contrato perante os nossos clientes potenciais e existentes (art. 6.\u00ba, n.\u00ba 1, al. b) do RGPD) e no interesse de uma disponibiliza\u00e7\u00e3o segura, r\u00e1pida e eficiente da nossa oferta online por um prestador profissional (art. 6.\u00ba, n.\u00ba 1, al. f) do RGPD). Caso tenha sido solicitado o consentimento correspondente, o tratamento ocorre exclusivamente com base no art. 6.\u00ba, n.\u00ba 1, al. a) do RGPD e no \u00a7 25, n.\u00ba 1, da TDDDG, na medida em que o consentimento abranja o armazenamento de cookies ou o acesso a informa\u00e7\u00f5es no dispositivo do usu\u00e1rio (por exemplo, device fingerprinting) na acep\u00e7\u00e3o da TDDDG. O consentimento pode ser revogado a qualquer momento. O nosso ou os nossos prestadores de hospedagem tratar\u00e3o os seus dados apenas na medida necess\u00e1ria ao cumprimento das suas obriga\u00e7\u00f5es de presta\u00e7\u00e3o e seguir\u00e3o as nossas instru\u00e7\u00f5es relativamente a esses dados. Utilizamos o(s) seguinte(s) prestador(es) de hospedagem: HOSTINGER operations, UAB \u0160vitrigailos str. 34, Vilnius 03230 Lithuania Subcontrata\u00e7\u00e3o Celebramos um contrato de subcontrata\u00e7\u00e3o (AVV) para a utiliza\u00e7\u00e3o do servi\u00e7o acima mencionado. Trata-se de um contrato exigido pela legisla\u00e7\u00e3o de prote\u00e7\u00e3o de dados, que assegura que o subcontratante trate os dados pessoais dos visitantes do nosso site apenas segundo as nossas instru\u00e7\u00f5es e em conformidade com o RGPD. 3. Informa\u00e7\u00f5es gerais e informa\u00e7\u00f5es obrigat\u00f3rias Prote\u00e7\u00e3o de dados Os operadores destas p\u00e1ginas levam muito a s\u00e9rio a prote\u00e7\u00e3o dos seus dados pessoais. Tratamos os seus dados pessoais de forma confidencial e em conformidade com as disposi\u00e7\u00f5es legais de prote\u00e7\u00e3o de dados, bem como com esta Pol\u00edtica de Privacidade. Quando voc\u00ea utiliza este site, s\u00e3o coletados diversos dados pessoais. Dados pessoais s\u00e3o dados que permitem identific\u00e1-lo pessoalmente. A presente Pol\u00edtica de Privacidade explica quais dados coletamos e para que os utilizamos. Explica tamb\u00e9m como e com que finalidade isso ocorre. Chamamos a aten\u00e7\u00e3o para o fato de que a transmiss\u00e3o de dados pela internet (por exemplo, na comunica\u00e7\u00e3o por e-mail) pode apresentar falhas de seguran\u00e7a. N\u00e3o \u00e9 poss\u00edvel uma prote\u00e7\u00e3o integral dos dados contra o acesso por terceiros. Informa\u00e7\u00e3o sobre o respons\u00e1vel pelo tratamento O respons\u00e1vel pelo tratamento dos dados neste site \u00e9: Daniel Fraidych Rudolf-Wilhelm-Str. 76 66131 Saarbr\u00fccken Telefone: +49160 5741177 E-mail: service@povnomad.com Respons\u00e1vel pelo tratamento \u00e9 a pessoa f\u00edsica ou jur\u00eddica que, isoladamente ou em conjunto com outras, decide sobre as finalidades e os meios do tratamento de dados pessoais (por exemplo, nomes, endere\u00e7os de e-mail ou semelhantes). Prazo de conserva\u00e7\u00e3o Salvo se, no \u00e2mbito desta Pol\u00edtica de Privacidade, tiver sido indicado um prazo de conserva\u00e7\u00e3o mais espec\u00edfico, os seus dados pessoais permanecem conosco at\u00e9 que deixe de existir a finalidade do tratamento. Se voc\u00ea exercer um pedido leg\u00edtimo de exclus\u00e3o ou revogar um consentimento para o tratamento de dados, os seus dados ser\u00e3o exclu\u00eddos, a menos que existam outros fundamentos legalmente admiss\u00edveis para a conserva\u00e7\u00e3o dos seus dados pessoais (por exemplo, prazos de conserva\u00e7\u00e3o fiscais ou comerciais); neste \u00faltimo caso, a exclus\u00e3o ocorre ap\u00f3s a cessa\u00e7\u00e3o desses fundamentos. Informa\u00e7\u00f5es gerais sobre os fundamentos jur\u00eddicos do tratamento de dados neste site Caso voc\u00ea tenha consentido no tratamento de dados, tratamos<\/p>\n","protected":false},"author":2,"featured_media":0,"parent":0,"menu_order":0,"comment_status":"closed","ping_status":"closed","template":"","meta":{"inline_featured_image":false,"_uag_custom_page_level_css":"","site-sidebar-layout":"default","site-content-layout":"","ast-site-content-layout":"default","site-content-style":"default","site-sidebar-style":"default","ast-global-header-display":"","ast-banner-title-visibility":"","ast-main-header-display":"","ast-hfb-above-header-display":"","ast-hfb-below-header-display":"","ast-hfb-mobile-header-display":"","site-post-title":"","ast-breadcrumbs-content":"","ast-featured-img":"","footer-sml-layout":"","ast-disable-related-posts":"","theme-transparent-header-meta":"","adv-header-id-meta":"","stick-header-meta":"","header-above-stick-meta":"","header-main-stick-meta":"","header-below-stick-meta":"","astra-migrate-meta-layouts":"default","ast-page-background-enabled":"default","ast-page-background-meta":{"desktop":{"background-color":"","background-image":"","background-repeat":"repeat","background-position":"center center","background-size":"auto","background-attachment":"scroll","background-type":"","background-media":"","overlay-type":"","overlay-color":"","overlay-opacity":"","overlay-gradient":""},"tablet":{"background-color":"","background-image":"","background-repeat":"repeat","background-position":"center center","background-size":"auto","background-attachment":"scroll","background-type":"","background-media":"","overlay-type":"","overlay-color":"","overlay-opacity":"","overlay-gradient":""},"mobile":{"background-color":"","background-image":"","background-repeat":"repeat","background-position":"center center","background-size":"auto","background-attachment":"scroll","background-type":"","background-media":"","overlay-type":"","overlay-color":"","overlay-opacity":"","overlay-gradient":""}},"ast-content-background-meta":{"desktop":{"background-color":"var(--ast-global-color-5)","background-image":"","background-repeat":"repeat","background-position":"center center","background-size":"auto","background-attachment":"scroll","background-type":"","background-media":"","overlay-type":"","overlay-color":"","overlay-opacity":"","overlay-gradient":""},"tablet":{"background-color":"var(--ast-global-color-5)","background-image":"","background-repeat":"repeat","background-position":"center center","background-size":"auto","background-attachment":"scroll","background-type":"","background-media":"","overlay-type":"","overlay-color":"","overlay-opacity":"","overlay-gradient":""},"mobile":{"background-color":"var(--ast-global-color-5)","background-image":"","background-repeat":"repeat","background-position":"center center","background-size":"auto","background-attachment":"scroll","background-type":"","background-media":"","overlay-type":"","overlay-color":"","overlay-opacity":"","overlay-gradient":""}},"footnotes":""},"class_list":["post-31353","page","type-page","status-publish","hentry"],"yoast_head":"<!-- This site is optimized with the Yoast SEO plugin v28.4 - https:\/\/yoast.com\/product\/yoast-seo-wordpress\/ -->\n<title>Pol\u00edtica de Privacidade - POVNOMAD - Your Travel Companion<\/title>\n<meta name=\"robots\" content=\"index, follow, max-snippet:-1, max-image-preview:large, max-video-preview:-1\" \/>\n<link rel=\"canonical\" href=\"https:\/\/povnomad.com\/pt-br\/politica-de-privacidade\/\" \/>\n<meta property=\"og:locale\" content=\"pt_BR\" \/>\n<meta property=\"og:type\" content=\"article\" \/>\n<meta property=\"og:title\" content=\"Pol\u00edtica de Privacidade - POVNOMAD - Your Travel Companion\" \/>\n<meta property=\"og:description\" content=\"1. Prote\u00e7\u00e3o de dados em resumo Informa\u00e7\u00f5es gerais As informa\u00e7\u00f5es a seguir oferecem uma vis\u00e3o geral simples do que acontece com os seus dados pessoais quando voc\u00ea visita este site. Dados pessoais s\u00e3o todos os dados que permitem identific\u00e1-lo pessoalmente. Informa\u00e7\u00f5es detalhadas sobre o tema da prote\u00e7\u00e3o de dados podem ser consultadas na nossa Pol\u00edtica de Privacidade apresentada abaixo deste texto. Coleta de dados neste site Quem \u00e9 o respons\u00e1vel pela coleta de dados neste site? O tratamento de dados neste site \u00e9 realizado pelo operador do site. Voc\u00ea pode consultar os dados de contato dele na se\u00e7\u00e3o \u201cInforma\u00e7\u00e3o sobre o respons\u00e1vel pelo tratamento\u201d desta Pol\u00edtica de Privacidade. Como coletamos os seus dados? Os seus dados s\u00e3o coletados, por um lado, porque voc\u00ea nos os comunica. Podem ser, por exemplo, dados que voc\u00ea insere em um formul\u00e1rio de contato. Outros dados s\u00e3o registrados automaticamente ou mediante o seu consentimento, quando voc\u00ea visita o site, pelos nossos sistemas de TI. Trata-se sobretudo de dados t\u00e9cnicos (por exemplo, navegador de internet, sistema operacional ou hor\u00e1rio de acesso \u00e0 p\u00e1gina). A coleta desses dados ocorre automaticamente assim que voc\u00ea acessa este site. Para que utilizamos os seus dados? Uma parte dos dados \u00e9 coletada para assegurar a disponibiliza\u00e7\u00e3o correta do site. Outros dados podem ser utilizados para a an\u00e1lise do seu comportamento de utiliza\u00e7\u00e3o. Caso possam ser celebrados ou iniciados contratos por meio do site, os dados transmitidos s\u00e3o tamb\u00e9m tratados para propostas contratuais, pedidos ou outras solicita\u00e7\u00f5es. Que direitos voc\u00ea tem em rela\u00e7\u00e3o aos seus dados? Voc\u00ea tem, a qualquer momento, o direito de obter gratuitamente informa\u00e7\u00e3o sobre a origem, os destinat\u00e1rios e a finalidade dos seus dados pessoais armazenados. Voc\u00ea tem, al\u00e9m disso, o direito de exigir a retifica\u00e7\u00e3o ou a exclus\u00e3o desses dados. Se voc\u00ea tiver dado o seu consentimento para o tratamento de dados, poder\u00e1 revog\u00e1-lo a qualquer momento com efeitos para o futuro. Voc\u00ea tem ainda o direito de, em determinadas circunst\u00e2ncias, exigir a limita\u00e7\u00e3o do tratamento dos seus dados pessoais. Al\u00e9m disso, assiste-lhe o direito de apresentar reclama\u00e7\u00e3o junto \u00e0 autoridade de controle competente. Para esse fim, bem como para outras quest\u00f5es relativas \u00e0 prote\u00e7\u00e3o de dados, voc\u00ea pode entrar em contato conosco a qualquer momento. Ferramentas de an\u00e1lise e ferramentas de terceiros Durante a visita a este site, o seu comportamento de navega\u00e7\u00e3o pode ser avaliado estatisticamente. Isso ocorre sobretudo por meio dos chamados programas de an\u00e1lise. Informa\u00e7\u00f5es detalhadas sobre esses programas de an\u00e1lise encontram-se na Pol\u00edtica de Privacidade a seguir. 2. Hospedagem Hospedamos os conte\u00fados do nosso site junto ao seguinte prestador: Hospedagem externa Este site \u00e9 hospedado externamente. Os dados pessoais registrados neste site s\u00e3o armazenados nos servidores do prestador de hospedagem. Podem estar em causa, sobretudo, endere\u00e7os IP, pedidos de contato, dados de metadados e de comunica\u00e7\u00e3o, dados contratuais, dados de contato, nomes, acessos ao site e outros dados gerados por meio de um site. A hospedagem externa \u00e9 realizada para efeitos de execu\u00e7\u00e3o do contrato perante os nossos clientes potenciais e existentes (art. 6.\u00ba, n.\u00ba 1, al. b) do RGPD) e no interesse de uma disponibiliza\u00e7\u00e3o segura, r\u00e1pida e eficiente da nossa oferta online por um prestador profissional (art. 6.\u00ba, n.\u00ba 1, al. f) do RGPD). Caso tenha sido solicitado o consentimento correspondente, o tratamento ocorre exclusivamente com base no art. 6.\u00ba, n.\u00ba 1, al. a) do RGPD e no \u00a7 25, n.\u00ba 1, da TDDDG, na medida em que o consentimento abranja o armazenamento de cookies ou o acesso a informa\u00e7\u00f5es no dispositivo do usu\u00e1rio (por exemplo, device fingerprinting) na acep\u00e7\u00e3o da TDDDG. O consentimento pode ser revogado a qualquer momento. O nosso ou os nossos prestadores de hospedagem tratar\u00e3o os seus dados apenas na medida necess\u00e1ria ao cumprimento das suas obriga\u00e7\u00f5es de presta\u00e7\u00e3o e seguir\u00e3o as nossas instru\u00e7\u00f5es relativamente a esses dados. Utilizamos o(s) seguinte(s) prestador(es) de hospedagem: HOSTINGER operations, UAB \u0160vitrigailos str. 34, Vilnius 03230 Lithuania Subcontrata\u00e7\u00e3o Celebramos um contrato de subcontrata\u00e7\u00e3o (AVV) para a utiliza\u00e7\u00e3o do servi\u00e7o acima mencionado. Trata-se de um contrato exigido pela legisla\u00e7\u00e3o de prote\u00e7\u00e3o de dados, que assegura que o subcontratante trate os dados pessoais dos visitantes do nosso site apenas segundo as nossas instru\u00e7\u00f5es e em conformidade com o RGPD. 3. Informa\u00e7\u00f5es gerais e informa\u00e7\u00f5es obrigat\u00f3rias Prote\u00e7\u00e3o de dados Os operadores destas p\u00e1ginas levam muito a s\u00e9rio a prote\u00e7\u00e3o dos seus dados pessoais. Tratamos os seus dados pessoais de forma confidencial e em conformidade com as disposi\u00e7\u00f5es legais de prote\u00e7\u00e3o de dados, bem como com esta Pol\u00edtica de Privacidade. Quando voc\u00ea utiliza este site, s\u00e3o coletados diversos dados pessoais. Dados pessoais s\u00e3o dados que permitem identific\u00e1-lo pessoalmente. A presente Pol\u00edtica de Privacidade explica quais dados coletamos e para que os utilizamos. Explica tamb\u00e9m como e com que finalidade isso ocorre. Chamamos a aten\u00e7\u00e3o para o fato de que a transmiss\u00e3o de dados pela internet (por exemplo, na comunica\u00e7\u00e3o por e-mail) pode apresentar falhas de seguran\u00e7a. N\u00e3o \u00e9 poss\u00edvel uma prote\u00e7\u00e3o integral dos dados contra o acesso por terceiros. Informa\u00e7\u00e3o sobre o respons\u00e1vel pelo tratamento O respons\u00e1vel pelo tratamento dos dados neste site \u00e9: Daniel Fraidych Rudolf-Wilhelm-Str. 76 66131 Saarbr\u00fccken Telefone: +49160 5741177 E-mail: service@povnomad.com Respons\u00e1vel pelo tratamento \u00e9 a pessoa f\u00edsica ou jur\u00eddica que, isoladamente ou em conjunto com outras, decide sobre as finalidades e os meios do tratamento de dados pessoais (por exemplo, nomes, endere\u00e7os de e-mail ou semelhantes). Prazo de conserva\u00e7\u00e3o Salvo se, no \u00e2mbito desta Pol\u00edtica de Privacidade, tiver sido indicado um prazo de conserva\u00e7\u00e3o mais espec\u00edfico, os seus dados pessoais permanecem conosco at\u00e9 que deixe de existir a finalidade do tratamento. Se voc\u00ea exercer um pedido leg\u00edtimo de exclus\u00e3o ou revogar um consentimento para o tratamento de dados, os seus dados ser\u00e3o exclu\u00eddos, a menos que existam outros fundamentos legalmente admiss\u00edveis para a conserva\u00e7\u00e3o dos seus dados pessoais (por exemplo, prazos de conserva\u00e7\u00e3o fiscais ou comerciais); neste \u00faltimo caso, a exclus\u00e3o ocorre ap\u00f3s a cessa\u00e7\u00e3o desses fundamentos. Informa\u00e7\u00f5es gerais sobre os fundamentos jur\u00eddicos do tratamento de dados neste site Caso voc\u00ea tenha consentido no tratamento de dados, tratamos\" \/>\n<meta property=\"og:url\" content=\"https:\/\/povnomad.com\/pt-br\/politica-de-privacidade\/\" \/>\n<meta property=\"og:site_name\" content=\"POVNOMAD - Your Travel Companion\" \/>\n<meta name=\"twitter:card\" content=\"summary_large_image\" \/>\n<meta name=\"twitter:label1\" content=\"Est. tempo de leitura\" \/>\n\t<meta name=\"twitter:data1\" content=\"38 minutos\" \/>\n<script type=\"application\/ld+json\" class=\"yoast-schema-graph\">{\"@context\":\"https:\\\/\\\/schema.org\",\"@graph\":[{\"@type\":\"WebPage\",\"@id\":\"https:\\\/\\\/povnomad.com\\\/pt-br\\\/politica-de-privacidade\\\/\",\"url\":\"https:\\\/\\\/povnomad.com\\\/pt-br\\\/politica-de-privacidade\\\/\",\"name\":\"Pol\u00edtica de Privacidade - POVNOMAD - Your Travel Companion\",\"isPartOf\":{\"@id\":\"https:\\\/\\\/povnomad.com\\\/pt-br\\\/#website\"},\"datePublished\":\"2026-08-07T15:59:22+00:00\",\"breadcrumb\":{\"@id\":\"https:\\\/\\\/povnomad.com\\\/pt-br\\\/politica-de-privacidade\\\/#breadcrumb\"},\"inLanguage\":\"pt-BR\",\"potentialAction\":[{\"@type\":\"ReadAction\",\"target\":[\"https:\\\/\\\/povnomad.com\\\/pt-br\\\/politica-de-privacidade\\\/\"]}]},{\"@type\":\"BreadcrumbList\",\"@id\":\"https:\\\/\\\/povnomad.com\\\/pt-br\\\/politica-de-privacidade\\\/#breadcrumb\",\"itemListElement\":[{\"@type\":\"ListItem\",\"position\":1,\"name\":\"Startseite\",\"item\":\"https:\\\/\\\/povnomad.com\\\/pt-br\\\/\"},{\"@type\":\"ListItem\",\"position\":2,\"name\":\"Pol\u00edtica de Privacidade\"}]},{\"@type\":\"WebSite\",\"@id\":\"https:\\\/\\\/povnomad.com\\\/pt-br\\\/#website\",\"url\":\"https:\\\/\\\/povnomad.com\\\/pt-br\\\/\",\"name\":\"POVNOMAD - Your Travel Companion\",\"description\":\"eSIMs with \u2764\ufe0f  in Germany \ud83c\udde9\ud83c\uddea\",\"publisher\":{\"@id\":\"https:\\\/\\\/povnomad.com\\\/pt-br\\\/#organization\"},\"potentialAction\":[{\"@type\":\"SearchAction\",\"target\":{\"@type\":\"EntryPoint\",\"urlTemplate\":\"https:\\\/\\\/povnomad.com\\\/pt-br\\\/?s={search_term_string}\"},\"query-input\":{\"@type\":\"PropertyValueSpecification\",\"valueRequired\":true,\"valueName\":\"search_term_string\"}}],\"inLanguage\":\"pt-BR\"},{\"@type\":\"Organization\",\"@id\":\"https:\\\/\\\/povnomad.com\\\/pt-br\\\/#organization\",\"name\":\"POVNOMAD - Your Travel Companion\",\"url\":\"https:\\\/\\\/povnomad.com\\\/pt-br\\\/\",\"logo\":{\"@type\":\"ImageObject\",\"inLanguage\":\"pt-BR\",\"@id\":\"https:\\\/\\\/povnomad.com\\\/pt-br\\\/#\\\/schema\\\/logo\\\/image\\\/\",\"url\":\"https:\\\/\\\/povnomad.com\\\/wp-content\\\/uploads\\\/2026\\\/03\\\/cropped-POVNOMAD-LOGO-HQ-ohne-BG-mobile-webp.webp\",\"contentUrl\":\"https:\\\/\\\/povnomad.com\\\/wp-content\\\/uploads\\\/2026\\\/03\\\/cropped-POVNOMAD-LOGO-HQ-ohne-BG-mobile-webp.webp\",\"width\":1291,\"height\":322,\"caption\":\"POVNOMAD - Your Travel Companion\"},\"image\":{\"@id\":\"https:\\\/\\\/povnomad.com\\\/pt-br\\\/#\\\/schema\\\/logo\\\/image\\\/\"},\"sameAs\":[\"https:\\\/\\\/www.instagram.com\\\/povnomad_\",\"https:\\\/\\\/tiktok.com\\\/@povnomad_\",\"https:\\\/\\\/de.trustpilot.com\\\/review\\\/povnomad.com\",\"https:\\\/\\\/www.ebay.de\\\/usr\\\/povnomad\",\"https:\\\/\\\/play.google.com\\\/store\\\/apps\\\/details?id=com.povnomad.app\",\"https:\\\/\\\/apps.apple.com\\\/app\\\/id6798531168\",\"https:\\\/\\\/www.youtube.com\\\/@POVNOMAD_Travel\"],\"description\":\"A POVNOMAD \u00e9 uma fornecedora alem\u00e3 de eSIM de viagem com sede em Saarbr\u00fccken, na Alemanha. Oferecemos eSIMs de dados pr\u00e9-pagos para mais de 190 pa\u00edses: ativa\u00e7\u00e3o em minutos por QR code, sem contrato e sem trocar de SIM, com suporte da Alemanha e garantia de satisfa\u00e7\u00e3o de 30 dias. Dispon\u00edvel em povnomad.com, no eBay e no app POVNOMAD.\",\"slogan\":\"Your Travel Companion\",\"email\":\"service@povnomad.com\",\"vatID\":\"DE439892198\",\"address\":{\"@type\":\"PostalAddress\",\"addressLocality\":\"Saarbr\u00fccken\",\"addressCountry\":\"DE\"},\"contactPoint\":{\"@type\":\"ContactPoint\",\"contactType\":\"customer service\",\"email\":\"service@povnomad.com\",\"url\":\"https:\\\/\\\/wa.me\\\/491605741177\",\"availableLanguage\":[\"German\",\"English\",\"Spanish\",\"French\",\"Turkish\",\"Russian\",\"Portuguese\"]},\"founder\":{\"@type\":\"Person\",\"name\":\"Daniel Fraidych\",\"jobTitle\":\"Founder\",\"url\":\"https:\\\/\\\/povnomad.com\\\/pt-br\\\/author\\\/daniel\\\/\"},\"areaServed\":\"Worldwide\",\"knowsAbout\":[\"eSIM\",\"Travel SIM\",\"Roaming\",\"Mobile data for travelers\"],\"foundingDate\":\"2025\"}]}<\/script>\n<!-- \/ Yoast SEO plugin. -->","yoast_head_json":{"title":"Pol\u00edtica de Privacidade - POVNOMAD - Your Travel Companion","robots":{"index":"index","follow":"follow","max-snippet":"max-snippet:-1","max-image-preview":"max-image-preview:large","max-video-preview":"max-video-preview:-1"},"canonical":"https:\/\/povnomad.com\/pt-br\/politica-de-privacidade\/","og_locale":"pt_BR","og_type":"article","og_title":"Pol\u00edtica de Privacidade - POVNOMAD - Your Travel Companion","og_description":"1. Prote\u00e7\u00e3o de dados em resumo Informa\u00e7\u00f5es gerais As informa\u00e7\u00f5es a seguir oferecem uma vis\u00e3o geral simples do que acontece com os seus dados pessoais quando voc\u00ea visita este site. Dados pessoais s\u00e3o todos os dados que permitem identific\u00e1-lo pessoalmente. Informa\u00e7\u00f5es detalhadas sobre o tema da prote\u00e7\u00e3o de dados podem ser consultadas na nossa Pol\u00edtica de Privacidade apresentada abaixo deste texto. Coleta de dados neste site Quem \u00e9 o respons\u00e1vel pela coleta de dados neste site? O tratamento de dados neste site \u00e9 realizado pelo operador do site. Voc\u00ea pode consultar os dados de contato dele na se\u00e7\u00e3o \u201cInforma\u00e7\u00e3o sobre o respons\u00e1vel pelo tratamento\u201d desta Pol\u00edtica de Privacidade. Como coletamos os seus dados? Os seus dados s\u00e3o coletados, por um lado, porque voc\u00ea nos os comunica. Podem ser, por exemplo, dados que voc\u00ea insere em um formul\u00e1rio de contato. Outros dados s\u00e3o registrados automaticamente ou mediante o seu consentimento, quando voc\u00ea visita o site, pelos nossos sistemas de TI. Trata-se sobretudo de dados t\u00e9cnicos (por exemplo, navegador de internet, sistema operacional ou hor\u00e1rio de acesso \u00e0 p\u00e1gina). A coleta desses dados ocorre automaticamente assim que voc\u00ea acessa este site. Para que utilizamos os seus dados? Uma parte dos dados \u00e9 coletada para assegurar a disponibiliza\u00e7\u00e3o correta do site. Outros dados podem ser utilizados para a an\u00e1lise do seu comportamento de utiliza\u00e7\u00e3o. Caso possam ser celebrados ou iniciados contratos por meio do site, os dados transmitidos s\u00e3o tamb\u00e9m tratados para propostas contratuais, pedidos ou outras solicita\u00e7\u00f5es. Que direitos voc\u00ea tem em rela\u00e7\u00e3o aos seus dados? Voc\u00ea tem, a qualquer momento, o direito de obter gratuitamente informa\u00e7\u00e3o sobre a origem, os destinat\u00e1rios e a finalidade dos seus dados pessoais armazenados. Voc\u00ea tem, al\u00e9m disso, o direito de exigir a retifica\u00e7\u00e3o ou a exclus\u00e3o desses dados. Se voc\u00ea tiver dado o seu consentimento para o tratamento de dados, poder\u00e1 revog\u00e1-lo a qualquer momento com efeitos para o futuro. Voc\u00ea tem ainda o direito de, em determinadas circunst\u00e2ncias, exigir a limita\u00e7\u00e3o do tratamento dos seus dados pessoais. Al\u00e9m disso, assiste-lhe o direito de apresentar reclama\u00e7\u00e3o junto \u00e0 autoridade de controle competente. Para esse fim, bem como para outras quest\u00f5es relativas \u00e0 prote\u00e7\u00e3o de dados, voc\u00ea pode entrar em contato conosco a qualquer momento. Ferramentas de an\u00e1lise e ferramentas de terceiros Durante a visita a este site, o seu comportamento de navega\u00e7\u00e3o pode ser avaliado estatisticamente. Isso ocorre sobretudo por meio dos chamados programas de an\u00e1lise. Informa\u00e7\u00f5es detalhadas sobre esses programas de an\u00e1lise encontram-se na Pol\u00edtica de Privacidade a seguir. 2. Hospedagem Hospedamos os conte\u00fados do nosso site junto ao seguinte prestador: Hospedagem externa Este site \u00e9 hospedado externamente. Os dados pessoais registrados neste site s\u00e3o armazenados nos servidores do prestador de hospedagem. Podem estar em causa, sobretudo, endere\u00e7os IP, pedidos de contato, dados de metadados e de comunica\u00e7\u00e3o, dados contratuais, dados de contato, nomes, acessos ao site e outros dados gerados por meio de um site. A hospedagem externa \u00e9 realizada para efeitos de execu\u00e7\u00e3o do contrato perante os nossos clientes potenciais e existentes (art. 6.\u00ba, n.\u00ba 1, al. b) do RGPD) e no interesse de uma disponibiliza\u00e7\u00e3o segura, r\u00e1pida e eficiente da nossa oferta online por um prestador profissional (art. 6.\u00ba, n.\u00ba 1, al. f) do RGPD). Caso tenha sido solicitado o consentimento correspondente, o tratamento ocorre exclusivamente com base no art. 6.\u00ba, n.\u00ba 1, al. a) do RGPD e no \u00a7 25, n.\u00ba 1, da TDDDG, na medida em que o consentimento abranja o armazenamento de cookies ou o acesso a informa\u00e7\u00f5es no dispositivo do usu\u00e1rio (por exemplo, device fingerprinting) na acep\u00e7\u00e3o da TDDDG. O consentimento pode ser revogado a qualquer momento. O nosso ou os nossos prestadores de hospedagem tratar\u00e3o os seus dados apenas na medida necess\u00e1ria ao cumprimento das suas obriga\u00e7\u00f5es de presta\u00e7\u00e3o e seguir\u00e3o as nossas instru\u00e7\u00f5es relativamente a esses dados. Utilizamos o(s) seguinte(s) prestador(es) de hospedagem: HOSTINGER operations, UAB \u0160vitrigailos str. 34, Vilnius 03230 Lithuania Subcontrata\u00e7\u00e3o Celebramos um contrato de subcontrata\u00e7\u00e3o (AVV) para a utiliza\u00e7\u00e3o do servi\u00e7o acima mencionado. Trata-se de um contrato exigido pela legisla\u00e7\u00e3o de prote\u00e7\u00e3o de dados, que assegura que o subcontratante trate os dados pessoais dos visitantes do nosso site apenas segundo as nossas instru\u00e7\u00f5es e em conformidade com o RGPD. 3. Informa\u00e7\u00f5es gerais e informa\u00e7\u00f5es obrigat\u00f3rias Prote\u00e7\u00e3o de dados Os operadores destas p\u00e1ginas levam muito a s\u00e9rio a prote\u00e7\u00e3o dos seus dados pessoais. Tratamos os seus dados pessoais de forma confidencial e em conformidade com as disposi\u00e7\u00f5es legais de prote\u00e7\u00e3o de dados, bem como com esta Pol\u00edtica de Privacidade. Quando voc\u00ea utiliza este site, s\u00e3o coletados diversos dados pessoais. Dados pessoais s\u00e3o dados que permitem identific\u00e1-lo pessoalmente. A presente Pol\u00edtica de Privacidade explica quais dados coletamos e para que os utilizamos. Explica tamb\u00e9m como e com que finalidade isso ocorre. Chamamos a aten\u00e7\u00e3o para o fato de que a transmiss\u00e3o de dados pela internet (por exemplo, na comunica\u00e7\u00e3o por e-mail) pode apresentar falhas de seguran\u00e7a. N\u00e3o \u00e9 poss\u00edvel uma prote\u00e7\u00e3o integral dos dados contra o acesso por terceiros. Informa\u00e7\u00e3o sobre o respons\u00e1vel pelo tratamento O respons\u00e1vel pelo tratamento dos dados neste site \u00e9: Daniel Fraidych Rudolf-Wilhelm-Str. 76 66131 Saarbr\u00fccken Telefone: +49160 5741177 E-mail: service@povnomad.com Respons\u00e1vel pelo tratamento \u00e9 a pessoa f\u00edsica ou jur\u00eddica que, isoladamente ou em conjunto com outras, decide sobre as finalidades e os meios do tratamento de dados pessoais (por exemplo, nomes, endere\u00e7os de e-mail ou semelhantes). Prazo de conserva\u00e7\u00e3o Salvo se, no \u00e2mbito desta Pol\u00edtica de Privacidade, tiver sido indicado um prazo de conserva\u00e7\u00e3o mais espec\u00edfico, os seus dados pessoais permanecem conosco at\u00e9 que deixe de existir a finalidade do tratamento. Se voc\u00ea exercer um pedido leg\u00edtimo de exclus\u00e3o ou revogar um consentimento para o tratamento de dados, os seus dados ser\u00e3o exclu\u00eddos, a menos que existam outros fundamentos legalmente admiss\u00edveis para a conserva\u00e7\u00e3o dos seus dados pessoais (por exemplo, prazos de conserva\u00e7\u00e3o fiscais ou comerciais); neste \u00faltimo caso, a exclus\u00e3o ocorre ap\u00f3s a cessa\u00e7\u00e3o desses fundamentos. Informa\u00e7\u00f5es gerais sobre os fundamentos jur\u00eddicos do tratamento de dados neste site Caso voc\u00ea tenha consentido no tratamento de dados, tratamos","og_url":"https:\/\/povnomad.com\/pt-br\/politica-de-privacidade\/","og_site_name":"POVNOMAD - Your Travel Companion","twitter_card":"summary_large_image","twitter_misc":{"Est. tempo de leitura":"38 minutos"},"schema":{"@context":"https:\/\/schema.org","@graph":[{"@type":"WebPage","@id":"https:\/\/povnomad.com\/pt-br\/politica-de-privacidade\/","url":"https:\/\/povnomad.com\/pt-br\/politica-de-privacidade\/","name":"Pol\u00edtica de Privacidade - POVNOMAD - Your Travel Companion","isPartOf":{"@id":"https:\/\/povnomad.com\/pt-br\/#website"},"datePublished":"2026-08-07T15:59:22+00:00","breadcrumb":{"@id":"https:\/\/povnomad.com\/pt-br\/politica-de-privacidade\/#breadcrumb"},"inLanguage":"pt-BR","potentialAction":[{"@type":"ReadAction","target":["https:\/\/povnomad.com\/pt-br\/politica-de-privacidade\/"]}]},{"@type":"BreadcrumbList","@id":"https:\/\/povnomad.com\/pt-br\/politica-de-privacidade\/#breadcrumb","itemListElement":[{"@type":"ListItem","position":1,"name":"Startseite","item":"https:\/\/povnomad.com\/pt-br\/"},{"@type":"ListItem","position":2,"name":"Pol\u00edtica de Privacidade"}]},{"@type":"WebSite","@id":"https:\/\/povnomad.com\/pt-br\/#website","url":"https:\/\/povnomad.com\/pt-br\/","name":"POVNOMAD - Your Travel Companion","description":"eSIMs with \u2764\ufe0f  in Germany \ud83c\udde9\ud83c\uddea","publisher":{"@id":"https:\/\/povnomad.com\/pt-br\/#organization"},"potentialAction":[{"@type":"SearchAction","target":{"@type":"EntryPoint","urlTemplate":"https:\/\/povnomad.com\/pt-br\/?s={search_term_string}"},"query-input":{"@type":"PropertyValueSpecification","valueRequired":true,"valueName":"search_term_string"}}],"inLanguage":"pt-BR"},{"@type":"Organization","@id":"https:\/\/povnomad.com\/pt-br\/#organization","name":"POVNOMAD - Your Travel Companion","url":"https:\/\/povnomad.com\/pt-br\/","logo":{"@type":"ImageObject","inLanguage":"pt-BR","@id":"https:\/\/povnomad.com\/pt-br\/#\/schema\/logo\/image\/","url":"https:\/\/povnomad.com\/wp-content\/uploads\/2026\/03\/cropped-POVNOMAD-LOGO-HQ-ohne-BG-mobile-webp.webp","contentUrl":"https:\/\/povnomad.com\/wp-content\/uploads\/2026\/03\/cropped-POVNOMAD-LOGO-HQ-ohne-BG-mobile-webp.webp","width":1291,"height":322,"caption":"POVNOMAD - Your Travel Companion"},"image":{"@id":"https:\/\/povnomad.com\/pt-br\/#\/schema\/logo\/image\/"},"sameAs":["https:\/\/www.instagram.com\/povnomad_","https:\/\/tiktok.com\/@povnomad_","https:\/\/de.trustpilot.com\/review\/povnomad.com","https:\/\/www.ebay.de\/usr\/povnomad","https:\/\/play.google.com\/store\/apps\/details?id=com.povnomad.app","https:\/\/apps.apple.com\/app\/id6798531168","https:\/\/www.youtube.com\/@POVNOMAD_Travel"],"description":"A POVNOMAD \u00e9 uma fornecedora alem\u00e3 de eSIM de viagem com sede em Saarbr\u00fccken, na Alemanha. Oferecemos eSIMs de dados pr\u00e9-pagos para mais de 190 pa\u00edses: ativa\u00e7\u00e3o em minutos por QR code, sem contrato e sem trocar de SIM, com suporte da Alemanha e garantia de satisfa\u00e7\u00e3o de 30 dias. Dispon\u00edvel em povnomad.com, no eBay e no app POVNOMAD.","slogan":"Your Travel Companion","email":"service@povnomad.com","vatID":"DE439892198","address":{"@type":"PostalAddress","addressLocality":"Saarbr\u00fccken","addressCountry":"DE"},"contactPoint":{"@type":"ContactPoint","contactType":"customer service","email":"service@povnomad.com","url":"https:\/\/wa.me\/491605741177","availableLanguage":["German","English","Spanish","French","Turkish","Russian","Portuguese"]},"founder":{"@type":"Person","name":"Daniel Fraidych","jobTitle":"Founder","url":"https:\/\/povnomad.com\/pt-br\/author\/daniel\/"},"areaServed":"Worldwide","knowsAbout":["eSIM","Travel SIM","Roaming","Mobile data for travelers"],"foundingDate":"2025"}]}},"uagb_featured_image_src":{"full":false,"thumbnail":false,"medium":false,"medium_large":false,"large":false,"1536x1536":false,"2048x2048":false,"woocommerce_thumbnail":false,"woocommerce_single":false,"woocommerce_gallery_thumbnail":false,"variation_swatches_image_size":false,"variation_swatches_tooltip_size":false,"dgwt-wcas-product-suggestion":false},"uagb_author_info":{"display_name":"Daniel","author_link":"https:\/\/povnomad.com\/pt-br\/author\/daniel\/"},"uagb_comment_info":0,"uagb_excerpt":"1. Prote\u00e7\u00e3o de dados em resumo Informa\u00e7\u00f5es gerais As informa\u00e7\u00f5es a seguir oferecem uma vis\u00e3o geral simples do que acontece com os seus dados pessoais quando voc\u00ea visita este site. Dados pessoais s\u00e3o todos os dados que permitem identific\u00e1-lo pessoalmente. Informa\u00e7\u00f5es detalhadas sobre o tema da prote\u00e7\u00e3o de dados podem ser consultadas na nossa Pol\u00edtica&hellip;","_links":{"self":[{"href":"https:\/\/povnomad.com\/pt-br\/wp-json\/wp\/v2\/pages\/31353","targetHints":{"allow":["GET"]}}],"collection":[{"href":"https:\/\/povnomad.com\/pt-br\/wp-json\/wp\/v2\/pages"}],"about":[{"href":"https:\/\/povnomad.com\/pt-br\/wp-json\/wp\/v2\/types\/page"}],"author":[{"embeddable":true,"href":"https:\/\/povnomad.com\/pt-br\/wp-json\/wp\/v2\/users\/2"}],"replies":[{"embeddable":true,"href":"https:\/\/povnomad.com\/pt-br\/wp-json\/wp\/v2\/comments?post=31353"}],"version-history":[{"count":0,"href":"https:\/\/povnomad.com\/pt-br\/wp-json\/wp\/v2\/pages\/31353\/revisions"}],"wp:attachment":[{"href":"https:\/\/povnomad.com\/pt-br\/wp-json\/wp\/v2\/media?parent=31353"}],"curies":[{"name":"wp","href":"https:\/\/api.w.org\/{rel}","templated":true}]}}